{"id":1416,"date":"2019-03-28T00:42:02","date_gmt":"2019-03-27T22:42:02","guid":{"rendered":"http:\/\/overboyaohushua.com\/?page_id=1416"},"modified":"2019-03-30T23:41:55","modified_gmt":"2019-03-30T21:41:55","slug":"model-65-14","status":"publish","type":"page","link":"https:\/\/overboyaohushua.com\/index.php\/model-65-14\/","title":{"rendered":"o Anti Cristo!"},"content":{"rendered":"\r\n<div class=\"wp-block-image\">\r\n<figure class=\"aligncenter\"><img decoding=\"async\" src=\"http:\/\/wp.cyocaminho.org\/wp-content\/uploads\/2019\/02\/CYCLog-1024x83.png\" alt=\"\" class=\"wp-image-25\" \/>\r\n<figcaption><a href=\"https:\/\/www.cyocaminho.org\">www.cyocaminho.org<\/a><\/figcaption>\r\n<\/figure>\r\n<\/div>\r\n\r\n<p style=\"text-align: center;\"><em><span style=\"color: #808080;\"><b><span style=\"font-family: Verdana; font-size: xx-large;\">Desmascarando o Anticristo!<\/span><\/b><\/span><\/em><\/p>\r\n<blockquote>\r\n<p><span style=\"font-size: 16px;\">V\u00e1rios irm\u00e3os tem solicitado artigos sobre as Profecias do Tempo do Fim. PRECIS\u00c1VAMOS antes checar cada uma das diversas interpreta\u00e7\u00f5es atuais sobre elas para entender e encontrar onde cada interpreta\u00e7\u00e3o teve in\u00edcio e assim identificar o que era ensinado NO PRINC\u00cdPIO, pelos seguidores do Messias antes do mundo ser assolado pelo engano \u201creligioso\u201d greco-romano.<\/span><\/p>\r\n<\/blockquote>\r\n<p style=\"text-align: center;\"><img decoding=\"async\" src=\"https:\/\/www.cyocaminho.org\/lev09.jpg\" class=\"alignnone\" \/>\u00a0<em>Edi\u00e7\u00e3o de oCaminho<\/em><\/p>\r\n<p style=\"font-weight: 400;\"><span style=\"font-family: verdana, geneva, sans-serif; font-size: 16px;\">Pois bem, car\u00edssimo&#8230; finalmente posso discorrer sobre\u00a0<strong>as profecias do fim<\/strong>\u00a0sem medo de estar apenas SOMANDO \u00e0 lista dos diversos enganos e confus\u00f5es por a\u00ed. E, mesmo parecendo pretens\u00e3o de minha parte afirmar isso, quero dizer que estou em paz, sabendo que a minha inten\u00e7\u00e3o ser\u00e1 apenas NARRAR os fatos hist\u00f3ricos, confirmados com as Escrituras. Voc\u00ea vai ler e tirar suas pr\u00f3prias conclus\u00f5es [se tiver de contestar, fa\u00e7a-o mediante as Escrituras e entre em contato com este site]. \u00c9 por isso que eu levo anos mergulhada no mesmo assunto para depois exp\u00f4-lo, sem me precipitar, nunca abra\u00e7ando a primeira interpreta\u00e7\u00e3o de algum &#8220;estudioso&#8221; ou mesmo a minha, mas fico &#8220;ruminando&#8221; a quest\u00e3o por meses ou at\u00e9 anos at\u00e9 digeri-la. Fa\u00e7o isso para poder ENSINAR com o cora\u00e7\u00e3o firmado na DIRE\u00c7\u00c3O do Alt\u00edssimo e n\u00e3o em &#8220;meus achismos&#8221;.<\/span><\/p>\r\n<p style=\"font-weight: 400;\"><span style=\"font-family: verdana, geneva, sans-serif; font-size: 16px;\">Eu ou\u00e7o muitas pessoas comentarem o seguinte: \u201c<em>pouco me importa as coisas que a B\u00edblia fala sobre o tempo do fim, o mais importante \u00e9 que estou salvo<\/em>\u201d\u2026 J\u00e1 ouvi tamb\u00e9m: \u201c<em>l\u00e1 vem voc\u00ea me dizer que estamos no tempo do fim\u2026 eu ou\u00e7o isso desde as fraldas e o tal fim n\u00e3o chega<\/em>\u201d. Nada muito diferente do que o ap\u00f3stolo Kafos disse:<\/span><\/p>\r\n<p style=\"font-weight: 400;\"><span style=\"font-family: verdana, geneva, sans-serif; font-size: 16px;\"><em>\u201cSabendo primeiro isto, que nos \u00faltimos dias vir\u00e3o escarnecedores andando segundo as suas pr\u00f3prias concupisc\u00eancias, e dizendo: Onde est\u00e1 a promessa de sua vinda? Porque desde que os pais dormiram, todas as coisas permanecem como desde o princ\u00edpio da cria\u00e7\u00e3o.\u201d\u00a0<\/em>(II Pe 3:3-4).<\/span><\/p>\r\n<p style=\"font-weight: 400;\"><span style=\"font-family: verdana, geneva, sans-serif; font-size: 16px;\">A B\u00edblia \u00e9 um livro prof\u00e9tico, de G\u00eanesis\/Bereshiyt a Apocalipse\/Kanodgaluth (Revela\u00e7\u00e3o\/Gilyahna). Era como se, cada escritor b\u00edblico, de cada livro e carta, escrevesse como uma pessoa que estivesse olhando para o futuro. E, se lermos a B\u00edblia como um livro hist\u00f3rico, o entendimento do supremo prop\u00f3sito do CRIADOR \u00e9 perdido completamente. Todo o plano do CRIADOR descrito em detalhes, na B\u00edblia, fica com a mensagem deturpada, se nossos olhos n\u00e3o captarem as profecias e o cumprimento da mesma ao longo da hist\u00f3ria com o grande desfecho predito em detalhes. Estudar a B\u00edblia sem o olhar prof\u00e9tico, ou seja, um olhar voltado para o maravilhoso desfecho do CRIADOR ser\u00e1 apenas um estudo de aspectos da hist\u00f3ria e nada mais.<\/span><\/p>\r\n<p style=\"font-weight: 400;\"><span style=\"font-family: verdana, geneva, sans-serif; font-size: 16px;\">As diversas e impressionantes profecias b\u00edblicas precisam ser analisadas a tempo e fora de tempo. As que j\u00e1 se cumpriram s\u00e3o far\u00f3is para iluminar as que ainda est\u00e3o por se cumprir. A finalidade das profecias do Antigo Testamento (erroneamente chamada de primeira alian\u00e7a; se o ETERNO n\u00e3o erra, ent\u00e3o n\u00e3o h\u00e1\/houve motivos para substitu\u00ed-la) era preparar os judeus e, atrav\u00e9s deles, toda a humanidade (enxertada na \u00c1rvore) para a chegada do Salvador do mundo&#8230; para que, no tempo de Sua vinda, Ele pudesse ser reconhecido e acreditado por todos. E tamb\u00e9m para nos sinalizar todos os acontecimentos referentes \u00e0 a\u00e7\u00e3o de ha&#8217;satan no planeta e quando se daria o RETORNO do nosso amado Salvador para dar fim ao seu reino sat\u00e2nico (cf. Mt 4:8 este mundo \u00e0 ele pertence desde a queda no \u00c9den). Ent\u00e3o vamos come\u00e7ar&#8230;<\/span><\/p>\r\n<p style=\"font-weight: 400;\"><\/p>\r\n<p style=\"font-weight: 400;\"><span style=\"font-family: verdana, geneva, sans-serif; font-size: 16px;\"><strong>Profecia de Dayan&#8217;ul 7<\/strong><\/span><\/p>\r\n<p style=\"font-weight: 400;\"><span style=\"font-family: verdana, geneva, sans-serif; font-size: 16px;\"><img decoding=\"async\" src=\"https:\/\/www.cyocaminho.org\/lev10.jpg\" class=\"alignleft\" \/>O livro de Dayan&#8217;ul funciona como uma refer\u00eancia para o Livro de Apocalipse. A profecia que trataremos neste artigo atua como uma CHAVE para interpreta\u00e7\u00e3o do livro de Apocalipse.<\/span><\/p>\r\n<p style=\"font-weight: 400;\"><span style=\"font-family: verdana, geneva, sans-serif; font-size: 16px;\">Nos cap\u00edtulos 2, 7 e 8 de Dayan&#8217;ul \u00e9 utilizado o que chamamos de Paralelismo Hebreu, onde algo \u00e9 explicado de uma maneira e depois \u00e9 repetido de outra. Os tr\u00eas cap\u00edtulos trata-se da mesma profecia, falando sobre os mesmos reinos que se levantariam, s\u00f3 que em cada cap\u00edtulo a vis\u00e3o \u00e9 diferente. Apocalipse tamb\u00e9m utiliza esta forma [quiasma] de apresentar as profecias. E por muitos n\u00e3o entenderem isso \u00e9 que muitas interpreta\u00e7\u00f5es longe do verdadeiro significado s\u00e3o apresentadas por a\u00ed.<\/span><\/p>\r\n<p style=\"font-weight: 400;\"><span style=\"font-family: verdana, geneva, sans-serif; font-size: 16px;\"><strong>Nota de o Caminho:<\/strong>\u00a0Costuma-se explicar que no cap. 2 escreveu-se para os hebraicos cativos; no cap. 7 para toda a humanidade e no cap. 8, para os hebraicos em geral. No cap. 7 temos animais imundos, enquanto que no cap. 8 apenas animais limpos&#8230;<\/span><\/p>\r\n<p style=\"font-weight: 400;\"><span style=\"font-family: verdana, geneva, sans-serif; font-size: 16px;\">Segue abaixo um breve dicion\u00e1rio dos termos prof\u00e9ticos conhecido entre os &#8220;estudiosos&#8221;, para facilitar o seu entendimento:<\/span><\/p>\r\n<p style=\"font-weight: 400;\"><\/p>\r\n<p style=\"font-weight: 400;\"><span style=\"font-family: verdana, geneva, sans-serif; font-size: 16px;\"><strong>DICION\u00c1RIO DE TERMOS PROF\u00c9TICOS<\/strong><\/span><\/p>\r\n<ul style=\"font-weight: 400;\">\r\n<li><span style=\"font-family: verdana, geneva, sans-serif; font-size: 16px;\">Linho branco = Justi\u00e7a (Ap 19:8).<\/span><\/li>\r\n<li><span style=\"font-family: verdana, geneva, sans-serif; font-size: 16px;\">Trombeta, ventos = Guerra (Jr 51:1).<\/span><\/li>\r\n<li><span style=\"font-family: verdana, geneva, sans-serif; font-size: 16px;\">Prostitui\u00e7\u00e3o = Idolatria (Lv 17:7, Tg 4.4, Os 2:1, Is 50:1, Jr 3:8, Ez 16:28).<\/span><\/li>\r\n<li><span style=\"font-family: verdana, geneva, sans-serif; font-size: 16px;\">\u00c1gua, mar = Na\u00e7\u00f5es, povos, multid\u00f5es, l\u00ednguas (Ap 17:15).<\/span><\/li>\r\n<li><span style=\"font-family: verdana, geneva, sans-serif; font-size: 16px;\">Mulher = Igreja (Ef 5:22-24, II Co 11:2, Is 54:5-6, Os 2:19-20, Jo 3:29);.<\/span><\/li>\r\n<li><span style=\"font-family: verdana, geneva, sans-serif; font-size: 16px;\">Si\u00e3o = Povo do CRIADOR (Is 51:16).<\/span><\/li>\r\n<li><span style=\"font-family: verdana, geneva, sans-serif; font-size: 16px;\">Besta, animal = Rei, Reino (Dn 7:17, 7:23).<\/span><\/li>\r\n<li><span style=\"font-family: verdana, geneva, sans-serif; font-size: 16px;\">Chifre = Poder, Governo, Rei, Reino (Dn 8:21).<\/span><\/li>\r\n<li><span style=\"font-family: verdana, geneva, sans-serif; font-size: 16px;\">Rocha = Yaohu&#8217;shua hol&#8217;Mehushkyah (I Co 10:4, 3.10-14, Gn 49:24, Ex 32:4, II Sl 22:47, Is 28:16).<\/span><\/li>\r\n<\/ul>\r\n<p style=\"font-weight: 400;\"><span style=\"font-family: verdana, geneva, sans-serif; font-size: 16px;\"><strong>Nota de oCaminho:<\/strong>\u00a0Observe que toda esta simbologia (s\u00edmbolos de uma realidade) \u00e9 extra\u00edda\/usada\/comprovada no chamado Velho Testamento&#8230;<\/span><\/p>\r\n<p style=\"font-weight: 400;\"><span style=\"font-family: verdana, geneva, sans-serif; font-size: 16px;\">Vamos come\u00e7ar analisando a vis\u00e3o no cap\u00edtulo 7 do seu livro. \u00c9 uma das vis\u00f5es mais espetaculares das Escrituras. Ela ocorre quase no final do per\u00edodo babil\u00f4nico.<\/span><\/p>\r\n<p style=\"font-weight: 400;\"><span style=\"font-family: verdana, geneva, sans-serif; font-size: 16px;\"><em>\u201cNo primeiro ano de Belsazar, rei de babil\u00f4nia, teve Dayan&#8217;ul um sonho e vis\u00f5es da sua cabe\u00e7a quando estava na sua cama; escreveu logo o sonho, e relatou a suma das coisas\u201d.\u00a0<\/em>(Dn 7:1).<\/span><\/p>\r\n<p style=\"font-weight: 400;\"><span style=\"font-family: verdana, geneva, sans-serif; font-size: 16px;\"><em>\u201cFalou Dayan&#8217;ul, e disse: Eu estava olhando na minha vis\u00e3o da noite, e eis que os quatro ventos do c\u00e9u agitavam o mar grande. E quatro animais grandes, diferentes uns dos outros, subiam do mar\u201d.<\/em>\u00a0(Dn 7.2,3).<\/span><\/p>\r\n<p style=\"font-weight: 400;\"><span style=\"font-family: verdana, geneva, sans-serif; font-size: 16px;\">O que s\u00e3o VENTOS em nosso dicion\u00e1rio? Guerras! E mar significa na\u00e7\u00f5es, povos&#8230; Ent\u00e3o havia uma guerra entre as na\u00e7\u00f5es. E quatro animais grandes, ou seja, reinos diferentes um dos outros subiram do\u00a0<em>mar<\/em>. Para ficar bem claro at\u00e9 aqui, vamos ler os textos que referem-se a simbologia \u00c1GUAS, VENTOS e BESTA:<\/span><\/p>\r\n<p style=\"font-weight: 400;\"><span style=\"font-family: verdana, geneva, sans-serif; font-size: 16px;\">\u00c1GUAS \/ MAR \u2013\u00a0<em>\u201cE disse-me: As \u00e1guas que viste, onde se assenta a prostituta,\u00a0<strong>s\u00e3o povos<\/strong>, e multid\u00f5es, e na\u00e7\u00f5es, e l\u00ednguas\u201d.\u00a0<\/em>(Ap 17:15).<\/span><\/p>\r\n<p style=\"font-weight: 400;\"><span style=\"font-family: verdana, geneva, sans-serif; font-size: 16px;\">VENTOS \u2013\u00a0<em>\u201cAssim diz o CRIADOR: Eis que levantarei um vento destruidor contra Babil\u00f4nia, e contra os que habitam no meio dos que tem\u00a0<strong>contenda\u00a0<\/strong>contra mim.\u201d\u00a0<\/em>(Jr 51:1).<\/span><\/p>\r\n<p style=\"font-weight: 400;\"><span style=\"font-family: verdana, geneva, sans-serif; font-size: 16px;\">ANIMAIS \u2013\u00a0<em>\u201cEstes grandes animais, que s\u00e3o quatro, s\u00e3o quatro reis, que se levantar\u00e3o da terra\u201d.\u00a0<\/em>(Dn 7:17)<em>. \u201cO quarto animal ser\u00e1 o quarto reino na terra&#8230;\u201d\u00a0<\/em>(Dn 7.23).<em>\u00a0\u2013\u00a0<\/em>Fica bem claro ent\u00e3o que BESTAS\/ANIMAIS s\u00e3o 4 reinos que vir\u00e3o e s\u00e3o descritos como animais ou bestas. Portanto, essa \u00e9 a\u00a0<u>defini\u00e7\u00e3o b\u00edblica<\/u>\u00a0sobre esses s\u00edmbolos prof\u00e9ticos. Qualquer coisa al\u00e9m deste ensino \u00e9 engano; para confundir. N\u00e3o podemos interpretar esses s\u00edmbolos de NENHUMA outra maneira a n\u00e3o ser como a B\u00edblia diz.<\/span><\/p>\r\n<p style=\"font-weight: 400;\"><span style=\"font-family: verdana, geneva, sans-serif; font-size: 16px;\">Com isso agora bem claro, podemos olhar para os reinos e identific\u00e1-los na hist\u00f3ria, sem fazer confus\u00e3o com essa profecia.<\/span><\/p>\r\n<p>&nbsp;<\/p>\r\n<p style=\"font-weight: 400;\"><span style=\"font-family: verdana, geneva, sans-serif; font-size: 16px;\"><strong><img decoding=\"async\" src=\"https:\/\/www.cyocaminho.org\/lev11.jpg\" class=\"alignleft\" \/>1\u00ba ANIMAL (LE\u00c3O) \u2013 BABIL\u00d4NIA 606-539 a.Y.<\/strong><\/span><\/p>\r\n<p style=\"font-weight: 400;\"><span style=\"font-family: verdana, geneva, sans-serif; font-size: 16px;\">\u201c<em>O primeiro era como le\u00e3o, e tinha asas de \u00e1guia; enquanto eu olhava, foram-lhe arrancadas as asas, e foi levantado da terra, e posto em p\u00e9 como um homem, e foi-lhe dado um cora\u00e7\u00e3o de homem<\/em>\u201d. (Dn 7:4).<\/span><\/p>\r\n<p style=\"font-weight: 400;\"><span style=\"font-family: verdana, geneva, sans-serif; font-size: 16px;\">Um dos s\u00edmbolos da Babil\u00f4nia era um le\u00e3o com asas de \u00e1guia. Este era um reino que exaltava o lado humano acima do ETERNO; \u201cposto em p\u00e9 como homem\u201d. Veremos que nos eventos do fim, tamb\u00e9m culminam com este mesmo assunto. O homem era colocado onde o ETERNO deveria estar.<\/span><\/p>\r\n<p style=\"font-weight: 400;\"><span style=\"font-family: verdana, geneva, sans-serif; font-size: 16px;\">Veja a profecia de Jeremias\/Yarmi&#8217;yaohuh falando da destrui\u00e7\u00e3o de Jerusal\u00e9m \/Yaosh&#8217;ua-oleym pela Babil\u00f4nia:\u00a0<em>\u201cJ\u00e1 um le\u00e3o subiu da sua ramada, e um destruidor dos gentios; ele j\u00e1 partiu, e saiu do seu lugar para fazer da tua terra uma desola\u00e7\u00e3o, a fim de que as tuas cidades sejam destru\u00eddas, e ningu\u00e9m habite nelas\u201d.\u00a0<\/em><\/span><br \/><span style=\"font-family: verdana, geneva, sans-serif; font-size: 16px;\">(Jr 4:7).\u00a0\u2013 Este le\u00e3o a que se refere Jeremias\/Yarmi&#8217;yaohuh \u00e9 a Babil\u00f4nia sob o reinado de Nabucodonossor.<\/span><\/p>\r\n<p style=\"font-weight: 400;\"><\/p>\r\n<p style=\"font-weight: 400;\"><span style=\"font-family: verdana, geneva, sans-serif; font-size: 16px;\"><strong><img loading=\"lazy\" decoding=\"async\" src=\"https:\/\/www.cyocaminho.org\/lev12.jpg\" class=\"alignleft\" width=\"254\" height=\"189\" \/>2\u00ba ANIMAL (URSO) \u2013 MEDO P\u00c9RSIA 539-331 a.Y.<\/strong><\/span><\/p>\r\n<p style=\"font-weight: 400;\"><span style=\"font-family: verdana, geneva, sans-serif; font-size: 16px;\"><em>\u201cContinuei olhando, e eis aqui o segundo animal, semelhante a um urso, o qual se levantou de um lado, tendo na boca tr\u00eas costelas entre os seus dentes; e foi-lhe dito assim: Levanta-te, devora muita carne\u201d.\u00a0<\/em>(Dn 7:5).<\/span><\/p>\r\n<p style=\"font-weight: 400;\"><span style=\"font-family: verdana, geneva, sans-serif; font-size: 16px;\">Este animal fez guerra com o primeiro e o venceu! Ele tinha tr\u00eas costelas e um lado era mais alto que o outro. Os Medos e os Persas n\u00e3o eram iguais em poder, apesar de unidos. Tr\u00eas costelas em sua boca refere-se a tr\u00eas guerras principais relacionadas com as conquistas da Medo-P\u00e9rsia (L\u00edbia, Egito e Babil\u00f4nia).<\/span><\/p>\r\n<p style=\"font-weight: 400;\"><\/p>\r\n<p style=\"font-weight: 400;\"><span style=\"font-family: verdana, geneva, sans-serif; font-size: 16px;\"><strong><img loading=\"lazy\" decoding=\"async\" src=\"https:\/\/www.cyocaminho.org\/lev13.jpg\" class=\"alignleft\" width=\"253\" height=\"188\" \/>3\u00ba ANIMAL (LEOPARDO) \u2013 GR\u00c9CIA 331-168 a.Y.<\/strong><\/span><\/p>\r\n<p style=\"font-weight: 400;\"><span style=\"font-family: verdana, geneva, sans-serif; font-size: 16px;\"><em>\u201cDepois disto, eu continuei olhando, e eis aqui outro, semelhante a um leopardo, e tinha quatro asas de ave nas suas costas; tinha tamb\u00e9m este animal quatro cabe\u00e7as, e foi-lhe dado dom\u00ednio\u201d.\u00a0<\/em>(Dn 7:6).<\/span><\/p>\r\n<p style=\"font-weight: 400;\"><span style=\"font-family: verdana, geneva, sans-serif; font-size: 16px;\">O reino grego foi o terceiro a se levantar e aqui ele \u00e9 descrito como o leopardo. E h\u00e1 4 cabe\u00e7as associadas a este animal.<\/span><\/p>\r\n<p style=\"font-weight: 400;\"><span style=\"font-family: verdana, geneva, sans-serif; font-size: 16px;\">Quando a Gr\u00e9cia estava no seu auge, Alexandre, o Grande, morreu! E o reino foi ent\u00e3o dividido entre 4 de seus generais: Cassandro, Lis\u00edmaco, Ptolomeu e Seleuco.<\/span><\/p>\r\n<p style=\"font-weight: 400;\"><\/p>\r\n<p style=\"font-weight: 400;\"><span style=\"font-family: verdana, geneva, sans-serif; font-size: 16px;\"><strong><img decoding=\"async\" src=\"https:\/\/www.cyocaminho.org\/lev14.jpg\" class=\"alignleft\" \/>4\u00ba ANIMAL (BESTA) \u2013 ROMA 168 a.Y. \u2013 476 d.Y.<\/strong><\/span><\/p>\r\n<p style=\"font-weight: 400;\"><span style=\"font-family: verdana, geneva, sans-serif; font-size: 16px;\"><em>\u201cDepois disto eu continuei olhando nas vis\u00f5es da noite, e eis aqui o quarto animal, terr\u00edvel e espantoso, e muito forte, o qual tinha dentes grandes de ferro; ele devorava e fazia em peda\u00e7os, e pisava aos p\u00e9s o que sobejava; era diferente de todos os animais que apareceram antes dele, e tinha dez chifres\u201d.\u00a0<\/em>(Dn 7:7).<\/span><\/p>\r\n<p style=\"font-weight: 400;\"><span style=\"font-family: verdana, geneva, sans-serif; font-size: 16px;\">Aqui est\u00e1 um poderoso imp\u00e9rio, no n\u00edvel pol\u00edtico, o mais poderoso dos quatro. Era diferente de todos os outros animais que apareceram antes dele. E tinha dez chifres. Estes dez chifres seriam dez reinos.<\/span><\/p>\r\n<p style=\"font-weight: 400;\"><span style=\"font-family: verdana, geneva, sans-serif; font-size: 16px;\"><strong>Preste aten\u00e7\u00e3o neste detalhe:<\/strong>\u00a0Nesta profecia de Dayan&#8217;ul 7 vimos um total de 7 cabe\u00e7as. A Besta que encontraremos no livro de Apocalipse tem 7 cabe\u00e7as e tem todos os componentes dos animais mencionados em Dayan&#8217;ul.<\/span><\/p>\r\n<p style=\"font-weight: 400;\"><span style=\"font-family: verdana, geneva, sans-serif; font-size: 16px;\">Tamb\u00e9m temos uma sincronia perfeita entre Dn 2:31-44 (uma grande est\u00e1tua do sonho de Nabucodonossor) e Dn 7:3-28. Refere-se \u00e0 mesma profecia. Temos a mesma sequ\u00eancia nos dois cap\u00edtulos. O le\u00e3o se compara a cabe\u00e7a de ouro da est\u00e1tua; O urso se compara aos bra\u00e7os e peito de prata; O leopardo de 4 cabe\u00e7as representa o quadril de bronze e por \u00faltimo um animal terr\u00edvel \u00e9 descrito e representa as pernas e p\u00e9s de ferro; veja:<\/span><\/p>\r\n<p style=\"text-align: center;\"><img loading=\"lazy\" decoding=\"async\" src=\"https:\/\/www.cyocaminho.org\/lev14.gif\" width=\"608\" height=\"216\" class=\"alignnone\" alt=\"\" \/><\/p>\r\n<p style=\"font-weight: 400;\"><span style=\"font-family: verdana, geneva, sans-serif; font-size: 16px;\"><em>\u201cEnt\u00e3o tive desejo de conhecer a verdade a respeito do quarto animal, que era diferente de todos os outros, muito terr\u00edvel, cujos dentes eram de ferro e as suas unhas de bronze; que devorava, fazia em peda\u00e7os e pisava aos p\u00e9s o que sobrava;\u2026 Disse assim: O quarto animal ser\u00e1 o quarto reino\u00a0na terra, o qual ser\u00e1 diferente de todos os reinos; e devorar\u00e1 toda a terra, e a pisar\u00e1 aos p\u00e9s, e a far\u00e1 em peda\u00e7os\u201d.\u00a0<\/em>(Dn 7:19,23).<\/span><\/p>\r\n<p style=\"font-weight: 400;\"><span style=\"font-family: verdana, geneva, sans-serif; font-size: 16px;\">Havia um elemento de bronze neste quarto animal (unhas). O bronze da est\u00e1tua representa o imp\u00e9rio grego, cuja filosofia representou a base do imp\u00e9rio romano [de l\u00e1 veio a doutrina da trindade adotada pelos ditos &#8220;crist\u00e3os&#8221;]. E\u00a0 quando Roma, esta se dividiu nas duas pernas. Uma era o imp\u00e9rio Bizantino e a outra era o imp\u00e9rio do ocidente. E mais tarde, o imp\u00e9rio (como um todo) foi governado a partir de Constantinopla, onde a filosofia grega abundava. E quanto \u00e0s unhas, fala-se delas em outro parte da profecia.<\/span><\/p>\r\n<p style=\"font-weight: 400;\"><span style=\"font-family: verdana, geneva, sans-serif; font-size: 16px;\"><em>O quarto animal devorar\u00e1 TODA a terra..<\/em>. Roma, em sua forma original, tomou conta do mundo inteiro? Quase todo, se considerarmos o mundo daquela \u00e9poca. Mas este trecho est\u00e1 se referindo ao reino que se levantou da Roma dividida em dez. E este reino governa at\u00e9 quando? At\u00e9 que venha o Anci\u00e3o de Dias! Ou seja, esta profecia ainda hoje est\u00e1 de p\u00e9 e teve seu in\u00edcio a partir de 476 d.Y, quando o reino que se levantou dentre os 10 reinos assumiu o poder.<\/span><\/p>\r\n<p style=\"font-weight: 400;\"><\/p>\r\n<p style=\"font-weight: 400;\"><span style=\"font-family: verdana, geneva, sans-serif; font-size: 16px;\"><strong><img decoding=\"async\" src=\"https:\/\/www.cyocaminho.org\/lev15.jpg\" class=\"alignleft\" \/>O CHIFRE PEQUENO<\/strong><\/span><\/p>\r\n<p style=\"font-weight: 400;\"><span style=\"font-family: verdana, geneva, sans-serif; font-size: 16px;\"><em>\u201cEstando eu a considerar os chifres, eis que, entre eles subiu outro chifre pequeno&#8230;\u201d\u00a0<\/em>(Dn 7:8).<\/span><\/p>\r\n<p style=\"font-weight: 400;\"><span style=\"font-family: verdana, geneva, sans-serif; font-size: 16px;\">Dayan&#8217;ul estava olhando a linha de tempo para ver quando Roma seria dividida em dez componentes. Enquanto estava olhando para estes dez reinos que se levantam do imp\u00e9rio romano, eis que, entre eles subiu um outro chifre, pequeno. De onde ele sobe??? Dentre os dez!! Fique atento a este fato, pois este chifre pequeno \u00e9 o ANTICRISTO que desmascararemos neste estudo. O\u00a0<em>chifre pequeno<\/em>\u00a0se levanta dentre os dez reinos. Portanto, que tipo de\u00a0poder era este? Este era um poder europeu! Porque os dez reinos que se\u00a0levantaram do imp\u00e9rio romano comp\u00f5e a atual Europa. Ent\u00e3o, de forma nenhuma\u00a0podemos procurar este chifre no Oriente M\u00e9dio, por exemplo. Nem identific\u00e1-lo como os Estados Unidos ou com nenhum outro lugar do planeta!!!<\/span><\/p>\r\n<p style=\"font-weight: 400;\"><span style=\"font-family: verdana, geneva, sans-serif; font-size: 16px;\"><em>\u201c..diante do qual tr\u00eas dos primeiros chifres foram arrancados;\u201d\u00a0<\/em>(Dn 7:8). Por causa deste poder, deste chifre, tr\u00eas reinos que existiam antes s\u00e3o removidos, arrancados!!!<\/span><\/p>\r\n<p style=\"font-weight: 400;\"><span style=\"font-family: verdana, geneva, sans-serif; font-size: 16px;\"><em>\u201c..e eis que neste chifre havia olhos, como os de homem, e uma boca que falava grandes coisas.\u201d\u00a0<\/em>(Dn 7:8).<\/span><\/p>\r\n<p style=\"font-weight: 400;\"><span style=\"font-family: verdana, geneva, sans-serif; font-size: 16px;\">Onde encontramos este simbolismo anteriormente? Este simbolismo de homem? Babil\u00f4nia, lembra-se? Aqui h\u00e1 o mesmo simbolismo neste poder. O homem se levantar\u00e1 outra vez e tomar\u00e1 o lugar do Alt\u00edssimo. Esta \u00e9 uma nova Babel. O homem exaltando a si mesmo e falando grandes coisas contra o ETERNO.<\/span><\/p>\r\n<p style=\"font-weight: 400;\"><span style=\"font-family: verdana, geneva, sans-serif; font-size: 16px;\"><strong>Recapitulando:<\/strong>\u00a0O chifre pequeno se levanta da divis\u00e3o do imp\u00e9rio romano. E surge somente depois que o imp\u00e9rio se divide em dez.\u00a0<strong>N\u00e3o antes!<\/strong>\u00a0Tr\u00eas destes reinos s\u00e3o um inc\u00f4modo para o chifre pequeno e s\u00e3o removidos sob a sua influ\u00eancia.<\/span><\/p>\r\n<p style=\"font-weight: 400;\"><span style=\"font-family: verdana, geneva, sans-serif; font-size: 16px;\"><em>\u201cE, quanto aos dez chifres, daquele mesmo reino se levantar\u00e3o dez reis; e depois deles se levantar\u00e1 outro, o qual ser\u00e1 diferente dos primeiros, e abater\u00e1 a tr\u00eas reis\u201d.\u00a0<\/em>(Dn 7:24).<\/span><\/p>\r\n<p style=\"font-weight: 400;\"><span style=\"font-family: verdana, geneva, sans-serif; font-size: 16px;\"><b>Pergunto<\/b>: O chifre pequeno se levanta do remanescente do imp\u00e9rio romano ou do remanescente do imp\u00e9rio grego? Ele se levanta do Imp\u00e9rio Romano! N\u00e3o se esque\u00e7a disso!!! A Rocha de Dayan&#8217;ul cap\u00edtulo 2 atinge e esmi\u00fa\u00e7a os p\u00e9s da est\u00e1tua, representando qual imp\u00e9rio, o romano ou o grego? O imp\u00e9rio Romano!!!<\/span><\/p>\r\n<p style=\"font-weight: 400;\"><span style=\"font-family: verdana, geneva, sans-serif; font-size: 16px;\">Portanto, caro leitor, se voc\u00ea fixar isso, ser\u00e1 capaz de resolver metade dos problemas das FALSAS PROFECIAS que h\u00e1 ao redor do mundo que dizem que o Anticristo se levantar\u00e1, ou melhor, que se levantou no passado, no tempo da Gr\u00e9cia. A profecia definitivamente n\u00e3o diz isso. A B\u00edblia diz claramente que ele se levanta assim que o imp\u00e9rio romano \u00e9 divido em dez reinos. E ao\u00a0se levantar,\u00a0<strong>governar\u00e1<\/strong>\u00a0at\u00e9 o retorno do Messias [a\u00a0<strong>Pedra<\/strong>\u00a0de Dn 2:34, 44-45]!<\/span><\/p>\r\n<p style=\"font-weight: 400;\"><span style=\"font-family: verdana, geneva, sans-serif; font-size: 16px;\">Ent\u00e3o eu pergunto: o Anticristo j\u00e1 est\u00e1 atuando no planeta?\u00a0E ser\u00e1 que podemos identific\u00e1-lo como um homem e n\u00e3o um poder, um reino?\u00a0<strong>Mais uma pergunta: O imp\u00e9rio romano j\u00e1 se dividiu em dez reinos no passado ou isso ainda acontecer\u00e1 no futuro<\/strong><\/span><\/p>\r\n<p style=\"font-weight: 400;\"><span style=\"font-family: verdana, geneva, sans-serif; font-size: 16px;\"><img decoding=\"async\" src=\"https:\/\/www.cyocaminho.org\/lev16.jpg\" class=\"alignleft\" \/>Essas s\u00e3o as seguintes perguntas que pretendemos responder a partir deste ponto: O imp\u00e9rio Romano j\u00e1 se dividiu em dez reinos\u00a0no passado ou isso ainda acontecer\u00e1 no futuro? O Anticristo j\u00e1 est\u00e1 atuando no planeta? Podemos identific\u00e1-lo como um homem ou como um poder, um reino?<\/span><\/p>\r\n<p style=\"font-weight: 400;\"><span style=\"font-family: verdana, geneva, sans-serif; font-size: 16px;\">Continuaremos examinando as profecias de Dayan&#8217;ul 7 e responderemos essas perguntas. Voc\u00ea NUNCA mais ter\u00e1 d\u00favida sobre este assunto quando ler todo este estudo&#8230;<\/span><\/p>\r\n<p style=\"font-weight: 400;\"><span style=\"font-family: verdana, geneva, sans-serif; font-size: 16px;\">Vimos que o chifre pequeno ir\u00e1 se levantar apenas depois que o Imp\u00e9rio Romano se dividir em dez reinos. Veremos a partir de agora que o Imp\u00e9rio Romano\u00a0<strong>j\u00e1<\/strong>\u00a0se dividiu em dez reinos. Isso j\u00e1 aconteceu!<\/span><\/p>\r\n<p style=\"font-weight: 400;\"><span style=\"font-family: verdana, geneva, sans-serif; font-size: 16px;\">\u201c<em>E, quanto aos dez chifres, daquele mesmo reino se levantar\u00e3o dez reis; e depois deles se levantar\u00e1 outro, o qual ser\u00e1 diferente dos primeiros, e abater\u00e1 a tr\u00eas reis<\/em>\u201d. (Dn 7:24).<\/span><\/p>\r\n<p style=\"font-weight: 400;\"><\/p>\r\n<p style=\"font-weight: 400; text-align: center;\"><span style=\"font-family: verdana, geneva, sans-serif; font-size: 16px;\"><strong>OS DEZ REINOS DO IMP\u00c9RIO ROMANO<\/strong><\/span><\/p>\r\n<p style=\"text-align: center;\"><img loading=\"lazy\" decoding=\"async\" src=\"http:\/\/overboyaohushua.com\/wp-content\/uploads\/2019\/03\/10reis.png\" alt=\"\" width=\"340\" height=\"218\" class=\"alignnone wp-image-1557 size-full\" srcset=\"https:\/\/overboyaohushua.com\/wp-content\/uploads\/2019\/03\/10reis.png 340w, https:\/\/overboyaohushua.com\/wp-content\/uploads\/2019\/03\/10reis-300x192.png 300w\" sizes=\"auto, (max-width: 340px) 100vw, 340px\" \/><\/p>\r\n<p style=\"font-weight: 400; text-align: center;\"><span style=\"font-family: verdana, geneva, sans-serif; font-size: 16px;\"><strong>Nota de oCaminho<\/strong>: Observe que hoje, muitos pa\u00edses europeus tem seus nomes de origem nestas tribos&#8230; De qualquer maneira todas elas (com algumas exce\u00e7\u00f5es) originaram os pa\u00edses atuais&#8230;<\/span><\/p>\r\n<p style=\"font-weight: 400; text-align: left;\"><span style=\"font-family: verdana, geneva, sans-serif; font-size: 16px;\">Eram dez reinos. Mas havia alguns que eram terrivelmente opostos a este poder e foram destru\u00eddos a partir de 493 d.Y.. S\u00e3o eles: Os H\u00e9rulos, os Ostrogodos e os V\u00e2ndalos. O principal opositor do poder eram os H\u00e9rulos. Eles atuavam onde \u00e9 hoje a It\u00e1lia. Esse povo tinha uma filosofia interessante. E essa filosofia diferia substancialmente da filosofia deste outro poder do chifre pequeno. Infelizmente n\u00e3o existem documentos hist\u00f3ricos sobre as cren\u00e7as dos H\u00e9rulos e nem das cren\u00e7as dos Ostrogodos. O que existem \u00e9 um pouco sobre as cren\u00e7as dos V\u00e2ndalos. Mesmo assim, com pouca documenta\u00e7\u00e3o religiosa.<\/span><\/p>\r\n<p style=\"font-weight: 400; text-align: left;\"><span style=\"font-family: verdana, geneva, sans-serif; font-size: 16px;\">Por que n\u00e3o temos isso?\u00a0<strong>Porque tudo foi destru\u00eddo!<\/strong>\u00a0Ent\u00e3o, toda a informa\u00e7\u00e3o que existe \u00e9 de segunda m\u00e3o. A \u201chist\u00f3ria\u201d nos conta que estes tr\u00eas poderes que foram removidos criam de forma diferente do que ensinava este novo poder. Eram contr\u00e1rios ao que pregava e ensinava o chifre pequeno. Mas de fato n\u00e3o temos nenhuma evid\u00eancia disso em lugar algum. Trata-se de uma informa\u00e7\u00e3o de segunda m\u00e3o provida pelo poder que os destruiu.<\/span><\/p>\r\n<p style=\"font-weight: 400; text-align: left;\"><span style=\"font-family: verdana, geneva, sans-serif; font-size: 16px;\"><strong>Nota de oCaminho<\/strong>: \u00c9 evidente que quem est\u00e1 no poder, manipula as informa\u00e7\u00f5es; ou seja, esconde &#8220;propagandas negativas&#8221;! Mas, vindo de ROMA, tudo \u00e9 paganismo e por mais de 2 s\u00e9culos, Roma procurou &#8220;impor&#8221; a cren\u00e7a na trindade (tr\u00eas deuses, uma pluralidade que veio da Gr\u00e9cia, chegou a Roma e sempre esteve presente em todas as culturas pag\u00e3s, a exemplo de babil\u00f4nia, Egito e mais tarde a \u00cdndia) via decretos! Esta luta finalmente teve \u00eaxito no Credo de Nic\u00e9ia via Imperador Constantino&#8230; \u00c1rius &#8211; um presb\u00edtero &#8211; foi o principal opositor e estas tr\u00eas tribos &#8220;arrancadas&#8221; eram seus seguidores. Na realidade esta luta [extin\u00e7\u00e3o da oposi\u00e7\u00e3o] se deu por mais de 2 s\u00e9culos, cujo in\u00edcio se deu em 310 d.Y; e, somente findou-se com a institui\u00e7\u00e3o oficial do papado em 538 d.Y.<\/span><\/p>\r\n<p style=\"font-weight: 400; text-align: left;\"><span style=\"font-family: verdana, geneva, sans-serif; font-size: 16px;\">O aspecto mais interessante era que os reinos que foram destru\u00eddos tinham um \u201cevangelho\u201d diferente. Um evangelho que era derivado da Palestina. E que era um reflexo muito mais verdadeiro do evangelho b\u00edblico do que qualquer outro j\u00e1 contaminado pelo paganismo. E \u00e9 bem poss\u00edvel que estes reinos acreditavam em doutrinas diretamente da fonte original. E a hist\u00f3ria nos conta que por isso foram destru\u00eddos. \u00c9 uma possibilidade bem plaus\u00edvel. Existem muitos estudiosos vasculhando estes assuntos e \u00e9 bem poss\u00edvel que um\u00a0dia achem algo para nos dizer.<\/span><\/p>\r\n<p style=\"font-weight: 400; text-align: left;\"><span style=\"font-family: verdana, geneva, sans-serif; font-size: 16px;\">Bem, se os tr\u00eas reinos foram finalmente destru\u00eddos a partir de 493 d.Y. pelo poder do chifre pequeno, \u00e9 correto dizer que o chifre pequeno ent\u00e3o se levantou antes disso; correto, apesar de n\u00e3o ainda possuir todo o seu poder. Na realidade, a ascens\u00e3o deste &#8220;chifre pequeno&#8221; iniciou-se com a divis\u00e3o de Roma em dois imp\u00e9rios e com a transfer\u00eancia da sede do poder para o oriente&#8230; Mas vamos devagar.<\/span><\/p>\r\n<p style=\"text-align: center;\"><img decoding=\"async\" src=\"https:\/\/www.cyocaminho.org\/barbaros.png\" class=\"alignnone\" \/><\/p>\r\n<p style=\"font-weight: 400; text-align: left;\"><span style=\"font-family: verdana, geneva, sans-serif; font-size: 16px;\">Os H\u00e9rulos foram destru\u00eddos primeiro, em 493 d.Y; Os V\u00e2ndalos foram destru\u00eddos em 534 d.Y. Eles afligiram os Imp\u00e9rio Romano do ocidente e o sujeitaram. Eles o subjugou ferozmente at\u00e9 que foram destru\u00eddos pelo ex\u00e9rcito do Imp\u00e9rio Romano oriental. Os Ostrogodos foram destru\u00eddos em 538 d.Y. e foram os \u00faltimos. Eles ocuparam e conquistaram toda a \u00e1rea da capital do imp\u00e9rio romano antigo e \u00e1reas circunvizinhas.<\/span><\/p>\r\n<p style=\"font-weight: 400; text-align: left;\"><span style=\"font-family: verdana, geneva, sans-serif; font-size: 16px;\">Estes tr\u00eas reinos eram um \u201cespinho na carne\u201d do poder do chifre pequeno; pois eram adeptos \u00e0 \u00c1rius, defensor das Escrituras, isto \u00e9, opunha-se ao dogma dav trindade em favor do unitarianismo b\u00edblico. Eles foram destru\u00eddos com a ajuda, dentre outros, dos francos, que fizeram um alian\u00e7a com os reis de Constantinopla. Portanto, a partir de 538 d.Y. a oposi\u00e7\u00e3o ao chifre pequeno desapareceu. E ele cresceu como um cogumelo.<\/span><\/p>\r\n<ul style=\"text-align: center;\">\r\n<li style=\"font-weight: 400;\"><span style=\"font-family: verdana, geneva, sans-serif; font-size: 16px;\">Alemanes \u2013 S\u00e3o os alem\u00e3es hoje.<\/span><\/li>\r\n<li style=\"font-weight: 400;\"><span style=\"font-family: verdana, geneva, sans-serif; font-size: 16px;\">Burg\u00fandios \u2013 s\u00e3o os su\u00ed\u00e7os.<\/span><\/li>\r\n<li style=\"font-weight: 400;\"><span style=\"font-family: verdana, geneva, sans-serif; font-size: 16px;\">Francos \u2013 s\u00e3o os franceses.<\/span><\/li>\r\n<li style=\"font-weight: 400;\"><span style=\"font-family: verdana, geneva, sans-serif; font-size: 16px;\">Lombardos \u2013 s\u00e3o os italianos.<\/span><\/li>\r\n<li style=\"font-weight: 400;\"><span style=\"font-family: verdana, geneva, sans-serif; font-size: 16px;\">Anglosax\u00f5es \u2013 s\u00e3o os ingleses.<\/span><\/li>\r\n<li style=\"font-weight: 400;\"><span style=\"font-family: verdana, geneva, sans-serif; font-size: 16px;\">Suevos \u2013 s\u00e3o os portugueses.<\/span><\/li>\r\n<li style=\"font-weight: 400;\"><span style=\"font-family: verdana, geneva, sans-serif; font-size: 16px;\">Visigodos \u2013 s\u00e3o os espanh\u00f3is.<\/span><\/li>\r\n<li style=\"font-weight: 400;\"><span style=\"font-family: verdana, geneva, sans-serif; font-size: 16px;\">(H\u00e9rulos, V\u00e2ndalos e Ostrogodos foram extintos)<strong>*<\/strong><\/span><\/li>\r\n<\/ul>\r\n<p style=\"font-weight: 400; text-align: center;\"><span style=\"font-family: verdana, geneva, sans-serif; font-size: 16px;\"><strong>* Nota de oCaminho:\u00a0<\/strong>Ap\u00f3s a extin\u00e7\u00e3o destes &#8220;opositores&#8221;, o governo do imp\u00e9rio deixou de estar nas m\u00e3os de reis passando a ser governado pelo bispo de Constantinopla; que, imediatamente assumiu a primazia sobre os demais bispos\u00a0 (iniciando-se oficialmente o papado em 538 d.Y)!<\/span><\/p>\r\n<p style=\"font-weight: 400; text-align: left;\"><span style=\"font-family: verdana, geneva, sans-serif; font-size: 16px;\">Interessante ainda destacar \u00e9 que o chifre pequeno n\u00e3o fez guerra s\u00f3 contra estes que foram extintos. Os Visigodos, por exemplo, tinha empatia de id\u00e9ias com os Ostrogodos e se opunham da mesma forma. Houveram muitas guerras nessas regi\u00f5es e muita subjuga\u00e7\u00e3o antes que esses tamb\u00e9m se alinhassem com o pensamento do poder do chifre pequeno.<\/span><\/p>\r\n<p style=\"font-weight: 400; text-align: left;\"><span style=\"font-family: verdana, geneva, sans-serif; font-size: 16px;\">Outro destaque \u00e9 que um dos maiores aliados do poder do chifre pequeno foram os FRANCOS (franceses). Cl\u00f3vis, o rei dos francos, entrou para hist\u00f3ria mais do que qualquer outro como o homem que ajudou o poder do chifre pequeno a chegar a sua realiza\u00e7\u00e3o e se tornar forte. Na realidade, esta uni\u00e3o sempre foi pol\u00edtica, n\u00e3o religiosa! At\u00e9 hoje, a FRAN\u00c7A n\u00e3o se alinha religiosamente com ningu\u00e9m, a ponto de merecer uma profecia exclusiva em Apocalipse 11:8.<\/span><\/p>\r\n<p style=\"font-weight: 400; text-align: left;\"><span style=\"font-family: verdana, geneva, sans-serif; font-size: 16px;\"><em>\u201cEu continuei olhando, at\u00e9 que foram postos uns tronos, e um anci\u00e3o de dias se assentou; a sua veste era branca como a neve, e o cabelo da sua cabe\u00e7a como a pura l\u00e3; e seu trono era de chamas de fogo, e as suas rodas de fogo ardente\u201d.\u00a0<\/em>(Dn 7:9).<\/span><\/p>\r\n<p style=\"font-weight: 400; text-align: left;\"><span style=\"font-family: verdana, geneva, sans-serif; font-size: 16px;\">Dayan&#8217;ul est\u00e1 observando os eventos aqui na terra em que tudo parece girar em torno do poder desse chifre pequeno. E ele v\u00ea a cena de um grande julgamento que acontece no c\u00e9u. Veja o texto seguinte de Dayan&#8217;ul:\u00a0<em>\u201c..assentou-se o ju\u00edzo, e abriram-se os livros\u201d.\u00a0<\/em>(Dn 7:10).<\/span><\/p>\r\n<p style=\"font-weight: 400; text-align: left;\"><span style=\"font-family: verdana, geneva, sans-serif; font-size: 16px;\">Havia ent\u00e3o uma cena de julgamento.\u00a0<em>\u201cEu estava olhando nas minhas vis\u00f5es da noite, e eis que vinha nas nuvens do c\u00e9u um como o filho do homem; e dirigiu-se ao anci\u00e3o de dias, e o fizeram chegar at\u00e9 ele\u201d.\u00a0<\/em>(Dn 7:13).<\/span><\/p>\r\n<p style=\"font-weight: 400; text-align: left;\"><span style=\"font-family: verdana, geneva, sans-serif; font-size: 16px;\">Essa n\u00e3o \u00e9 de jeito nenhum uma cena do retorno de o Messias \u00e0 terra, mas uma cena que acontece no c\u00e9u. Enquanto o chifre pequeno estabelece o seu dom\u00ednio aqui na terra.<\/span><\/p>\r\n<p style=\"font-weight: 400; text-align: left;\"><span style=\"font-family: verdana, geneva, sans-serif; font-size: 16px;\"><em>\u201cE foi-lhe dado o dom\u00ednio, e a honra, e o reino, para que todos os povos, na\u00e7\u00f5es e l\u00ednguas o servissem; o seu dom\u00ednio \u00e9 um dom\u00ednio eterno, que n\u00e3o passar\u00e1, e o seu reino tal, que n\u00e3o ser\u00e1 destru\u00eddo\u201d.\u00a0<\/em>(Dn 7:14).<\/span><\/p>\r\n<p style=\"font-weight: 400; text-align: left;\"><span style=\"font-family: verdana, geneva, sans-serif; font-size: 16px;\">Temos, portanto, um contraste por aqui. Por um lado temos um reino que vai ser estabelecido nesta terra, cuja sede e o poder repousa sobre o chifre pequeno. E, do outro lado, temos um julgamento que ocorre no lugar onde o poder ser\u00e1 dado ao Messias. S\u00e3o dois poderes opostos. O Messias, o grande vencedor ao final e o anticristo que trabalham um contra o outro. Um, procura estabelecer o seu poder na terra, e o outro prepara as bases para o seu reino, eterno e terreal; que nunca ser\u00e1 destru\u00eddo! (At 15:16).\u00a0<em>\u201cMas os santos do Alt\u00edssimo receber\u00e3o o reino, e o possuir\u00e3o para todo o sempre, e de eternidade em eternidade\u201d.\u00a0<\/em>(Dn 7:18).<\/span><\/p>\r\n<p style=\"font-weight: 400; text-align: left;\"><span style=\"font-family: verdana, geneva, sans-serif; font-size: 16px;\">Um simbolismo lind\u00edssimo e poderoso; um acontecimento muito aguardado, n\u00e3o \u00e9 mesmo? Os santos do Alt\u00edssimo receber\u00e3o o Reino, caro leitor [o Reino vem a n\u00f3s, como pedimos diariamente em nossas ora\u00e7\u00f5es]. Este dia acontecer\u00e1. E eu espero fazer parte dele.<\/span><\/p>\r\n<p style=\"font-weight: 400; text-align: center;\"><\/p>\r\n<p style=\"font-weight: 400; text-align: center;\"><span style=\"font-family: verdana, geneva, sans-serif; font-size: 16px;\"><strong>AS REFER\u00caNCIAS DE\u00a0SHA&#8217;UL\u00a0AO HOMEM DO PECADO<\/strong><\/span><\/p>\r\n<p style=\"font-weight: 400; text-align: center;\"><span style=\"font-family: verdana, geneva, sans-serif; font-size: 16px;\">Em II Ts 2:1-10 Paulo\/Sha&#8217;ul descreve este poder; este poder do anticristo que se levantar\u00e1. Vamos analisar este trecho por partes:<\/span><\/p>\r\n<p style=\"font-weight: 400; text-align: left;\"><span style=\"font-family: verdana, geneva, sans-serif; font-size: 16px;\"><em>\u201cOra, irm\u00e3os, rogamo-vos, pela vinda de nosso CRIADOR, Yaohushua hol&#8217;Mehushkyah, e pela nossa reuni\u00e3o com ele, que n\u00e3o vos movais facilmente do vosso entendimento, nem vos perturbeis, quer por esp\u00edrito, quer por palavra, quer por ep\u00edstola, como de n\u00f3s, como se o dia do Messias estivesse j\u00e1 perto. Ningu\u00e9m de maneira alguma vos engane; porque n\u00e3o ser\u00e1 assim sem que antes venha a apostasia e se manifeste o homem do pecado, o filho da perdi\u00e7\u00e3o. O qual se op\u00f5e e se levanta contra\u00a0tudo o que se chama deus ou se adora; de sorte que se assenta como criador, no templo do CRIADOR, querendo parecer o CRIADOR\u201d.\u00a0<\/em>(II Ts 2:1-4).<\/span><\/p>\r\n<p style=\"font-weight: 400; text-align: left;\"><span style=\"font-family: verdana, geneva, sans-serif; font-size: 16px;\">Perceba que nos dias Paulo\/Sha&#8217;ul alguns ensinavam que o \u201cdia do CRIADOR\u201d estava por acontecer. E alguns estavam pregando que o Messias j\u00e1 estava reinando [hoje, ap\u00f3s 1914, segundo os TJs &#8211; o mesmo erro!]. E Paulo\/Sha&#8217;ul \u00e9 bem enf\u00e1tico quando diz: \u201c<u>n\u00e3o, n\u00e3o<\/u>..\u00a0<u>h\u00e1 algumas coisas que tem que acontecer primeiro<\/u>\u201d. \u201c<em>Ningu\u00e9m de maneira nenhuma vos engane porque n\u00e3o ser\u00e1 assim a vinda do Filho do Homem<\/em>\u201d.<\/span><\/p>\r\n<p style=\"font-weight: 400; text-align: left;\"><span style=\"font-family: verdana, geneva, sans-serif; font-size: 16px;\"><strong>Primeiro\u00a0<\/strong>a Igreja entraria em apostasia.\u00a0<em>\u201c..e se manifeste o homem do pecado, o filho da perdi\u00e7\u00e3o&#8230;\u201d<\/em>\u00a0Apenas dois homens na B\u00edblia n\u00e3o chamados de \u201cFilho da Perdi\u00e7\u00e3o\u201d. Um \u00e9 o homem do pecado citado aqui e o outro foi Judas\/Yaohu&#8217;dah. Como traiu Judas\/Yaohu&#8217;dah a Yaohushua? Com um beijo, n\u00e3o foi? Judas\/Yaohu&#8217;dah pretendia passar-se por um deles e depois traiu a Yaohushua. O outro, o Filho do Pecado, voc\u00ea acha que \u00e9 poss\u00edvel que venha passar-se por disc\u00edpulo, mas depois traia Yaohushua; s\u00f3 que numa escala maior?<\/span><\/p>\r\n<p style=\"font-weight: 400; text-align: left;\"><span style=\"font-family: verdana, geneva, sans-serif; font-size: 16px;\"><em>\u201c&#8230;e se manifeste o homem do pecado, o filho da perdi\u00e7\u00e3o. O qual se op\u00f5e e se levanta contra\u00a0tudo o que se chama deus ou se adora; de sorte que se assenta como criador, no templo do CRIADOR, querendo parecer o CRIADOR\u201d.\u00a0<\/em>(vs 3, 4).<\/span><\/p>\r\n<p style=\"font-weight: 400; text-align: left;\"><span style=\"font-family: verdana, geneva, sans-serif; font-size: 16px;\">Portanto, aqui est\u00e1 uma autoridade presun\u00e7osa que assume o poder. De fato este poder dir\u00e1 &#8216;eu sou o outro deus nessa terra e a salva\u00e7\u00e3o \u00e9 atrav\u00e9s de mim&#8217;.\u00a0<em>\u201c..mas este \u00e9 o esp\u00edrito do anticristo, do qual j\u00e1 ouvistes que h\u00e1 de vir, e eis que j\u00e1 agora est\u00e1 no mundo\u201d.\u00a0<\/em>(I Jo 4:3).<\/span><\/p>\r\n<p style=\"font-weight: 400; text-align: left;\"><span style=\"font-family: verdana, geneva, sans-serif; font-size: 16px;\">Agora vamos pensar nisto: Se o esp\u00edrito do anticristo j\u00e1 estava no mundo no tempo de Jo\u00e3o\/Yao&#8217;khanan, e Paulo\/Sha&#8217;ul disse que\u00a0<strong>vir\u00e1 a apostasia<\/strong>, ent\u00e3o este homem do pecado tem estado conosco por todo este tempo. J\u00e1 vimos que ele n\u00e3o pode ter vindo do imp\u00e9rio grego porque ele se levanta do quarto imp\u00e9rio. T\u00e3o pouco pode vir em algum momento do futuro de uma tribo de Israel\/Yaoshor&#8217;ul (como afirmam alguns judaico-messi\u00e2nicos), correto?<\/span><\/p>\r\n<p style=\"font-weight: 400; text-align: left;\"><span style=\"font-family: verdana, geneva, sans-serif; font-size: 16px;\">Ent\u00e3o, todo o mundo crist\u00e3o deve estar num grande erro a cerca deste assunto, porque metade da cristandade acredita e ensina que o Anticristo j\u00e1 veio e que o seu nome era Ant\u00edoco Epif\u00e2nio IV e ele era um rei grego &#8211; sempre &#8220;apoiado&#8221; pela profecias das\u00a0<em>2.300 tardes<\/em>&#8230; de Dn 8:13-14 &#8211;\u00a0<strong><a href=\"http:\/\/overboyaohushua.com\/index.php\/model-65-24\/\">CLIC AQUI<\/a><\/strong>\u00a0e veja a real interpreta\u00e7\u00e3o desta profecia que de mais uma das v\u00e1rias interpreta\u00e7\u00f5es subiste uma renomada denomina\u00e7\u00e3o sabatista (IASD).<\/span><\/p>\r\n<p style=\"font-weight: 400; text-align: left;\"><span style=\"font-family: verdana, geneva, sans-serif; font-size: 16px;\">Mas a B\u00edblia diz que ele se levanta do quarto animal. Precisamente\u00a0<strong>ap\u00f3s o decl\u00ednio do quarto animal e a sua divis\u00e3o em dez<\/strong>. E \u00e0 outra metade da cristandade \u00e9 ensinada que o Anticristo\u00a0<strong>vir\u00e1 no futuro<\/strong>, depois do dito &#8220;arrebatamento secreto&#8221;! Percebe a artimanha de satan\u00e1s? Sempre com falsas doutrinas [Verdades misturada ao erro, como foi no \u00c9den] para arrastar milh\u00f5es, juntamente com ele, para o lago de Fogo!<\/span><\/p>\r\n<p style=\"font-weight: 400; text-align: left;\"><span style=\"font-family: verdana, geneva, sans-serif; font-size: 16px;\">Temos aqui um problema, caro leitor: essas que assim ensinam n\u00e3o \u00e9 a mesma igreja crist\u00e3 que advertia que o &#8220;esp\u00edrito do anticristo&#8221; j\u00e1 vivia de maneira clandestina na igreja primitiva? Comprovamos que nenhuma das duas posi\u00e7\u00f5es acima pode estar correta. E Paulo\/Sha&#8217;ul continua:<\/span><\/p>\r\n<p style=\"font-weight: 400; text-align: left;\"><span style=\"font-family: verdana, geneva, sans-serif; font-size: 16px;\"><em>\u201cN\u00e3o vos lembrais de que estas coisas vos dizia quando ainda estava convosco? E agora v\u00f3s sabeis o que o det\u00e9m, para que a seu pr\u00f3prio tempo seja manifestado. Porque j\u00e1 o mist\u00e9rio da injusti\u00e7a opera; somente h\u00e1 um que agora o ret\u00e9m at\u00e9 que do meio seja tirado; E ent\u00e3o ser\u00e1 revelado o in\u00edquo,\u00a0<strong>a quem o CRIADOR desfar\u00e1 pelo assopro da sua boca<\/strong>, e aniquilar\u00e1 pelo esplendor da sua vinda; A esse cuja vinda \u00e9 segundo a efic\u00e1cia de ha&#8217;satan, com todo o poder, e sinais e prod\u00edgios de mentira, E com todo o engano da injusti\u00e7a para os que perecem, porque n\u00e3o receberam o amor da Verdade para se salvarem\u201d.\u00a0<\/em>(II Ts 2:5-10).<\/span><\/p>\r\n<p style=\"font-weight: 400; text-align: left;\"><span style=\"font-family: verdana, geneva, sans-serif; font-size: 16px;\">Este in\u00edquo e misterioso poder\u00a0<strong>j\u00e1 estava operando no mundo<\/strong>\u00a0no tempo de Paulo\/Sha&#8217;ul. Ele n\u00e3o \u00e9 um poder futuro que vir\u00e1 apenas no fim dos tempos. Esteja certo que n\u00e3o. O esp\u00edrito deste poder operava desde o tempo de Paulo\/Sha&#8217;ul. E, desde a cruz, v\u00e1rias pessoas estiveram a servi\u00e7o deste poder in\u00edquo!<\/span><\/p>\r\n<p style=\"font-weight: 400; text-align: left;\"><span style=\"font-family: verdana, geneva, sans-serif; font-size: 16px;\">Paulo\/Sha&#8217;ul disse que havia algo segurando o poder do chifre pequeno impedindo que ele se manifestasse. E Paulo\/Sha&#8217;ul lhes tinha dito quem era este poder.\u00a0<em>\u201cN\u00e3o vos lembrais de que estas coisas vos dizia quando ainda estava convosco? E agora v\u00f3s sabeis o que o det\u00e9m, para que a seu pr\u00f3prio tempo seja manifestado.\u201d<\/em>\u00a0(vs 5) \u2013 Mas ele n\u00e3o o menciona nesta ora, s\u00f3 lembra a eles que j\u00e1 tinha falado sobre a quest\u00e3o.<\/span><\/p>\r\n<p style=\"font-weight: 400; text-align: left;\"><span style=\"font-family: verdana, geneva, sans-serif; font-size: 16px;\">Este poder seria levantado quando algo que o det\u00e9m seja tirado; ou algum poder que o est\u00e1 detendo. E este poder ser\u00e1 destru\u00eddo por ocasi\u00e3o da segunda Vinda do Messias.<\/span><\/p>\r\n<p style=\"font-weight: 400; text-align: left;\"><span style=\"font-family: verdana, geneva, sans-serif; font-size: 16px;\"><em>\u201cA esse cuja vinda \u00e9 segundo a efic\u00e1cia de ha&#8217;satan, com todo o poder, e sinais e prod\u00edgios de mentira, E com todo o engano da injusti\u00e7a para os que perecem, porque n\u00e3o receberam o amor da verdade para se salvarem\u201d.\u00a0<\/em>(vs 10).<\/span><\/p>\r\n<p style=\"font-weight: 400; text-align: left;\"><span style=\"font-family: verdana, geneva, sans-serif; font-size: 16px;\">Ser\u00e1 poss\u00edvel que este poder engane a todo mundo quando eles aceitam um evangelho que \u00e9 baseado em valores humanos e n\u00e3o em valores divinos? Em crit\u00e9rios humanos e n\u00e3o em crit\u00e9rios divinos? Principalmente fundamentado no &#8220;<strong>eu acho<\/strong>&#8220;, a principal arma do inimigo [At 17:11 nos mostra ao esp\u00edrito do verdadeiro bereano].<\/span><\/p>\r\n<p style=\"font-weight: 400; text-align: left;\"><span style=\"font-family: verdana, geneva, sans-serif; font-size: 16px;\">No Livro \u201cRomanismo e Reforma, de H. Grattan Guinness, escrito em 1887, lemos o seguinte:\u00a0<i>\u201cPaulo\/Sha&#8217;ul afirma a exist\u00eancia de conhecimento na Igreja Primitiva. A Igreja Primitiva sabia, diz ele, qual era o obst\u00e1culo. A Igreja primitiva nos diz o que ela sabia sobre isso e ningu\u00e9m pode colocar hoje em uma posi\u00e7\u00e3o de contradizer esse testemunho que Paulo\/Sha&#8217;ul tinha pela palavra da boca somente dito aos Tessalonicenses. Este \u00e9 um ponto em que s\u00f3 tradi\u00e7\u00e3o antiga pode ter autoridade. A especula\u00e7\u00e3o moderna n\u00e3o tem qualquer relev\u00e2ncia neste assunto\u201d.<\/i><\/span><\/p>\r\n<p style=\"font-weight: 400; text-align: left;\"><span style=\"font-family: verdana, geneva, sans-serif; font-size: 16px;\">Hoje as pessoas est\u00e3o dizendo: \u201cBem, o que poderia t\u00ea-lo detido? Talvez tenha sido o\u00a0<em>Esp\u00edrito Santo<\/em>\u201d. Por que haveria de ser o\u00a0<em>esp\u00edrito santo<\/em>, se este tamb\u00e9m \u00e9 mais um fruto do paganismo [3\u00aa parte da trindade]? Havia um poder a det\u00ea-lo e quando este poder \u00e9 removido o Anticristo se levanta e permanecer\u00e1 at\u00e9 que o Messias retorne. E, tamb\u00e9m n\u00e3o \u00e9 o Messias este poder que o DET\u00c9M!<\/span><\/p>\r\n<p style=\"font-weight: 400; text-align: center;\"><\/p>\r\n<p style=\"font-weight: 400; text-align: center;\"><span style=\"font-family: verdana, geneva, sans-serif; font-size: 16px;\"><strong>O QUE DIZEM OS PAIS DA IGREJA PRIMITIVA SOBRE QUEM ERA O ANTICRISTO<\/strong><\/span><\/p>\r\n<p style=\"font-weight: 400; text-align: left;\"><span style=\"font-family: verdana, geneva, sans-serif; font-size: 16px;\">Ent\u00e3o, o que os pais da &#8220;igreja&#8221; sabiam que Paulo\/Sha&#8217;ul lhes havia dito verbalmente? Ele lhes disse mas n\u00e3o escreveu. Bem, vamos ver o que dizem os pais da igreja primitiva:<\/span><\/p>\r\n<p style=\"font-weight: 400; text-align: left;\"><span style=\"font-family: verdana, geneva, sans-serif; font-size: 16px;\"><em>\u201c\u2026Ele, que resiste, deve resistir at\u00e9 que do meio seja tirado. Que obst\u00e1culo est\u00e1 l\u00e1 se n\u00e3o o Estado Romano. A queda do qual dividido em 10 reinos deve ent\u00e3o introduzir o Anticristo.\u201d (Tertuliano: \u201cSobre a Ressurrei\u00e7\u00e3o\u201d, cap\u00edtulos 24, 25. Apologista do Novo Testamento, 200 d.Y.)<\/em><\/span><\/p>\r\n<p style=\"font-weight: 400; text-align: left;\"><span style=\"font-family: verdana, geneva, sans-serif; font-size: 16px;\">Isto era o que os pais da Igreja primitiva acreditavam, que quando Roma ca\u00edsse \u00a0ent\u00e3o o anticristo seria revelado. Ser\u00e1 que isso \u00e9 b\u00edblico, segundo Dayan&#8217;ul cap\u00edtulo 7? Com certeza. Bate com a profecia. Quando Roma se divide em 10 e o Estado Romano desaparece, o anticristo ser\u00e1 revelado. Isto \u00e9 o que criam os pais da Igreja crist\u00e3 primitiva. Vamos a outro:<\/span><\/p>\r\n<p style=\"font-weight: 400; text-align: left;\"><span style=\"font-family: verdana, geneva, sans-serif; font-size: 16px;\"><em>\u201cH\u00e1 somente um que impede agora at\u00e9 que seja tirado do caminho, que \u00e9 quando o Imp\u00e9rio Romano \u00e9 tirado do caminho, ent\u00e3o ele vir\u00e1, o anticristo.\u201d (Jo\u00e3o Cris\u00f3stomo: \u201cSerm\u00e3o sobre II Ts 2 e Nm 4; Bispo de Constantinopla, 390 d.Y.)<\/em><\/span><\/p>\r\n<p style=\"font-weight: 400; text-align: center;\"><span style=\"font-family: verdana, geneva, sans-serif; font-size: 16px;\"><strong>E veja fontes mais recentes sobre o assunto:<\/strong><\/span><\/p>\r\n<p style=\"font-weight: 400; text-align: left;\"><span style=\"font-family: verdana, geneva, sans-serif; font-size: 16px;\"><em>\u201cN\u00f3s temos um testemunho concordante com os primeiros pais. Irineu, um dos disc\u00edpulos de Jo\u00e3o\/Yao&#8217;khanan dizendo a Cris\u00f3stomo e Jer\u00f4nimo, quando a como isto era entendido\u00a0<strong>acerca do poder imperial que governava e residia em Roma<\/strong>.\u201d (Edward B. Elliot: \u201cComent\u00e1rio sobre o Apocalipse\u201d, Volume 3, p\u00e1g. 92, 1862)<\/em><\/span><\/p>\r\n<p style=\"font-weight: 400; text-align: left;\"><span style=\"font-family: verdana, geneva, sans-serif; font-size: 16px;\"><em>\u201cEnquanto o C\u00e9sares mantiveram o poder imperial, era imposs\u00edvel para o anticristo levantar-se.\u201d (H.Grattan Guinness: \u201cRomanismo e Reforma\u201d, p\u00e1g. 105, 1887)<\/em><\/span><\/p>\r\n<p style=\"font-weight: 400; text-align: left;\"><span style=\"font-family: verdana, geneva, sans-serif; font-size: 16px;\"><em>\u201cPaulo\/Sha&#8217;ul n\u00e3o identificou o poder repressor porque ele sabia que era Roma e evitou as repres\u00e1lias. Lembre-se que a Igreja crist\u00e3 estava sendo perseguida por Roma.\u201d (Dr. Ron Thompson: \u201cCampe\u00f5es da Cristandade em busca da verdade\u201d, p\u00e1g. 47, 1996.)<\/em><\/span><\/p>\r\n<p style=\"font-weight: 400; text-align: left;\"><span style=\"font-family: verdana, geneva, sans-serif; font-size: 16px;\">\u00c9 um fato que a Igreja primitiva acreditava que quando o Estado romano ca\u00edsse o anticristo se levantaria. Dayan&#8217;ul 7 disse que quando Roma fosse dividida em 10 o chifre pequeno se levantaria. Portanto, caro leitor, este \u00e9 o crit\u00e9rio b\u00edblico aceito acerca de quando o anticristo come\u00e7a a governar.<\/span><\/p>\r\n<p style=\"font-weight: 400; text-align: left;\"><\/p>\r\n<p style=\"font-weight: 400; text-align: center;\"><span style=\"font-family: verdana, geneva, sans-serif; font-size: 16px;\"><strong>ATRIBUTOS DO REINO DO CHIFRE PEQUENO<\/strong><\/span><\/p>\r\n<p style=\"font-weight: 400; text-align: left;\"><span style=\"font-family: verdana, geneva, sans-serif; font-size: 16px;\">Vamos falar agora acerca dos atributos deste chifre pequeno. Aprendemos at\u00e9 agora que ele se levanta quando Roma \u00e9 dividida. Aprendemos que ele vem desta divis\u00e3o e que se levanta dentre os dez chifres (reinos). E aprendemos que ser\u00e1 diferente dos primeiros.<\/span><\/p>\r\n<p style=\"font-weight: 400; text-align: left;\"><span style=\"font-family: verdana, geneva, sans-serif; font-size: 16px;\"><em>\u201cE, quanto aos dez chifres, daquele mesmo reino se levantar\u00e3o dez reis; e depois deles se levantar\u00e1 outro, o qual ser\u00e1 diferente dos primeiros, e abater\u00e1 a tr\u00eas reis\u201d.\u00a0<\/em>(Dn 7:24).<\/span><\/p>\r\n<p style=\"font-weight: 400; text-align: left;\"><span style=\"font-family: verdana, geneva, sans-serif; font-size: 16px;\">Aprendemos tamb\u00e9m que este poder estar\u00e1 conosco at\u00e9 que o Messias retorne. Isto significa, AGORA, que ele j\u00e1 se levantou e est\u00e1 entre n\u00f3s hoje. Vamos analisar os seus atributos:<\/span><\/p>\r\n<p style=\"text-align: left;\"><span style=\"font-family: verdana, geneva, sans-serif; font-size: 16px;\"><strong>01.<\/strong> Ele se\u00a0<strong>levanta<\/strong>\u00a0do quarto animal &#8211; Imp\u00e9rio Romano. (Dn 7:7,8).<\/span><\/p>\r\n<p style=\"text-align: left;\"><span style=\"font-family: verdana, geneva, sans-serif; font-size: 16px;\"><strong>02.<\/strong>\u00a0Ele se levanta do meio dos dez chifres. \u201c<em>Estando eu a considerar os chifres, eis que, entre eles subiu outro chifre pequeno<\/em>\u201d. (vs 8) Este poder\u00a0<strong>\u00e9 europeu\u00a0<\/strong>e de nenhum outro lugar!<\/span><\/p>\r\n<p style=\"text-align: left;\"><span style=\"font-family: verdana, geneva, sans-serif; font-size: 16px;\"><strong>03.<\/strong>\u00a0Ele se levanta\u00a0<strong>depois<\/strong>\u00a0dos dez chifres. \u201c<em>&#8230;e depois deles se levantar\u00e1 outro<\/em>\u201d. (vs 24).<\/span><\/p>\r\n<p style=\"text-align: left;\"><span style=\"font-family: verdana, geneva, sans-serif; font-size: 16px;\"><strong>04<\/strong>. Ele\u00a0<strong>\u00e9 diferente<\/strong>\u00a0dos outros. \u201c..<em>.o qual ser\u00e1 diferente dos primeiros<\/em>\u201d. (vs 24).<\/span><\/p>\r\n<p style=\"text-align: left;\"><span style=\"font-family: verdana, geneva, sans-serif; font-size: 16px;\"><strong>05.<\/strong>\u00a0Ele se torna\u00a0<strong>mais poderoso<\/strong>\u00a0do que os outros. \u201c<em>&#8230;e cujo parecer era mais robusto do que os dos seus companheiros<\/em>\u201d. (vs 20).<\/span><\/p>\r\n<p style=\"text-align: left;\"><span style=\"font-family: verdana, geneva, sans-serif; font-size: 16px;\"><strong>06.<\/strong>\u00a0Ele\u00a0<strong>destr\u00f3i\u00a0<\/strong>tr\u00eas reinos. \u201c<em>&#8230;e diante do qual ca\u00edram tr\u00eas<\/em>\u201d. (vs 20).<\/span><\/p>\r\n<p style=\"text-align: left;\"><span style=\"font-family: verdana, geneva, sans-serif; font-size: 16px;\"><strong>07.<\/strong>\u00a0Ele tem olhos como de homem e fala grandes coisas contra o Alt\u00edssimo. (v.8,25). Ele se exalta em uma posi\u00e7\u00e3o onde o Alt\u00edssimo deveria estar. Ele substituiu os preceitos divinos por preceitos humanos. Veremos tudo isso em detalhes mais na frente.<\/span><\/p>\r\n<p style=\"text-align: left;\"><span style=\"font-family: verdana, geneva, sans-serif; font-size: 16px;\"><strong>08.<\/strong>\u00a0Ele\u00a0<strong>far\u00e1 guerra<\/strong>\u00a0contra os santos. \u201c<em>&#8230;e destruir\u00e1 os santos do Alt\u00edssimo<\/em>\u201d. (vs 25).<\/span><\/p>\r\n<p style=\"text-align: left;\"><span style=\"font-family: verdana, geneva, sans-serif; font-size: 16px;\"><strong>09.<\/strong>\u00a0Ele\u00a0<strong>mudar\u00e1<\/strong>\u00a0<u>tempos<\/u>\u00a0e\u00a0<u>leis<\/u>. \u201c<em>&#8230;e cuidar\u00e1 em mudar os tempos e a lei<\/em>\u201d. (vs 25). Que tempos e leis voc\u00ea acha que o CRIADOR estaria preocupado em ver mudados? Ele estaria preocupado em rela\u00e7\u00e3o as pequenas e tolas leis humanas? Seu foco aqui \u00e9 a Sua Lei [Moral]. Essa que ele disse que o anticristo mudaria. E isso j\u00e1 aconteceu? Os tempos que ele mudaria s\u00e3o os tempos que o CRIADOR estabeleceu. O CRIADOR estabeleceu a contagem do tempo onde come\u00e7aria e terminaria ao fim da\u00a0tarde. \u201c<em>tarde e manh\u00e3 do primeiro dia&#8230; tarde e manh\u00e3, o segundo dia&#8230;<\/em>\u201d. De uma tarde a outra eram medidos os dias anteriormente e isso foi mudado.\u00a0 Ou seja,\u00a0<em>&#8230;no princ\u00edpio ha trevas\u00a0<\/em>(noite)<em>\u00a0e ent\u00e3o veio a luz\u00a0<\/em>(dia)! E por quem??? Tamb\u00e9m as Escrituras nos apontam para Festas e festivais (estatutos perp\u00e9tuos &#8211; Lv 23) e este\u00a0<em><strong>poder<\/strong><\/em>\u00a0mudou tudo isso. Veremos os detalhes mais \u00e0 frente.<\/span><\/p>\r\n<p style=\"text-align: left;\"><span style=\"font-family: verdana, geneva, sans-serif; font-size: 16px;\"><strong>10.<\/strong>\u00a0Ele\u00a0<strong>governar\u00e1<\/strong>. \u201c<em>&#8230;e eles ser\u00e3o entregues na sua m\u00e3o, por um tempo, e tempos, e a metade de um tempo<\/em>\u201d. (vs 25). Vamos falar sobre isso&#8230; Sobre a confus\u00e3o que os te\u00f3logos de plant\u00e3o sempre fazem com essa parte das profecias.<\/span><\/p>\r\n<p style=\"text-align: left;\"><span style=\"font-family: verdana, geneva, sans-serif; font-size: 16px;\"><strong>11.<\/strong>\u00a0E\u00a0<strong>devorar\u00e1\u00a0<\/strong>toda a terra. \u201c<em>&#8230;o quarto animal ser\u00e1 o quarto reino na terra, o qual ser\u00e1 diferente de todos os reinos; e devorar\u00e1 toda a terra<\/em>\u201d. (v.23). Ser\u00e1 que isso inclui os Estados Unidos? Ser\u00e1 que as na\u00e7\u00f5es poderosas do planeta est\u00e3o sendo controlados por um poder acima deles? Veremos detalhes sobre tudo isso.<\/span><\/p>\r\n<p style=\"text-align: left;\"><span style=\"font-family: verdana, geneva, sans-serif; font-size: 16px;\"><strong>12.<\/strong>\u00a0Ele vai\u00a0<strong>existir\u00a0<\/strong>at\u00e9 o Tempo do Fim. \u201c<em>At\u00e9 que veio o Anci\u00e3o de Dias.<\/em>..\u201d. (vs 22).<\/span><\/p>\r\n<p style=\"text-align: left;\"><span style=\"font-family: verdana, geneva, sans-serif; font-size: 16px;\"><strong>13.<\/strong>\u00a0O seu reino\u00a0<strong>ser\u00e1 tirado<\/strong>\u00a0no fim dos tempos. \u201c<em>Mas o ju\u00edzo ser\u00e1 estabelecido, e<strong>\u00a0eles\u00a0<\/strong>tirar\u00e3o o seu dom\u00ednio, para o destruir e para o desfazer at\u00e9 ao fim<\/em>\u201d. (vS 26). A B\u00edblia diz que ele ser\u00e1 destru\u00eddo pelo esplendor da Vinda do Filho do ETERNO. Portanto, nenhum poder terrestre tirar\u00e1 o seu poder. O pr\u00f3prio CRIADOR vai intervir e somente Ele.<\/span><\/p>\r\n<p style=\"font-weight: 400; text-align: left;\"><span style=\"font-family: verdana, geneva, sans-serif; font-size: 16px;\">N\u00e3o estamos inventando essas coisas. Est\u00e1 no livro de Dayan&#8217;ul. Vamos l\u00e1, deixe de pregui\u00e7a (comodismo) e leia minuciosamente o livro inteiro, sem id\u00e9ias preconcebidas e sem o &#8220;p\u00e9 atr\u00e1s&#8221;.<\/span><\/p>\r\n<p style=\"font-weight: 400; text-align: center;\"><\/p>\r\n<p style=\"font-weight: 400; text-align: center;\"><span style=\"font-family: verdana, geneva, sans-serif; font-size: 20px;\"><strong>QUEM \u00c9 O CHIFRE PEQUENO?<\/strong><\/span><\/p>\r\n<p style=\"font-weight: 400; text-align: left;\"><span style=\"font-family: verdana, geneva, sans-serif; font-size: 16px;\">Foram citados 13 atributos, 13 crit\u00e9rios para analisarmos o chifre pequeno. E h\u00e1 apenas um poder no mundo inteiro, caro leitor, que, historicamente e de qualquer outra forma, se encaixa em todos estes crit\u00e9rios.<\/span><\/p>\r\n<p style=\"font-weight: 400; text-align: left;\"><span style=\"font-family: verdana, geneva, sans-serif; font-size: 16px;\">E muitos j\u00e1 chegaram a esta conclus\u00e3o h\u00e1 anos, porque olharam com aten\u00e7\u00e3o e sem intermedi\u00e1rios para as profecias e as compararam com a Historia. Os que n\u00e3o conseguiram, mesmo estudando, n\u00e3o conseguiram porque preferiram apenas ficar com a palavra de outros, sem um estudo pr\u00f3prio.<\/span><\/p>\r\n<p style=\"font-weight: 400; text-align: left;\"><span style=\"font-family: verdana, geneva, sans-serif; font-size: 16px;\">Minha inten\u00e7\u00e3o e a inten\u00e7\u00e3o de qualquer estudioso comprometido com a Palavra, nunca \u00e9 ferir os sentimentos de ningu\u00e9m. Mas o fato \u00e9 que este poder \u00e9 t\u00e3o claramente identificado que muitos que faziam parte deste poder, decidiram renunciar a ele quando descobriram na Palavra, o que ele representava.<\/span><\/p>\r\n<p style=\"font-weight: 400; text-align: left;\"><span style=\"font-family: verdana, geneva, sans-serif; font-size: 16px;\">\u201cSobre as antigas ru\u00ednas do Imp\u00e9rio Romano se levantou uma nova ordem de Estado, cujo ponto central era a sede papal. Por isso, inevitavelmente resultou numa posi\u00e7\u00e3o n\u00e3o somente nova como tamb\u00e9m muito diferente da anterior.\u201d (\u201cIgreja e as Igrejas\u201d, p\u00e1gs. 42,43) \u2013 Esta \u00e9 uma fonte da Igreja Cat\u00f3lica Romana, dizendo que aqui estava numa posi\u00e7\u00e3o diferente da anterior.<\/span><\/p>\r\n<p style=\"font-weight: 400; text-align: left;\"><span style=\"font-family: verdana, geneva, sans-serif; font-size: 16px;\">Portanto, o \u00daNICO poder que se encaixa perfeitamente com as profecias vistas at\u00e9 aqui \u00e9 a ROMA PAPAL. Este \u00e9 o que a igreja crist\u00e3 primitiva entendia ser o anticristo e veremos mais textos dos pais da igreja afirmando claramente isso. Toda teoria que surgiu fora essa verdade N\u00c3O \u00c9 B\u00cdBLICA.<\/span><\/p>\r\n<p style=\"font-weight: 400; text-align: center;\"><\/p>\r\n<p style=\"font-weight: 400; text-align: center;\"><span style=\"font-family: verdana, geneva, sans-serif; font-size: 16px;\"><strong>Preterismo e Futurismo<\/strong><\/span><\/p>\r\n<p style=\"font-weight: 400; text-align: left;\"><span style=\"font-family: verdana, geneva, sans-serif; font-size: 16px;\">H\u00e1 duas teorias sobre o anticristo no mundo hoje que s\u00e3o ensinadas por TODAS as igrejas [pentecostais, ou melhor, esp\u00edritas] do mundo. Uma \u00e9 a teoria de Rivera e outra \u00e9 a de Alcasar. O que essas teorias ensinam? Elas ensinam: PRETERISMO (ensina que o anticristo veio no passado, no tempo dos gregos, como Antioco Epif\u00e2nio) e FUTURISMO (ensina que o anticristo vir\u00e1 no futuro depois da igreja crist\u00e3 ter sido arrebatada).\u00a0NENHUMA DAS DUAS TEORIAS S\u00c3O B\u00cdBLICAS. Porque as duas violam sistematicamente as profecias de Dayan&#8217;ul cap\u00edtulo 2, 7, 8 e todo o livro de Apocalipse. Elas violam cada pequeno princ\u00edpio (detalhe) b\u00edblico.<\/span><\/p>\r\n<p style=\"font-weight: 400; text-align: center;\"><span style=\"font-family: verdana, geneva, sans-serif; font-size: 16px;\"><strong>Quem era Rivera (1590) e quem era Alcasar (1614)?<\/strong><\/span><\/p>\r\n<p style=\"font-weight: 400; text-align: left;\"><span style=\"font-family: verdana, geneva, sans-serif; font-size: 16px;\">Bem, os dois eram jesu\u00edtas espanh\u00f3is. Portanto, essas s\u00e3o teorias estabelecidas no mundo, depois da Reforma\u00a0Protestante (1517)<strong>\u00a0pela pr\u00f3pria Igreja Romana para tirar a \u00eanfase do papado e por em duas dire\u00e7\u00f5es diferentes<\/strong>. E \u00e9 isso que \u00e9 ensinado amplamente hoje pela cristandade.<\/span><\/p>\r\n<p style=\"font-weight: 400; text-align: left;\"><span style=\"font-family: verdana, geneva, sans-serif; font-size: 16px;\"><strong>O historiador C.C. Eckhardt disse:<\/strong><\/span><br \/><span style=\"font-family: verdana, geneva, sans-serif; font-size: 16px;\">\u201cQuando o Imp\u00e9rio Romano tinha desintegrado toda a sua estrutura e o seu lugar tinha sido tomado por um n\u00famero de rudes reinos b\u00e1rbaros, a Igreja Cat\u00f3lica\u00a0Romana n\u00e3o somente se tornou independente do estado e assuntos religiosos como tamb\u00e9m DOMINOU OS ASSUNTOS SECULARES\u201d. (\u201cO Papado e os assuntos mundiais\u201d; p\u00e1g. 1).<\/span><\/p>\r\n<p style=\"font-weight: 400; text-align: left;\"><span style=\"font-family: verdana, geneva, sans-serif; font-size: 16px;\"><strong>O historiador Thomas Hobbes disse:<\/strong><\/span><br \/><span style=\"font-family: verdana, geneva, sans-serif; font-size: 16px;\">\u201cSe algu\u00e9m considera o dom\u00ednio mundial perceber\u00e1 que o papado n\u00e3o \u00e9 outro sen\u00e3o o fantasma do falecido Imp\u00e9rio Romano sentando e coroado sobre a tumba do mesmo\u201d. (\u201cO Leviat\u00e3\u201d; p\u00e1g. 457).<\/span><\/p>\r\n<p style=\"font-weight: 400; text-align: left;\"><span style=\"font-family: verdana, geneva, sans-serif; font-size: 16px;\">Portanto, Roma na verdade n\u00e3o se foi; ela passou a ser chamada de Igreja Cat\u00f3lica Apost\u00f3lica Romana (ICAR)!<\/span><\/p>\r\n<p style=\"font-weight: 400; text-align: left;\"><span style=\"font-family: verdana, geneva, sans-serif; font-size: 16px;\"><img decoding=\"async\" src=\"https:\/\/www.cyocaminho.org\/lev17.jpg\" class=\"alignleft\" \/>At\u00e9 aqui vimos\u00a0que, diante das profecias apresentadas em Dayan&#8217;ul 2 e 7, o \u00daNICO poder que se encaixa perfeitamente com as profecias vistas at\u00e9 aqui \u00e9 a ROMA PAPAL. Este poder \u00e9 o que a igreja crist\u00e3 primitiva entendia ser\u00a0<strong>o anticristo<\/strong>\u00a0e veremos mais textos dos pais da igreja afirmando claramente isso. Toda teoria que surgiu fora dessa verdade N\u00c3O \u00c9 B\u00cdBLICA.<\/span><\/p>\r\n<p style=\"font-weight: 400; text-align: left;\"><span style=\"font-family: verdana, geneva, sans-serif; font-size: 16px;\">Vimos tamb\u00e9m que h\u00e1 duas teorias sobre o anticristo no mundo hoje que s\u00e3o ensinadas por TODAS as igrejas do mundo. Uma \u00e9 a de Rivera e outra \u00e9 a de Alcasar. O que essas teorias ensinam? Repito: Elas ensinam o PRETERISMO (o anticristo veio no passado, no tempo dos gregos, na pessoa de Ant\u00edoco Epif\u00e2nio) e o FUTURISMO (o anticristo vir\u00e1 no futuro depois da igreja crist\u00e3 ter sido &#8220;arrebatada&#8221; para n\u00e3o sofrer em suas m\u00e3os).\u00a0Afirmamos que NENHUMA DAS DUAS TEORIAS S\u00c3O B\u00cdBLICAS. Porque as duas violam sistematicamente as profecias de Dayan&#8217;ul cap\u00edtulo 7, 8 e todo o livro de Apocalipse. Violam sistematicamente cada pequeno princ\u00edpio b\u00edblico e vamos mostrar isso&#8230;<\/span><\/p>\r\n<p style=\"font-weight: 400; text-align: left;\"><span style=\"font-family: verdana, geneva, sans-serif; font-size: 16px;\">Tamb\u00e9m vimos\u00a0que Rivera e Alcasar, criadores das teorias Preterismo e Futurismo, eram\u00a0<strong>jesu\u00edtas<\/strong>\u00a0<strong>espanh\u00f3is*<\/strong>\u00a0(ma\u00e7\u00f4nicos) e que, portanto, essas s\u00e3o teorias estabelecidas no mundo depois da Reforma pela pr\u00f3pria Igreja Romana\u00a0<strong>para tirar a \u00eanfase e o foco do papado<\/strong>\u00a0e por em duas dire\u00e7\u00f5es diferentes. E \u00e9 isso que \u00e9 ensinado amplamente hoje pela cristandade.<\/span><\/p>\r\n<p style=\"font-weight: 400; text-align: left;\"><span style=\"font-family: verdana, geneva, sans-serif; font-size: 16px;\"><strong>* Nota de oCaminho<\/strong>: O bra\u00e7o negro da ICAR, infiltrado entre os protestantes para desestabiliz\u00e1-los politicamente&#8230; Saiba mais sobre eles &#8211;\u00a0<strong><a href=\"https:\/\/www.cyocaminho.org\/Jesuitas.html\">CLIC!<\/a><\/strong><\/span><\/p>\r\n<p style=\"font-weight: 400; text-align: center;\"><\/p>\r\n<p style=\"font-weight: 400; text-align: center;\"><span style=\"font-family: verdana, geneva, sans-serif; font-size: 16px;\"><strong>O PODER DA ROMA PAPAL<\/strong><\/span><\/p>\r\n<p style=\"font-weight: 400; text-align: left;\"><span style=\"font-family: verdana, geneva, sans-serif; font-size: 16px;\">O Imp\u00e9rio Romano tornou-se a\u00a0<em>Igreja Cat\u00f3lica Apost\u00f3lica Romana<\/em>. Um poder religioso que exerce influ\u00eancias pol\u00edticas. Mais poderoso que os reinos anteriores. Por muito tempo, nenhum rei assumia o seu trono sem a aprova\u00e7\u00e3o da ICAR e isto foi um dos fatos que levou a Inglaterra a romper com o pap\u00edsmo, atrav\u00e9s do anglicanismo!<\/span><\/p>\r\n<p style=\"font-weight: 400; text-align: left;\"><span style=\"font-family: verdana, geneva, sans-serif; font-size: 16px;\"><em>\u201cN\u00f3s definimos que a Santa S\u00e9 Cat\u00f3lica e o Pont\u00edfice Romano, tem a primazia sobre todo o mundo\u201d.\u00a0<\/em>(\u201cO Conc\u00edlio Sacrossanto\u201d, Volume 13, Colunz 1167).<\/span><\/p>\r\n<p style=\"font-weight: 400; text-align: left;\"><span style=\"font-family: verdana, geneva, sans-serif; font-size: 16px;\"><em>\u201cO vig\u00e1rio do encarnado Filho de DEUS, sumo sacerdote ungido e supremo governador temporal (<strong>o papa<\/strong>), sentou-se no seu tribunal para julgar imparcialmente na\u00e7\u00e3o e na\u00e7\u00e3o, povos e pr\u00edncipes, soberanos e s\u00faditos\u201d.\u00a0<\/em>(Cardeal Henry Manning. \u201cO Poder Temporal do Vig\u00e1rio de Cristo\u201d, p\u00e1g. 46, 1862).<\/span><\/p>\r\n<p style=\"font-weight: 400; text-align: left;\"><span style=\"font-family: verdana, geneva, sans-serif; font-size: 16px;\">Ser\u00e1 que Roma Papal AFIRMA que controla todos os outros reinos, sim ou n\u00e3o? Sim, eles mesmos alegam isso!<\/span><\/p>\r\n<p style=\"font-weight: 400; text-align: left;\"><span style=\"font-family: verdana, geneva, sans-serif; font-size: 16px;\"><em>\u201cEnt\u00e3o tive desejo de conhecer a verdade a respeito do quarto animal, que era diferente de todos os outros, muito terr\u00edvel, cujos dentes eram de ferro e as suas unhas de bronze; que devorava, fazia em peda\u00e7os e pisava aos p\u00e9s o que sobrava; E tamb\u00e9m a respeito dos dez chifres que tinha na cabe\u00e7a, e do outro que subiu, e diante do qual ca\u00edram tr\u00eas, isto \u00e9,\u00a0<strong>daquele que tinha olhos, e uma boca que falava grandes coisas<\/strong>, e cujo parecer era mais robusto do que o dos seus companheiros\u201d.\u00a0<\/em>(Dn 7:19-20).<\/span><\/p>\r\n<p style=\"font-weight: 400; text-align: left;\"><span style=\"font-family: verdana, geneva, sans-serif; font-size: 16px;\"><em>\u201c..e eis que neste chifre havia olhos, c<strong>omo os de homem<\/strong>, e\u00a0<strong>uma boca que falava grandes coisas<\/strong>\u201d.\u00a0<\/em>(Dn 7:8).<em>\u201cE foi-lhe permitido fazer guerra aos santos,\u00a0<strong>e venc\u00ea-los;<\/strong>\u00a0e deu-se-lhe poder sobre toda a tribo, e l\u00edngua, e na\u00e7\u00e3o\u201d.\u00a0<\/em>(Ap 13:7).<\/span><\/p>\r\n<p style=\"font-weight: 400; text-align: left;\"><span style=\"font-family: verdana, geneva, sans-serif; font-size: 16px;\">Aqui temos um sistema que se coloca acima do CRIADOR; fala contra o ALT\u00cdSSIMO e destr\u00f3i os santos.<\/span><\/p>\r\n<p style=\"font-weight: 400; text-align: left;\"><span style=\"font-family: verdana, geneva, sans-serif; font-size: 16px;\"><em>\u201cE proferir\u00e1\u00a0<strong>palavras<\/strong>\u00a0contra o Alt\u00edssimo, e destruir\u00e1 os santos do Alt\u00edssimo, e cuidar\u00e1 em mudar os tempos e a lei; e eles ser\u00e3o entregues na sua m\u00e3o, por um tempo, e tempos, e a metade de um tempo\u201d.\u00a0<\/em>(Dn 7:25).<\/span><\/p>\r\n<p style=\"font-weight: 400; text-align: left;\"><span style=\"font-family: verdana, geneva, sans-serif; font-size: 16px;\">Vamos analisar detalhadamente mais na frente esse trecho \u201c<em>por um tempo, tempos e a metade de um tempo<\/em>\u201d.\u00a0Agora vamos analisar o significado da palavra\u00a0<strong>blasf\u00eamia<\/strong>. E veremos se a Roma Papal cumpre os requisitos em rela\u00e7\u00e3o a isso tamb\u00e9m.<\/span><\/p>\r\n<p style=\"font-weight: 400; text-align: center;\"><span style=\"font-family: verdana, geneva, sans-serif; font-size: 16px;\"><strong>Defini\u00e7\u00e3o de blasf\u00eamia na B\u00edblia:<\/strong><\/span><\/p>\r\n<p style=\"font-weight: 400; text-align: left;\"><span style=\"font-family: verdana, geneva, sans-serif; font-size: 16px;\"><em>\u201cEu e o Pai somos um. Os judeus responderam, dizendo-lhe: N\u00e3o te apedrejamos por alguma obra boa, mas pela BLASF\u00caMIA; porque, sendo tu homem, te fazes CRIADOR a ti mesmo\u201d.\u00a0<\/em>(Jo 10:33).<\/span><\/p>\r\n<p style=\"font-weight: 400; text-align: left;\"><span style=\"font-family: verdana, geneva, sans-serif; font-size: 16px;\"><em>\u201cE, vendo ele a f\u00e9 deles, disse-lhe: Homem, os teus pecados te s\u00e3o perdoados. E os escribas e os fariseus come\u00e7aram a arrazoar, dizendo: Quem \u00e9 este que\u00a0<u>diz blasf\u00eamias<\/u>?\u00a0<strong>Quem pode perdoar pecados, sen\u00e3o s\u00f3 o CRIADOR?<\/strong>\u201d\u00a0<\/em>(Lc 5:20-21).<\/span><\/p>\r\n<p style=\"font-weight: 400; text-align: left;\"><span style=\"font-family: verdana, geneva, sans-serif; font-size: 16px;\"><strong>Bem, o que diz a Roma Papal dela mesma? Vejamos:<\/strong><\/span><\/p>\r\n<p style=\"font-weight: 400; text-align: left;\"><span style=\"font-family: verdana, geneva, sans-serif; font-size: 16px;\"><em>\u201cEsta autoridade judicial incluir\u00e1 mesmo poder para perdoar pecados\u201d. (Enciclop\u00e9dia Cat\u00f3lica, Volume 12, Artigo \u201cO papa\u201d, p\u00e1g. 265)<\/em><em>\u00a0<\/em>\u2013 Portanto,\u00a0<strong>Roma diz que pode perdoar pecados<\/strong>.<\/span><\/p>\r\n<p style=\"font-weight: 400; text-align: left;\"><span style=\"font-family: verdana, geneva, sans-serif; font-size: 16px;\"><em>\u201cBusque onde voc\u00ea desejar, nos c\u00e9us e na terra e voc\u00ea encontrar\u00e1 um ser criado que pode perdoar pecados, que pode libert\u00e1-lo das cadeias do inferno. Esse ser extraordin\u00e1rio \u00e9 o padre, o padre cat\u00f3lico\u201d.\u00a0<\/em>(\u201cO Sacerdote Cat\u00f3lico\u201d, p\u00e1g. 78).<\/span><\/p>\r\n<p style=\"font-weight: 400; text-align: left;\"><span style=\"font-family: verdana, geneva, sans-serif; font-size: 16px;\"><em>\u201cTu \u00e9s sacerdote para sempre\u201d, diz o bispo ordenado: \u201cEle j\u00e1 n\u00e3o \u00e9 um homem pecaminoso filho de Ad\u00e3o, mas um \u201cAlter Cristus\u201d: um outro Messias&#8230; Para sempre sacerdote do Sant\u00edssimo, com poder acima do poder do Todo-Poderoso\u201d.\u00a0<\/em>Um outro messias, no lugar do Messias. \u201c<strong>No lugar de<\/strong>\u201d, em grego \u00e9\u00a0<em>anti<strong>*<\/strong><\/em>; ANTI de anticristo! \u00c9 muita ousadia dizer que tem mais poder que o Todo-poderoso.<\/span><\/p>\r\n<p style=\"font-weight: 400; text-align: left;\"><span style=\"font-family: verdana, geneva, sans-serif; font-size: 16px;\"><strong>Nota de oCaminho:<\/strong>\u00a0As pessoas pensam que ANTI \u00e9 ser contr\u00e1rio&#8230; mas, vimos que significa &#8220;estar no lugar de&#8230;&#8221;.<\/span><\/p>\r\n<p style=\"font-weight: 400; text-align: left;\"><span style=\"font-family: verdana, geneva, sans-serif; font-size: 16px;\"><em>\u201cO papa n\u00e3o \u00e9 somente um representante de Cristo, mas ele \u00e9 o pr\u00f3prio Cristo ocultado sob o v\u00e9u da carne\u201d.\u00a0<\/em>(\u201cO Nacional Cat\u00f3lico\u201d, Julho, 1895).<\/span><\/p>\r\n<p style=\"font-weight: 400; text-align: left;\"><span style=\"font-family: verdana, geneva, sans-serif; font-size: 16px;\">Portanto, Roma sempre alegou estar na posi\u00e7\u00e3o do CRIADOR.\u00a0<em>\u201cO pr\u00f3prio Cristo tem de se sujeitar ao julgamento dos padres cat\u00f3licos, tendo que absolver ou condenar segundo os padres cat\u00f3licos perdoam ou n\u00e3o! A senten\u00e7a do sacerdote precede, e Cristo endossa\u201d.\u00a0<\/em>(\u201cDignidades e Deveres dos Padres\u201d, volume 12, p\u00e1g. 27).<\/span><\/p>\r\n<p style=\"font-weight: 400; text-align: left;\"><span style=\"font-family: verdana, geneva, sans-serif; font-size: 16px;\">Roma alega que ela decide quem est\u00e1 salvo ou perdido e que o CRIADOR apenas concorda. E se eles dizem que N\u00c3O, o ETERNO n\u00e3o pode dizer que SIM.\u00a0<strong>Portanto, na concep\u00e7\u00e3o da Igreja Cat\u00f3lica, quem tem mais poder, Roma ou o ETERNO? Ser\u00e1 que isso \u00e9 blasf\u00eamia?<\/strong><\/span><\/p>\r\n<p style=\"font-weight: 400; text-align: left;\"><span style=\"font-family: verdana, geneva, sans-serif; font-size: 16px;\">Cardeal Bellarmine diz:<em>\u00a0\u201cTodos os nomes que s\u00e3o aplicados ao Messias pela virtude do qual se diz que ele est\u00e1 estabelecido acima da Igreja, todos esses mesmos nomes s\u00e3o aplicados ao papa\u201d.\u00a0<\/em>(\u201cSobre a Autoridade dos Conc\u00edlios, Volume 2, p\u00e1g. 266).<\/span><\/p>\r\n<p style=\"font-weight: 400; text-align: left;\"><span style=\"font-family: verdana, geneva, sans-serif; font-size: 16px;\">Isto \u00e9\u00a0uma blasf\u00eamia, caro leitor, da mais alta ordem. Incontest\u00e1vel! Roma simplesmente se considera no LUGAR do ETERNO. Ent\u00e3o Roma cumpre o requisito prof\u00e9tico sobre a blasf\u00eamia de cabo a rabo.<\/span><\/p>\r\n<p style=\"font-weight: 400; text-align: center;\"><span style=\"font-family: verdana, geneva, sans-serif; font-size: 16px;\"><strong>T\u00edtulos Blasfemos do papa<\/strong><\/span><\/p>\r\n<p style=\"font-weight: 400; text-align: left;\"><span style=\"font-family: verdana, geneva, sans-serif; font-size: 16px;\"><em>\u201cDado em Roma de nosso pal\u00e1cio a 10 de fevereiro de 1817, a XIV jurisdi\u00e7\u00e3o do Sant\u00edssimo pont\u00edfice pai de Cristo e nosso senhor deus, papa Le\u00e3o XII\u201d.\u00a0<\/em>(\u201cRoma como \u00e9\u201d, p\u00e1g. 180). Portanto, o papa tem se coroado a si mesmo como DEUS.<\/span><\/p>\r\n<p style=\"font-weight: 400; text-align: left;\"><span style=\"font-family: verdana, geneva, sans-serif; font-size: 16px;\"><em>\u201cN\u00f3s temos nesta terra o lugar do Cristo Todo-Poderoso\u201d.\u00a0<\/em>(\u201cGrandes Cartas Enc\u00edclicas do papa Le\u00e3o XIII\u201d, 20 de junho de 1894).<\/span><\/p>\r\n<p style=\"font-weight: 400; text-align: left;\"><span style=\"font-family: verdana, geneva, sans-serif; font-size: 16px;\"><em>\u201cN\u00f3s decidimos que a Santa S\u00e9 apost\u00f3lica e pont\u00edfice romana det\u00e9m a primazia sobre o mundo inteiro\u201d.\u00a0<\/em>(\u201cO Sacrosanto Conc\u00edlio\u201d, Volume 13, coluna 1167).<\/span><\/p>\r\n<p style=\"font-weight: 400; text-align: left;\"><span style=\"font-family: verdana, geneva, sans-serif; font-size: 16px;\">Ser\u00e1 que Roma controla mesmo o mundo inteiro? N\u00e3o duvide, caro leitor, que este poder assumiria o controle do mundo inteiro porque o fez. E \u00e9 um engano terr\u00edvel quando acreditamos que as na\u00e7\u00f5es N\u00c3O EST\u00c3O MAIS SUJEITAS A ROMA. Veremos isto, agora!<\/span><\/p>\r\n<p style=\"font-weight: 400; text-align: left;\"><span style=\"font-family: verdana, geneva, sans-serif; font-size: 16px;\">H\u00e1 um poder secreto atuando no mundo e o que poucos sabem \u00e9 que ele parte do Vaticano&#8230; N\u00e3o se esque\u00e7am: QUANDO O CHIFRE PEQUENO ASSUMISSE O PODER, DOMINARIA AT\u00c9 O RETORNO DO MESSIAS. Se voc\u00ea se esquecer dessa parte da profecia perder\u00e1 o fio da meada.<\/span><\/p>\r\n<p style=\"font-weight: 400; text-align: left;\"><span style=\"font-family: verdana, geneva, sans-serif; font-size: 16px;\">Tom\u00e1s de Aquino [que acreditava na imortalidade da alma] escreveu:\u00a0<em>\u201cO poder secular \u00e9 sujeito ao poder espiritual assim, como o corpo \u00e9 sujeito \u00e0 &#8220;alma&#8221;; e portanto, n\u00e3o \u00e9 usurpa\u00e7\u00e3o de autoridade que o prelado espiritual interfira em coisas materiais concernente \u00e0quelas quest\u00f5es em que o poder secular est\u00e1 sujeito a ele.\u201d\u00a0<\/em>(Tom\u00e1s de Aquino, \u201cQuaestiones Quodlibetales\u201d, 11.19).<\/span><\/p>\r\n<p style=\"font-weight: 400; text-align: left;\"><span style=\"font-family: verdana, geneva, sans-serif; font-size: 16px;\">O\u00a0<strong>Conc\u00edlio de Trento<\/strong>\u00a0declarou:\u00a0<em>\u201cTodo o dom\u00ednio temporal \u00e9 dele, o dom\u00ednio, a jurisdi\u00e7\u00e3o e o governo da terra inteira, tudo isso \u00e9 seu por direito divino. Todos os soberanos da terra s\u00e3o seus s\u00faditos e devem se submeter a ele\u201d.<\/em><\/span><\/p>\r\n<p style=\"font-weight: 400; text-align: left;\"><span style=\"font-family: verdana, geneva, sans-serif; font-size: 16px;\">Este Conc\u00edlio foi o que determinou o ataque \u00e0 Reforma Protestante. E voc\u00ea pensa que as na\u00e7\u00f5es decidem seus pr\u00f3prios caminhos e governos atualmente? Est\u00e1 enganado se pensa assim. Desde que foi decretado o poder Papal ele AINDA n\u00e3o foi revogado, o que apenas o Eterno far\u00e1 com o retorno de Seu Filho, como diz a profecia de Dayan&#8217;ul. V\u00e1 guardando essas informa\u00e7\u00f5es na mente, pois veremos isso claramente&#8230;<\/span><\/p>\r\n<p style=\"font-weight: 400; text-align: left;\"><span style=\"font-family: verdana, geneva, sans-serif; font-size: 16px;\"><em><img decoding=\"async\" src=\"https:\/\/www.cyocaminho.org\/lev19.jpg\" class=\"alignleft\" \/>\u201cE foi-lhe permitido fazer guerra aos santos, e venc\u00ea-los; e deu-se-lhe poder sobre toda a tribo, e l\u00edngua, e na\u00e7\u00e3o\u201d.\u00a0<\/em>(Ap 13:7).<\/span><\/p>\r\n<p style=\"font-weight: 400; text-align: left;\"><span style=\"font-family: verdana, geneva, sans-serif; font-size: 16px;\">O cat\u00f3lico, Tom\u00e1s de Aquino, tamb\u00e9m disse:\u00a0<em>\u201cOs hereges convictos deveriam ser\u00a0condenados \u00e0 morte t\u00e3o certamente quanto outros criminosos\u201d.<\/em><\/span><\/p>\r\n<p style=\"font-weight: 400; text-align: left;\"><span style=\"font-family: verdana, geneva, sans-serif; font-size: 16px;\"><em>\u201cA Igreja Cat\u00f3lica, ela respeita a consci\u00eancia e liberdade. Mas n\u00e3o \u00e9 distante quando confrontada pela heresia, ela tem que recorrer \u00e0 for\u00e7a, \u00e0 puni\u00e7\u00e3o corporal, \u00e0 tortura. Ela ascendeu na It\u00e1lia&#8230; nas piras funer\u00e1rias da Inquisi\u00e7\u00e3o\u201d.\u00a0<\/em>(Professor Cat\u00f3lico Alfred Baudrillat, \u201cA Igreja Cat\u00f3lica, Renascimento e Protestantismo\u201d, p\u00e1g. 182, 183).<\/span><\/p>\r\n<p style=\"font-weight: 400; text-align: left;\"><span style=\"font-family: verdana, geneva, sans-serif; font-size: 16px;\">Portanto, a Igreja Cat\u00f3lica governou e governa como a mulher governando sobre reis, que \u00e9 como ela se descreve a si mesma. Ap 17<\/span><\/p>\r\n<p style=\"font-weight: 400; text-align: left;\"><span style=\"font-family: verdana, geneva, sans-serif; font-size: 16px;\">A\u00a0<strong>Inquisi\u00e7\u00e3o<\/strong>\u00a0foi uma marca terr\u00edvel deixada na hist\u00f3ria deste mundo. Milh\u00f5es e milh\u00f5es de pessoas foram mortas por Roma. Se voc\u00ea ainda n\u00e3o sabe exatamente o que ela representou, pesquise, caro leitor. \u00c9 a prova cabal da profecia que diz que este poder destruiria os santos. Estamos avan\u00e7ando para momentos espantosos mais uma vez, s\u00f3 que infinitamente pior do que foi a Inquisi\u00e7\u00e3o.<\/span><\/p>\r\n<p style=\"font-weight: 400; text-align: left;\"><\/p>\r\n<p style=\"font-weight: 400; text-align: center;\"><span style=\"font-family: verdana, geneva, sans-serif; font-size: 16px;\"><strong>O PAPADO MUDOU OS TEMPOS<\/strong><\/span><\/p>\r\n<p style=\"font-weight: 400; text-align: center;\"><span style=\"font-family: verdana, geneva, sans-serif; font-size: 16px;\"><em>\u201c..e cuidar\u00e1 em mudar os tempos e a lei\u201d.\u00a0<\/em>(Dn 7:25).<\/span><\/p>\r\n<p style=\"font-weight: 400; text-align: left;\"><span style=\"font-family: verdana, geneva, sans-serif; font-size: 16px;\"><em>\u201cO papa tem poder para mudar tempos, para abolir as leis e prescindir de todas as coisas at\u00e9 mesmo dos preceitos de Cristo\u201d.\u00a0<\/em>(Decretal di Translatio Episcopi).<\/span><\/p>\r\n<p style=\"font-weight: 400; text-align: left;\"><span style=\"font-family: verdana, geneva, sans-serif; font-size: 16px;\">Consegue perceber o tamanho da arrog\u00e2ncia? Roma afirma que pode mudar os tempos e as leis. Ent\u00e3o confirma mais uma vez o que a profecia diz sobre o chifre pequeno.<\/span><\/p>\r\n<p style=\"font-weight: 400; text-align: left;\"><span style=\"font-family: verdana, geneva, sans-serif; font-size: 16px;\">Ser\u00e1 que o papa mudou os tempos? Certamente que o fez. Qual \u00e9 o calend\u00e1rio que n\u00f3s usamos no mundo hoje? Voc\u00ea sabe? Utilizamos o calend\u00e1rio Gregoriano. E quem foi Greg\u00f3rio, caro leitor? Foi um papa!<\/span><\/p>\r\n<p style=\"font-weight: 400; text-align: left;\"><span style=\"font-family: verdana, geneva, sans-serif; font-size: 16px;\">E foram os tempos mudados por autoridade de quem? Dos astr\u00f4nomos jesu\u00edtas. E o que eles mudaram? Mudaram, por exemplo, a data da comemora\u00e7\u00e3o da P\u00e1scoa. Roma n\u00e3o queria comemorar na mesma data que os judaicos. Eles mudaram a p\u00e1scoa para que ela tivesse conformidade com a festa de Easter (deusa da fertilidade e do renascimento. Lebres e ovos coloridos eram os s\u00edmbolos da fertilidade e renova\u00e7\u00e3o \u00e0 ela associados. De seus cultos pag\u00e3os originou-se a P\u00e1scoa cat\u00f3lica seguida sistematicamente pelos &#8220;crentes&#8221;). Essa festividade para os judeus era marcada pela lua nova. Pode cair em qualquer dia da semana, dependendo da lua, que era e sempre foi a marca\u00e7\u00e3o do calend\u00e1rio divino.<\/span><\/p>\r\n<p style=\"font-weight: 400; text-align: left;\"><span style=\"font-family: verdana, geneva, sans-serif; font-size: 16px;\"><strong>Mas o que Roma fez com esta data?<\/strong>\u00a0A p\u00e1scoa romana (a que toda a cristandade comemora atualmente) sempre cai no domingo por causa da festa de Easter, que era comemorada neste dia. Nunca, nunca a p\u00e1scoa romana coincide com a Pessach\/Posqayao (do hebraico significa passagem) judaica, tamb\u00e9m conhecida como \u201cFesta da Liberta\u00e7\u00e3o\u201d, que celebrava a sa\u00edda dos hebreus da escravid\u00e3o no Egito; ap\u00f3s a cruz, passou a significar a nossa sa\u00edda da escravid\u00e3o do pecado!<\/span><\/p>\r\n<p style=\"font-weight: 400; text-align: left;\"><span style=\"font-family: verdana, geneva, sans-serif; font-size: 16px;\">A\u00a0data da p\u00e1scoa judaica caia sempre na lua nova, independente do dia da semana [data fixa &#8211; 14 de Adar]. Ent\u00e3o, o que o decreto do papado fez? O papa mudou a festa para uma semana depois, fazendo com que ela caia sempre em um domingo!<\/span><\/p>\r\n<p style=\"font-weight: 400; text-align: left;\"><span style=\"font-family: verdana, geneva, sans-serif; font-size: 16px;\">Outra mudan\u00e7a clara dos Tempos, caro leitor, \u00e9 que marcamos atualmente o tempo de meia-noite a meia-noite e n\u00e3o mais de p\u00f4r do sol a p\u00f4r do sol como foi definido pelo Eterno na funda\u00e7\u00e3o do mundo. Esta mudan\u00e7a foi t\u00e3o bem aceita que at\u00e9 mesmo os textos b\u00edblicos ADOTARAM esta terminologia (em vez de ao p\u00f4r do sol, traduziram &#8220;meia-noite&#8221;; ex: Lc 11:5; At 16:25; 20:7; etc<\/span><\/p>\r\n<p style=\"font-weight: 400; text-align: left;\"><span style=\"font-family: verdana, geneva, sans-serif; font-size: 16px;\">Portanto, o papado mudou ou n\u00e3o mudou os tempos? Com certeza que sim.\u00a0<em>\u201cO papa tem poder para mudar tempos, para abolir as leis e prescindir de todas as coisas at\u00e9 mesmo dos preceitos de o Messias\u201d.\u00a0<\/em>(Decretal di Translatio Episcopi).<\/span><\/p>\r\n<p style=\"font-weight: 400; text-align: left;\"><\/p>\r\n<p style=\"font-weight: 400; text-align: center;\"><span style=\"font-family: verdana, geneva, sans-serif; font-size: 16px;\"><strong>O PAPADO MUDOU AS LEIS<\/strong><\/span><\/p>\r\n<p style=\"font-weight: 400; text-align: left;\"><span style=\"font-family: verdana, geneva, sans-serif; font-size: 16px;\"><em>\u201cO papa pode modificar a lei divina\u201d.\u00a0<\/em>(\u201cPrompta Bibliotheca\u201d, papa, Artigo 2).<\/span><\/p>\r\n<p style=\"font-weight: 400; text-align: left;\"><span style=\"font-family: verdana, geneva, sans-serif; font-size: 16px;\">O Papado modificou a Lei divina, caro leitor? Ser\u00e1 que ele ousou fazer isso?<\/span><\/p>\r\n<p style=\"font-weight: 400; text-align: left;\"><span style=\"font-family: verdana, geneva, sans-serif; font-size: 16px;\"><strong>Os dez mandamentos como originalmente dados pelo Criador, nas primeiras t\u00e1buas, como eram, voc\u00ea ainda se lembra? Est\u00e1 descrito em Shua&#8217;mos\/\u00caxodo 20:3-17:<\/strong><\/span><\/p>\r\n<p style=\"font-weight: 400; text-align: left;\"><span style=\"font-family: verdana, geneva, sans-serif; font-size: 16px;\"><b><img decoding=\"async\" src=\"https:\/\/www.cyocaminho.org\/lev20.jpg\" class=\"alignleft\" \/>Shuam\u00f3s 20<\/b><\/span><\/p>\r\n<p style=\"font-weight: 400; text-align: left;\"><span style=\"font-family: verdana, geneva, sans-serif; font-size: 16px;\"><i>As Dez Palavras<\/i><\/span><\/p>\r\n<p style=\"text-align: left;\"><span style=\"font-family: verdana, geneva, sans-serif; font-size: 16px;\"><strong><sup>1.<\/sup><\/strong> E o Criador deu-lhes esta Lei:<\/span><br \/><span style=\"font-family: verdana, geneva, sans-serif; font-size: 16px;\"><strong><sup>2-3.<\/sup> <\/strong>Eu Sou UL, o vosso Criador que vos libertou da escravid\u00e3o do Egypto. N\u00e3o prestem cultos aos falsos criadores ou estatuas, sen\u00e3o a mim.<\/span><br \/><span style=\"font-family: verdana, geneva, sans-serif; font-size: 16px;\"><sup><strong>4-5.<\/strong><\/sup> N\u00e3o fa\u00e7am imagens nem esculturas de \u00eddolos: seja do que for que viva nos ares, na terra ou nos mares.\u00a0<\/span><span style=\"font-family: verdana, geneva, sans-serif; font-size: 16px;\">N\u00e3o se inclinem perante elas, nem lhes prestem adora\u00e7\u00e3o. Porque Eu sou o UL, vosso Criador. N\u00e3o admito partilhar o vosso culto com os falsos criadores ou estatuas; e castigo a maldade dos que me ofendem at\u00e9 \u00e0 terceira e at\u00e9 \u00e0 quarta gera\u00e7\u00e3o. <sup><strong>6.<\/strong><\/sup>Mas dispenso o Meu amor sobre milhares dos que Me amam e Me obedecem.<\/span><br \/><span style=\"font-family: verdana, geneva, sans-serif; font-size: 16px;\"><sup><strong>7.<\/strong><\/sup> N\u00e3o fa\u00e7am uso do SH\u00daAM (Nome) de UL\u2019HIM de uma forma irreverente, jurando. N\u00e3o escapar\u00e3o ao castigo se o fizerem.<\/span><br \/><span style=\"font-family: verdana, geneva, sans-serif; font-size: 16px;\"><sup><strong>8-11.<\/strong><\/sup> Respeitem o dia de Shabbos (s\u00e1bado) como um dia santo. Durante seis dias trabalhar\u00e3o, mas o s\u00e9timo ser\u00e1 um dia em que n\u00e3o far\u00e3o qualquer trabalho (remunerado); nem os vossos filhos, nem os vossos servos, nem os vossos animais, tampouco os estrangeiros que vivem convosco. Porque foi tamb\u00e9m em seis dias que UL fez os shu\u00e3-\u00f3lmayao, a terra, os mares e tudo o que neles existe; e ao s\u00e9timo dia re-pousou. Foi assim que o Criador aben\u00e7oou o dia de Shabbos e o reservou para repouso.<\/span><br \/><span style=\"font-family: verdana, geneva, sans-serif; font-size: 16px;\"><sup><strong>12.<\/strong><\/sup>Honrem o vosso pai e a vossa m\u00e3e, para que tenham uma longa vida na terra que o UL, vosso Criador, vos vai dar.<\/span><br \/><span style=\"font-family: verdana, geneva, sans-serif; font-size: 16px;\"><sup><strong>13.<\/strong> <\/sup>N\u00e3o matem.<\/span><br \/><span style=\"font-family: verdana, geneva, sans-serif; font-size: 16px;\"><sup><strong>14.<\/strong><\/sup> N\u00e3o adulterem.<\/span><br \/><span style=\"font-family: verdana, geneva, sans-serif; font-size: 16px;\"><sup><strong>15.<\/strong><\/sup> N\u00e3o roubem.<\/span><br \/><span style=\"font-family: verdana, geneva, sans-serif; font-size: 16px;\"><sup><strong>16.<\/strong><\/sup> N\u00e3o fa\u00e7am uma acusa\u00e7\u00e3o falsa contra ningu\u00e9m.<\/span><br \/><span style=\"font-family: verdana, geneva, sans-serif; font-size: 16px;\"><sup><strong>17.<\/strong><\/sup> N\u00e3o cobicem o que os outros t\u00eam: a casa, a mulher, ovelhas e animais de carga \u2013 nada!<\/span><\/p>\r\n<p style=\"text-align: left;\"><span style=\"font-family: verdana, geneva, sans-serif; font-size: 16px;\">Estes s\u00e3o os <strong>10 mandamentos<\/strong> como est\u00e3o na B\u00edblia [na sua, por ser trinitariana, tamb\u00e9m sofreu mudan\u00e7as no texto; n\u00e3o nos mandamentos] e eram princ\u00edpios divinos seguidos pelos servos do Alt\u00edssimo at\u00e9 a mudan\u00e7a papal.<\/span><\/p>\r\n<p style=\"font-weight: 400; text-align: left;\"><span style=\"font-family: verdana, geneva, sans-serif; font-size: 16px;\"><strong>Veja agora os 10 mandamentos contidos no Catecismo Cat\u00f3lico Romano comparados com os mandamentos que se encontra nas b\u00edblias trinitarianas (tamb\u00e9m corrompidas, mas mesmos assim, cont\u00e9m os mesmos dez mandamentos)<\/strong><\/span><\/p>\r\n<p style=\"text-align: center;\"><img loading=\"lazy\" decoding=\"async\" src=\"https:\/\/www.cyocaminho.org\/lev21.jpg\" width=\"665\" height=\"460\" class=\"alignnone\" \/><\/p>\r\n<p style=\"font-weight: 400; text-align: center;\"><span style=\"font-family: verdana, geneva, sans-serif; font-size: 16px;\"><strong>Vamos analisar as mudan\u00e7as que eles fizeram na Lei do Eterno:<\/strong><\/span><\/p>\r\n<p style=\"font-weight: 400; text-align: left;\"><span style=\"font-family: verdana, geneva, sans-serif; font-size: 16px;\">O segundo mandamento foi removido. \u201cN\u00e3o far\u00e1s para ti imagem de escultura\u201d. \u00c9 \u00f3bvio o motivo, n\u00e3o \u00e9? E o seguinte sobe uma posi\u00e7\u00e3o, que \u00e9 \u201cN\u00e3o tomar seu santo nome em v\u00e3o\u201d.\u00a0Mudaram o quarto mandamento que era para\u00a0<strong>guardar o s\u00e1bado<\/strong>, substituindo a guarda para o domingo, para a ALEGRIA dos evang\u00e9licos!!! (isso vai dar um artigo \u00e0 parte).<\/span><\/p>\r\n<p style=\"font-weight: 400; text-align: left;\"><span style=\"font-family: verdana, geneva, sans-serif; font-size: 16px;\">Portanto, eles ficaram apenas com NOVE mandamentos. E, para alcan\u00e7ar os DEZ, eles pegaram o mandamento sobre a Cobi\u00e7a [o \u00faltimo] e o dividiram em dois.<\/span><\/p>\r\n<p style=\"font-weight: 400; text-align: left;\"><span style=\"font-family: verdana, geneva, sans-serif; font-size: 16px;\"><em>\u201cA Igreja.. depois de ter mudado o dia de descanso, do s\u00e1bado da cria\u00e7\u00e3o; do s\u00e9timo dia para o primeiro dia da semana, fez o terceiro mandamento se referir ao domingo para ser santo e guardado como o dia do CRIADOR\u201d.\u00a0<\/em>(Enciclop\u00e9dia Cat\u00f3lica, Volume 4, p\u00e1g. 153).<\/span><\/p>\r\n<p style=\"font-weight: 400; text-align: left;\"><span style=\"font-family: verdana, geneva, sans-serif; font-size: 16px;\">Com respeito ao mandamento do s\u00e1bado, Lutero disse:<em>\u00a0\u201cEles alegam a mudan\u00e7a do\u00a0<strong>s\u00e1bado para o Dia do Senhor [domingo],<\/strong>\u00a0contrariamente, ao que aparece no<strong>\u00a0Dec\u00e1logo<\/strong>, como uma demonstra\u00e7\u00e3o do seu poder. Eles\u00a0 precisavam mostrar que o poder da igreja era muito grande, uma vez que haviam dado fim a um preceito do Dec\u00e1logo\u201d.\u00a0<\/em>(Creeds of Christendom, Vol. 3, p. 64.).<\/span><\/p>\r\n<p style=\"font-weight: 400; text-align: left;\"><span style=\"font-family: verdana, geneva, sans-serif; font-size: 16px;\">Um dos mais capazes Reformadores,\u00a0<strong>Philipp Melanchton, associado \u00edntimo de Lutero,<\/strong>\u00a0foi at\u00e9 mais espec\u00edfico. Ele declarou:\u00a0<em>\u201cEle mudou os tempos e as leis de modo que agora quaisquer seis dias de trabalho, n\u00e3o os ordenados pelo CRIADOR, tornaram-se dias in\u00fateis . . . tais dias santos abolidos, tornam-se agora dias de trabalho; ordenando seus pr\u00f3prios dias santos quando mudaram o\u00a0<strong>s\u00e1bado para o domingo\u201d<\/strong>.\u00a0<\/em>(Exposicion of Dayan&#8217;ul the Prophte (reunido por George Joye, da obra de Philipp Melanchton, em 1545).<\/span><\/p>\r\n<p style=\"font-weight: 400; text-align: left;\"><span style=\"font-family: verdana, geneva, sans-serif; font-size: 16px;\"><strong>Nota de oCaminho<\/strong>: Lutero sabia disto e mesmo assim suas denomina\u00e7\u00f5es [Calvino seguiu pelo mesmo caminho dele] seguem o papa, santificando o domingo a despeito das Escrituras nos mostrarem que o dia sagrado do criador continua sendo o s\u00e1bado &#8211; Mt 5:17-18.<\/span><\/p>\r\n<p style=\"font-weight: 400; text-align: left;\"><span style=\"font-family: verdana, geneva, sans-serif; font-size: 16px;\">O\u00a0Dr. Edward T. Hiscox, erudito e te\u00f3logo batista, autor do The Baptist Manual (Manual Batista), dirigiu-se a um grupo de ministros em Nova York sobre essa quest\u00e3o. A respeito do domingo como dia de culto ele disse:<strong>\u00a0<\/strong><em><b>\u201cQue pena que venha assinalado com a marca do paganismo, batizado com o nome do deus-sol quando adotado e sancionado pela apostasia papal, e legado como uma sagrada heran\u00e7a para o protestantismo\u201d.<\/b><\/em><\/span><\/p>\r\n<p style=\"font-weight: 400; text-align: left;\"><\/p>\r\n<p style=\"font-weight: 400; text-align: center;\"><span style=\"font-family: verdana, geneva, sans-serif; font-size: 16px;\"><strong>Segue abaixo o Catecismo do Converso da Doutrina Cat\u00f3lica, p\u00e1g. 80:<\/strong><\/span><\/p>\r\n<p style=\"font-weight: 400; text-align: left;\"><span style=\"font-family: verdana, geneva, sans-serif; font-size: 16px;\"><u>Pergunta<\/u>:<\/span><br \/><span style=\"font-family: verdana, geneva, sans-serif; font-size: 16px;\"><em>Qual \u00e9 o s\u00e9timo dia?<\/em><\/span><\/p>\r\n<p style=\"font-weight: 400; text-align: left;\"><span style=\"font-family: verdana, geneva, sans-serif; font-size: 16px;\"><u>Resposta<\/u>:<\/span><br \/><span style=\"font-family: verdana, geneva, sans-serif; font-size: 16px;\"><em>O s\u00e1bado \u00e9 o s\u00e9timo dia<\/em>.<\/span><\/p>\r\n<p style=\"font-weight: 400; text-align: left;\"><span style=\"font-family: verdana, geneva, sans-serif; font-size: 16px;\"><u>Pergunta<\/u>:<\/span><br \/><span style=\"font-family: verdana, geneva, sans-serif; font-size: 16px;\"><em>Por que n\u00f3s observamos o domingo em vez do s\u00e1bado?<\/em><\/span><\/p>\r\n<p style=\"font-weight: 400; text-align: left;\"><span style=\"font-family: verdana, geneva, sans-serif; font-size: 16px;\"><u>Resposta<\/u>:<\/span><br \/><span style=\"font-family: verdana, geneva, sans-serif; font-size: 16px;\"><em>N\u00f3s observamos o domingo em vez do s\u00e1bado porque a Igreja Cat\u00f3lica, no Conc\u00edlio de Laodic\u00e9ia, transferiu a solenidade do s\u00e1bado para o domingo.\u201d<\/em><\/span><\/p>\r\n<p style=\"font-weight: 400; text-align: left;\"><span style=\"font-family: verdana, geneva, sans-serif; font-size: 16px;\">Ent\u00e3o eles mudaram os TEMPOS, mudaram as LEIS. Sim ou n\u00e3o? Mudaram, sim. Exatamente conforme a profecia em rela\u00e7\u00e3o ao chifre pequeno. H\u00e1 d\u00favida sobre quem \u00e9 o chifre pequeno?<\/span><\/p>\r\n<p style=\"font-weight: 400; text-align: left;\"><span style=\"font-family: verdana, geneva, sans-serif; font-size: 16px;\"><em>\u201cE proferir\u00e1 palavras contra o Alt\u00edssimo, e destruir\u00e1 os santos do Alt\u00edssimo, e cuidar\u00e1 em mudar os tempos e a lei; e eles ser\u00e3o entregues na sua m\u00e3o, por um tempo, e tempos, e a metade de um tempo\u201d.\u00a0<\/em>(Dn 7:25).<\/span><\/p>\r\n<p style=\"font-weight: 400; text-align: left;\"><\/p>\r\n<p style=\"font-weight: 400; text-align: center;\"><span style=\"font-family: verdana, geneva, sans-serif; font-size: 16px;\"><strong>ELE GOVERNAR\u00c1 POR UM TEMPO, E TEMPOS, E A METADE DE UM TEMPO<\/strong><\/span><\/p>\r\n<p style=\"font-weight: 400; text-align: center;\"><span style=\"font-family: verdana, geneva, sans-serif; font-size: 16px;\">O anjo tamb\u00e9m disse por quanto tempo esse poder devia estar em controle:<em>\u00a0\u201cum tempo, tempos e metade de um tempo\u201d.\u00a0<\/em>(Dn 7:25).<\/span><\/p>\r\n<p style=\"font-weight: 400; text-align: left;\"><span style=\"font-family: verdana, geneva, sans-serif; font-size: 16px;\">Um \u201ctempo\u201d era um ano, \u201ctempos\u201d seriam dois anos, e metade de um tempo seria metade de um ano (ver Dn 12:7), fazendo um total de tr\u00eas anos e meio. Um ano judaico, reconhecido por eruditos b\u00edblicos, tem 360 dias, sendo esta a m\u00e9dia entre um ano lunar de 356 dias e um ano solar de 365 dias. Somemos estes n\u00fameros todos:<\/span><\/p>\r\n<ul style=\"text-align: left;\">\r\n<li style=\"font-weight: 400;\"><span style=\"font-family: verdana, geneva, sans-serif; font-size: 16px;\">1 tempo = 360 dias<\/span><\/li>\r\n<li style=\"font-weight: 400;\"><span style=\"font-family: verdana, geneva, sans-serif; font-size: 16px;\">2 tempos = 720 dias<\/span><\/li>\r\n<li style=\"font-weight: 400;\"><span style=\"font-family: verdana, geneva, sans-serif; font-size: 16px;\">1\/2 de um tempo = 180 dias<\/span><\/li>\r\n<li style=\"font-weight: 400;\"><span style=\"font-family: verdana, geneva, sans-serif; font-size: 16px;\">Total = 1.260 dias<\/span><\/li>\r\n<\/ul>\r\n<p style=\"font-weight: 400; text-align: left;\"><span style=\"font-family: verdana, geneva, sans-serif; font-size: 16px;\">Em profecia simb\u00f3lica, um dia pode representar um ano literal, como em Ez 4:6,7a:\u00a0<em>\u201cQuando tiveres cumprido estes dias, deitar-te-\u00e1s sobre o teu lado direito, e levar\u00e1s sobre ti a iniquidade da casa de Yaohu&#8217;dah. Quarenta dias te dei, cada dia por um ano\u201d<\/em>. E Nm 14:34,\u00a0<em>\u201cSegundo o n\u00famero dos dias em que espiastes a terra, quarenta dias, cada dia representando um ano, levareis sobre v\u00f3s as vossas iniquidades quarenta anos, e tereis conhecimento do meu desagrado\u201d.<\/em><\/span><\/p>\r\n<p style=\"font-weight: 400; text-align: left;\"><span style=\"font-family: verdana, geneva, sans-serif; font-size: 16px;\"><strong>Da\u00ed, 1.260 dias prof\u00e9ticos seriam 1.260 anos literais.<\/strong><\/span><\/p>\r\n<p style=\"font-weight: 400; text-align: left;\"><span style=\"font-family: verdana, geneva, sans-serif; font-size: 16px;\"><em>\u201c..e destruir\u00e1 os santos do Alt\u00edssimo, e cuidar\u00e1 em mudar os tempos e a lei; e eles ser\u00e3o entregues na sua m\u00e3o, por um tempo, e tempos, e a metade de um tempo\u201d.\u00a0<\/em>(Dn 7:25).<\/span><\/p>\r\n<p style=\"font-weight: 400; text-align: left;\"><span style=\"font-family: verdana, geneva, sans-serif; font-size: 16px;\"><strong>Agora vamos olhar para a hist\u00f3ria e ver POR QUANTO TEMPO o Poder Papal agiu com for\u00e7a total CONTRA os santos do Alt\u00edssimo. George Finley diz:<\/strong><\/span><\/p>\r\n<p style=\"font-weight: 400; text-align: left;\"><span style=\"font-family: verdana, geneva, sans-serif; font-size: 16px;\"><em>\u201cCom a conquista de Roma por Belis\u00e1rio, come\u00e7a a hist\u00f3ria da Idade M\u00e9dia.\u201d (\u201cGr\u00e9cia sob o dom\u00ednio de Roma\u201d, p\u00e1g. 295).<\/em><\/span><\/p>\r\n<p style=\"font-weight: 400; text-align: left;\"><span style=\"font-family: verdana, geneva, sans-serif; font-size: 16px;\"><em>Phillip Schalf diz:\u00a0\u201cVirg\u00edlio.. ascendeu ao trono papal em 538 d.Y., sobre a prote\u00e7\u00e3o militar de Belis\u00e1rio\u201d.\u00a0<\/em>(\u201cHist\u00f3ria da Igreja Romana\u201d, Volume 3, p\u00e1g. 327). Portanto, quando Roma foi conquistada e os Ostrogodos foram removidos, a hist\u00f3ria da Idade M\u00e9dia come\u00e7ou. Foi exatamente aqui que o poder do chifre pequeno assumiu a sua autoridade DE FATO. Em 538 d.Y. este poder come\u00e7ou a reinar com toda for\u00e7a no mundo daquela \u00e9poca contra os santos. Porque o que impedia que esse poder se manifestasse de fato era o Estado Romano, nesse caso o \u00faltimo que restava ser removido era os Ostrogodos. E assim que esse \u00faltimo reino foi destru\u00eddo, Roma Papal, com o papa Virg\u00edlio no trono [o primeiro papa; n\u00e3o PEDRO, como diz a ICAR],\u00a0<strong>iniciou o seu governo mundial<\/strong>. Nada mais estava no caminho do anticristo descrito nas profecias.<\/span><\/p>\r\n<p style=\"font-weight: 400; text-align: left;\"><span style=\"font-family: verdana, geneva, sans-serif; font-size: 16px;\">O papa come\u00e7ou a governar de fato ap\u00f3s um decreto de Justiniano, que diz que o papa seria o corretor dos hereges e o governador de todas as igrejas. Este per\u00edodo foi conhecido como a Idade das Trevas.<\/span><\/p>\r\n<p style=\"font-weight: 400; text-align: left;\"><span style=\"font-family: verdana, geneva, sans-serif; font-size: 16px;\">Agora some a\u00ed. Se voc\u00ea acrescentar 1260 anos a data de 538, chegamos ao ano de 1798.\u00a0<em>\u201c..e eles (santos) ser\u00e3o entregues na sua m\u00e3o, por um tempo, e tempos, e a metade de um tempo.\u201d<\/em>\u00a0O que aconteceu no ano de 1798, caro leitor?<\/span><\/p>\r\n<p style=\"font-weight: 400; text-align: left;\"><span style=\"font-family: verdana, geneva, sans-serif; font-size: 16px;\"><em>\u201cBerthie entrou em Roma em 10 de fevereiro de 1798 e proclamou a rep\u00fablica.. Metade da Europa pensou que o veto de Napole\u00e3o seria obedecido\u201d.\u00a0<\/em>(\u201cO Papado Moderno\u201d, Rev. Joseph Rickabi, p\u00e1g. 1).<\/span><\/p>\r\n<p style=\"font-weight: 400; text-align: left;\"><span style=\"font-family: verdana, geneva, sans-serif; font-size: 16px;\">Os Reformadores Protestantes dos s\u00e9culos dezesseis e dezessete desafiaram o poder da igreja, mas somente em 1798 o poder papal na Europa foi severamente\u00a0enfraquecido. Nesse ano, durante as Guerras Napole\u00f4nicas, o papa Pio VI foi feito prisioneiro em Roma pelo General Berthie, da Fran\u00e7a. Ele morreu no ex\u00edlio\u00a0um ano e meio depois. De 538 d.Y. a 1798 d.Y.. Assim, caro leitor, temos 1.260 anos. PROFECIA CUMPRIDA!!! N\u00e3o \u00e9 tremendo???<\/span><\/p>\r\n<p style=\"font-weight: 400; text-align: left;\"><span style=\"font-family: verdana, geneva, sans-serif; font-size: 16px;\">A pris\u00e3o do papa Pio causou grande sensa\u00e7\u00e3o. Muitos protestantes, reconhecendo nesse ato o cumprimento das profecias de Dayan&#8217;ul e Apocalipse, sentiam que o evento tanto confirmava as Verdades que haviam proclamado como inspiraram um intenso estudo das profecias. Estudaram especialmente as profecias de car\u00e1ter escatol\u00f3gico, as que diziam respeito ao retorno do Messias. O resultado foi um grande despertamento espiritual na Europa, no Oriente M\u00e9dio, na\u00a0Am\u00e9rica do Norte e do Sul, mesmo em terra t\u00e3o distante quanto a Austr\u00e1lia.<\/span><\/p>\r\n<p style=\"font-weight: 400; text-align: left;\"><span style=\"font-family: verdana, geneva, sans-serif; font-size: 16px;\">As palavras do anjo, adquiriram novo significado:\u00a0\u201c<em>Mas depois se assentar\u00e1 o tribunal para lhe tirar o dom\u00ednio, para o destruir e o consumir at\u00e9 ao fim. O reino e o dom\u00ednio, e a majestade dos reinos debaixo\u00a0de todo o c\u00e9u, ser\u00e3o dados ao povo dos santos do Alt\u00edssimo; o seu reino ser\u00e1 um reino eterno, e todos os dom\u00ednios o servir\u00e3o e lhe obedecer\u00e3o. Aqui terminou o\u00a0assunto. Quanto a mim, Dayan&#8217;ul, os meus pensamentos muito me perturbaram, e o meu rosto se empalideceu; mas guardei estas cousas no cora\u00e7\u00e3o<\/em>\u201d. (Dm7:26-28).<\/span><\/p>\r\n<p style=\"font-weight: 400; text-align: left;\"><span style=\"font-family: verdana, geneva, sans-serif; font-size: 16px;\">Repetimos, os 1260 anos estavam baseados em 1260 dias que \u00e9 o mesmo que dizer \u201ctr\u00eas anos e meio prof\u00e9ticos\u201d e que \u00e9 o mesmo que dizer 42 meses. Porque 42 vezes 30 \u00e9 igual a 1260.<\/span><\/p>\r\n<p style=\"font-weight: 400; text-align: left;\"><span style=\"font-family: verdana, geneva, sans-serif; font-size: 16px;\"><strong>Agora preste aten\u00e7\u00e3o como esse MESMO ANO prof\u00e9tico \u00e9 descrito em outros textos, referindo-se a este mesmo per\u00edodo da hist\u00f3ria:<\/strong><\/span><\/p>\r\n<ul style=\"text-align: left;\">\r\n<li style=\"font-weight: 400;\"><span style=\"font-family: verdana, geneva, sans-serif; font-size: 16px;\">Dn 7:25 n\u00f3s lemos \u201cum tempo, e tempos, e metade de um tempo\u201d;<\/span><\/li>\r\n<li style=\"font-weight: 400;\"><span style=\"font-family: verdana, geneva, sans-serif; font-size: 16px;\">Dn 12:7 n\u00f3s lemos \u201cum tempo, e tempos, e metade de um tempo\u201d;<\/span><\/li>\r\n<li style=\"font-weight: 400;\"><span style=\"font-family: verdana, geneva, sans-serif; font-size: 16px;\">Em Ap 11:2 n\u00f3s lemos \u201cquarenta e dois meses\u201d;<\/span><\/li>\r\n<li style=\"font-weight: 400;\"><span style=\"font-family: verdana, geneva, sans-serif; font-size: 16px;\">Em Ap 11:3 n\u00f3s lemos \u201cmil duzentos e sessenta dias\u201d;<\/span><\/li>\r\n<li style=\"font-weight: 400;\"><span style=\"font-family: verdana, geneva, sans-serif; font-size: 16px;\">Em Ap 12:6 n\u00f3s lemos \u201cmil duzentos e sessenta dias\u201d;<\/span><\/li>\r\n<li style=\"font-weight: 400;\"><span style=\"font-family: verdana, geneva, sans-serif; font-size: 16px;\">Em Ap 12:14 n\u00f3s lemos \u201cum tempo, e tempos, e metade de um tempo\u201d;<\/span><\/li>\r\n<\/ul>\r\n<p style=\"font-weight: 400; text-align: left;\"><span style=\"font-family: verdana, geneva, sans-serif; font-size: 16px;\"><strong>Por\u00e9m, o texto continua:<\/strong><em>\u00a0\u201cE vi uma das suas cabe\u00e7as como ferida de morte,\u00a0<strong>e a sua chaga mortal foi curada<\/strong>; e toda a terra se maravilhou ap\u00f3s a besta\u201d.\u00a0<\/em>(Ap 13:3).<\/span><\/p>\r\n<p style=\"font-weight: 400; text-align: left;\"><span style=\"font-family: verdana, geneva, sans-serif; font-size: 16px;\">O mesmo poder que governou sobre os santos por 1260 anos recebe uma ferida mortal em 1798 e se levanta novamente depois disso, em 1929 [Mussolini restaura o papado, cercando uma por\u00e7\u00e3o de Roma, para ser a sua sede mundial &#8211; o reino do Vaticano] e o mundo inteiro continuou sujeito a ele. Isso \u00e9 o que a B\u00edblia diz:\u00a0<em>\u201cE foi-lhe permitido fazer guerra aos santos, e venc\u00ea-los; e deu-se-lhe poder sobre toda a tribo, e l\u00edngua, e na\u00e7\u00e3o\u201d.\u00a0<\/em>(Ap 13:7).<\/span><\/p>\r\n<p style=\"font-weight: 400; text-align: center;\"><span style=\"font-family: verdana, geneva, sans-serif; font-size: 20px;\"><strong>Ressurgimento do Poder Papal com for\u00e7a total<\/strong><\/span><\/p>\r\n<p style=\"font-weight: 400; text-align: center;\"><span style=\"font-family: verdana, geneva, sans-serif; font-size: 16px;\">Com isto, novamente a profecia se cumpre ao descrever o local do seu reino:\u00a0<em>\u201cAqui h\u00e1 sentido, que tem sabedoria. As sete cabe\u00e7as s\u00e3o sete montes, sobre os quais a mulher est\u00e1 assentada\u201d.\u00a0<\/em>(Ap 17:9).<\/span><\/p>\r\n<p style=\"text-align: center;\"><img decoding=\"async\" src=\"https:\/\/www.cyocaminho.org\/SetMonts.jpg\" class=\"alignnone\" \/><\/p>\r\n<p style=\"font-weight: 400; text-align: left;\"><span style=\"font-family: verdana, geneva, sans-serif; font-size: 16px;\">A mulher [a prostituta &#8211; vs 3 a 5] representa especificamente a Igreja de Roma e a besta que a carrega \u00e9 ha&#8217;satan. O anjo explica que as sete cabe\u00e7as da besta que carrega a mulher representam os sete montes de Roma.<\/span><\/p>\r\n<blockquote>\r\n<p style=\"font-weight: 400;\"><span style=\"font-family: verdana, geneva, sans-serif; font-size: 16px;\">Roma \u00e9 conhecida como a Cidade dos Sete Montes e esta regi\u00e3o corresponde \u00e0 Roma antiga, a qual passou a ser a sede do papado!<\/span><\/p>\r\n<\/blockquote>\r\n<p style=\"font-weight: 400; text-align: left;\"><span style=\"font-family: verdana, geneva, sans-serif; font-size: 16px;\">O verso 9 de apocalipse 17 explica o significado das sete cabe\u00e7as da besta do abismo e o verso 10 explica as sete cabe\u00e7as da besta que subiu do mar. (Ver Ap 13:1; 17:8-10).<\/span><\/p>\r\n<p style=\"font-weight: 400; text-align: left;\"><span style=\"font-family: verdana, geneva, sans-serif; font-size: 16px;\">\u201c<strong>E s\u00e3o tamb\u00e9m sete reis<\/strong>\u201d (Ap 17:9). O anjo disse que as sete cabe\u00e7as da besta que subiu do mar s\u00e3o sete reis. Pense comigo: O que \u00e9 um Rei? Um rei precisa ter um\u00a0reino que se submeta a ele, um Estado soberano territorialmente delimitado e uma sede do poder.<\/span><\/p>\r\n<p style=\"font-weight: 400; text-align: left;\"><span style=\"font-family: verdana, geneva, sans-serif; font-size: 16px;\">Antes de 1798 os papas reinaram absolutos sobre os Estados Papais. Setenta e dois anos mais tarde, ap\u00f3s o golpe mortal de 1798 (Ap 13:3), em 1870, esses estados foram absorvidos pela It\u00e1lia (Roy Allan Anderson, O Apocalipse Revelado, 156). Ent\u00e3o, o papado perdeu o status de rei; n\u00e3o mais possu\u00eda um reino!<\/span><\/p>\r\n<p style=\"font-weight: 400; text-align: left;\"><span style=\"font-family: verdana, geneva, sans-serif; font-size: 16px;\">Foi ent\u00e3o que\u00a0em 1929 o Tratado de Latr\u00e3o restaurou o poder temporal do papa, o qual recebeu o dom\u00ednio da Cidade do Vaticano. Este Tratado refere-se ao in\u00edcio da cura da ferida mortal porque devolveu ao papa o status perdido de REI e soberano. Mas, um detalhe importante: o Tratado de Latr\u00e3o n\u00e3o lhe devolveu a supremacia perdida.<\/span><\/p>\r\n<p style=\"font-weight: 400; text-align: left;\"><span style=\"font-family: verdana, geneva, sans-serif; font-size: 16px;\"><strong>O profeta Jo\u00e3o\/Yao&#8217;khanan previu que haveria uma restaura\u00e7\u00e3o muito maior do papado, a recupera\u00e7\u00e3o da supremacia perdida (42 meses),\u00a0quando (ent\u00e3o) toda a terra adorar\u00e1 a besta!<\/strong><\/span><\/p>\r\n<p style=\"font-weight: 400; text-align: left;\"><span style=\"font-family: verdana, geneva, sans-serif; font-size: 16px;\">A interpreta\u00e7\u00e3o dada pelo anjo no verso 10, apontam as sete cabe\u00e7as como: sete reis na cidade de Roma no contexto do tempo do\u00a0fim, e, como j\u00e1 mostramos, de 1929 para frente o papa voltou a ser mundialmente reconhecido como rei e\u00a0estadista. O Estado do Vaticano \u00e9 o menor e mais poderoso pa\u00eds do mundo!<\/span><\/p>\r\n<p style=\"font-weight: 400; text-align: left;\"><span style=\"font-family: verdana, geneva, sans-serif; font-size: 16px;\">O verso 10 est\u00e1 falando do papado porque em Apocalipse 13:1-3 a cabe\u00e7a ferida representaria o golpe desferido contra o papado em 1798.\u00a0A besta que subiu do mar representa a Igreja de Roma e as sete cabe\u00e7as representam, os\u00a0cabe\u00e7as dessa igreja, \u201creis\u201d que se assentam na cidade dos sete montes; essa \u00e9 uma refer\u00eancia aos papas modernos; de 1929 para\u00a0frente.<\/span><\/p>\r\n<p style=\"font-weight: 400; text-align: left;\"><span style=\"font-family: verdana, geneva, sans-serif; font-size: 16px;\">O profeta Yao&#8217;khanan viu nas \u201csete cabe\u00e7as\u201d um nome de blasf\u00eamia (Ap 13:1). Os nomes de blasf\u00eamia identificam diretamente o papado\u00a0que com arrog\u00e2ncia se intitula o CRIADOR na Terra, como tamb\u00e9m vimos em Dn 7. Eles afirmam ter poder para perdoar pecado. Eles mudaram a Lei do CRIADOR. Eles afirmam que possuem infalibilidade. Enfim, nas profecias de Dayan&#8217;ul e Apocalipse os\u00a0nomes de blasf\u00eamia dizem respeito diretamente ao papado.<\/span><\/p>\r\n<p style=\"font-weight: 400; text-align: left;\"><span style=\"font-family: verdana, geneva, sans-serif; font-size: 16px;\">O trono do drag\u00e3o j\u00e1 estava na cidade dos sete montes antes de existir o papado: \u201cE ao anjo da igreja que est\u00e1 em P\u00e9rgamo\u00a0escreve\u2026 Eu sei as tuas obras, e onde habitas, que \u00e9 onde est\u00e1 o trono de ha&#8217;satan\u201d (Ap 2:12-13). O trono de ha&#8217;satan veio\u00a0de Babil\u00f4nia para P\u00e9rgamo e de P\u00e9rgamo para Roma (<a href=\"https:\/\/es.netlog.com\/giv1\/blog\/tag=PROFEC%C3%8DA\">https:\/\/es.netlog.com\/giv1\/blog\/tag=PROFEC%C3%8DA<\/a>).<\/span><\/p>\r\n<p style=\"font-weight: 400; text-align: left;\"><span style=\"font-family: verdana, geneva, sans-serif; font-size: 16px;\">Apocalipse 13:2 diz que ha&#8217;satan deu o seu trono \u00e0 besta que subiu do mar, a Igreja de Roma; e as sete cabe\u00e7as dessa besta\u00a0representam os pont\u00edfices de Roma na era moderna: \u201c<em>&#8230;a besta que era e j\u00e1 n\u00e3o \u00e9, mas que vir\u00e1<\/em>\u201d. (Ap 17:8). O poder papal n\u00e3o existia ainda; o papado s\u00f3 surgiu no s\u00e9culo VI.<\/span><\/p>\r\n<p style=\"font-weight: 400; text-align: left;\"><span style=\"font-family: verdana, geneva, sans-serif; font-size: 16px;\">Em Ap 12:5-6 fala de Yaohushua sendo arrebatado para o c\u00e9u e a Sua igreja ficando na Terra,\u00a0fugindo para o deserto e sendo perseguida pelo drag\u00e3o por 1260 anos\u2026 O contexto est\u00e1 falando da primeira grande persegui\u00e7\u00e3o\u00a0da igreja crist\u00e3 durante a Idade M\u00e9dia que durou exatamente este tempo, como tamb\u00e9m vimos em Dayan&#8217;ul 7.<\/span><\/p>\r\n<p style=\"font-weight: 400; text-align: left;\"><span style=\"font-family: verdana, geneva, sans-serif; font-size: 16px;\">O contexto do cap\u00edtulo treze de Apocalipse \u00e9 o tempo do fim, pois a \u00eanfase \u00e9 a cura da ferida mortal (1929). Ap 13:5 volta a\u00a0falar de uma supremacia papal de 42 meses no contexto dos \u00faltimos dias.<\/span><\/p>\r\n<p style=\"font-weight: 400; text-align: left;\"><span style=\"font-family: verdana, geneva, sans-serif; font-size: 16px;\">\u201c<em>A besta que era<\/em>\u201d (Ap 17.8) \u2013 Fala da sua supremacia papal durante a Idade M\u00e9dia de 538 a 1798; \u201c<em>e j\u00e1 n\u00e3o \u00e9<\/em>\u201d \u2013 fala da sua ferida mortal: 1798-1929; \u201c<em>mas que vir\u00e1<\/em>\u201d \u2013 mostra a restaura\u00e7\u00e3o papal e sua supremacia de 42 meses conforme Ap 13:5; e finalmente fala da sua\u00a0destrui\u00e7\u00e3o no final dos 42 meses conforme Ap 17:16.<\/span><\/p>\r\n<p style=\"font-weight: 400; text-align: left;\"><span style=\"font-family: verdana, geneva, sans-serif; font-size: 16px;\">\u201c<em>A besta que viste foi e j\u00e1 n\u00e3o \u00e9, e h\u00e1 de subir do abismo, e ir\u00e1 \u00e0 perdi\u00e7\u00e3o<\/em>\u201d \u2013 Subir do abismo significa ressurgir, voltar dos mortos. Mas n\u00e3o necessariamente significa que quem voltar\u00e1 \u00e9 o sexto papa que morreu, mas tamb\u00e9m um poder que morreu e ressurgir\u00e1.<\/span><\/p>\r\n<p style=\"font-weight: 400; text-align: left;\"><span style=\"font-family: verdana, geneva, sans-serif; font-size: 16px;\">Incr\u00edvel observar que o tempo da primeira ang\u00fastia na Idade M\u00e9dia foi em tempo prof\u00e9tico, 1260 anos (538-1798). A B\u00edblia,\u00a0por\u00e9m, fala de um outro tempo de ang\u00fastia: \u201c<em>Porque haver\u00e1 ent\u00e3o grande afli\u00e7\u00e3o, como nunca houve desde o princ\u00edpio do mundo\u00a0at\u00e9 agora, nem t\u00e3o pouco h\u00e1 de have<\/em>r\u201d. \u2026\u201c<em>e se aqueles dias n\u00e3o fossem abreviados\u2026<\/em>\u201d. Yaohushua est\u00e1 dizendo que a \u00faltima\u00a0ang\u00fastia ser\u00e1 abreviada. Como? De tempo prof\u00e9tico para literal, de 1260 anos para 42 meses. \u2026\u201c<em>mas por causa dos escolhidos\u00a0ser\u00e3o abreviados aqueles dias. Ent\u00e3o se algu\u00e9m vos disser: Eis que o Messias est\u00e1 aqui, ou ali, n\u00e3o lhe deis cr\u00e9dito<\/em>\u201d. (Mt\u00a024:21-23).<\/span><\/p>\r\n<p style=\"font-weight: 400; text-align: left;\"><span style=\"font-family: verdana, geneva, sans-serif; font-size: 16px;\">Preste aten\u00e7\u00e3o. N\u00e3o podemos descartar que o Tratado de Latr\u00e3o de 1929 refere-se ao in\u00edcio da cura da ferida mortal. O acordo\u00a0assinado entre Mussolini e o Vaticano devolveu para o papado o status de REI e estadista; desde ent\u00e3o o papado tem crescido\u00a0em poder, popularidade e influ\u00eancia.<\/span><\/p>\r\n<p style=\"font-weight: 400; text-align: left;\"><span style=\"font-family: verdana, geneva, sans-serif; font-size: 16px;\">Olha que interessante coincid\u00eancia (ser\u00e1?). O Tratado de Latr\u00e3o foi assinado no mesmo dia e m\u00eas (11 de fevereiro) que o papa Bento XVI renunciou (ou foi obrigado a isso?). E nunca esque\u00e7am que o 11 \u00e9 um n\u00famero importante dentro do Satanismo. Em 11 de fevereiro de 1929 O cardeal Gasparri e o ministro Mussolini (representante do rei da It\u00e1lia) assinaram os tr\u00eas documentos que constitu\u00edam o Tratado. Devido a ter sido assinado no Pal\u00e1cio de Latr\u00e3o, o Tratado passou a ser conhecido como o Tratado de Latr\u00e3o. Era criado assim um pa\u00eds de uma nova esp\u00e9cie, o menor pa\u00eds do mundo! Um REINO!!!<\/span><\/p>\r\n<p style=\"font-weight: 400; text-align: left;\"><span style=\"font-family: verdana, geneva, sans-serif; font-size: 16px;\">A partir dessa data o papa voltou a ser contado entre os soberanos [reis] da Terra. O Tratado de Latr\u00e3o foi o in\u00edcio da cura da ferida mortal porque devolveu ao papa o reino perdido, por\u00e9m, n\u00e3o a supremacia perdida. Quando lhe ser\u00e1 devolvida a supremacia perdida? Esse evento ainda est\u00e1 no futuro.<\/span><\/p>\r\n<p style=\"font-weight: 400; text-align: left;\"><span style=\"font-family: verdana, geneva, sans-serif; font-size: 16px;\"><img decoding=\"async\" src=\"https:\/\/www.cyocaminho.org\/lev22.jpg\" class=\"alignleft\" \/>Com isso em mente, ser\u00e1 que estamos para vivenciar os 42 meses [3,5 anos] em que o poder papal\u00a0voltar\u00e1 a atuar com for\u00e7a total sobre as na\u00e7\u00f5es, com poder de decidir, de calar, de matar, de perseguir? N\u00e3o importa se o papa Francisco \u00e9 o \u00faltimo ou se vir\u00e1 outro, mas a Roma Papal vai exercer esse papel, alguns acreditando nisso ou n\u00e3o.\u00a0Temos dificuldade para imaginar algo assim acontecendo porque n\u00e3o assistimos aos acontecimentos terr\u00edveis da Idade M\u00e9dia, onde o poder papal varreu o mundo com seus terrores. Essa igreja embriagada do sangue das testemunhas do Messias foi a \u00fanica respons\u00e1vel pela morte de mais de 100 milh\u00f5es de crist\u00e3os na dita \u201cSanta Inquisi\u00e7\u00e3o\u201d.<\/span><\/p>\r\n<p style=\"font-weight: 400; text-align: left;\"><span style=\"font-family: verdana, geneva, sans-serif; font-size: 16px;\">A seguir vamos tratar exatamente sobre esse PODER no planeta. Um poder que a MAIORIA n\u00e3o enxerga, n\u00e3o sabe. A impress\u00e3o que Roma passa para o mundo \u00e9 que ela n\u00e3o tem NADA, absolutamente NADA da Roma terr\u00edvel da Idade M\u00e9dia. Vou mostrar que este poder terr\u00edvel est\u00e1 atuando no planeta s\u00f3 que agora nas sombras; secretamente! A profecia afirma que esse terr\u00edvel governo s\u00f3 teria fim com o retorno do Messias. Portanto, depois da ferida mortal, esse poder foi curado.<\/span><\/p>\r\n<p style=\"font-weight: 400; text-align: left;\"><\/p>\r\n<p style=\"font-weight: 400; text-align: center;\"><span style=\"font-family: verdana, geneva, sans-serif; font-size: 16px;\"><strong>O QUE PENSAVAM O REFORMADORES SOBRE QUEM ERA O ANTICRISTO?<\/strong><\/span><\/p>\r\n<p style=\"font-weight: 400; text-align: left;\"><span style=\"font-family: verdana, geneva, sans-serif; font-size: 16px;\"><em>\u201cMuitos dos grandes crist\u00e3os do tempo da Reforma, partilhavam essa vis\u00e3o da verdade prof\u00e9tica e classificaram o Anticristo como o papado romano. Dentre estes encontramos os Valdenses, os Hussitas, Wycliffe, Lutero, Calvino, Suingli, Melanchihon, os te\u00f3logos batistas John Gill, os m\u00e1rtires Tyndeyl, Latimer, e outros.\u201d (\u201cA Bendita Esperan\u00e7a\u201d, p\u00e1g. 33)<\/em><\/span><\/p>\r\n<p style=\"font-weight: 400; text-align: left;\"><span style=\"font-family: verdana, geneva, sans-serif; font-size: 16px;\">Martin Lutero disse:<em>\u00a0\u201cEu sei que o papa \u00e9 o anticristo e seu assento \u00e9 do pr\u00f3prio ha&#8217;satan\u201d. \u201cO papado faz uma persegui\u00e7\u00e3o geral, sobre o poder do pont\u00edfice romano, com prop\u00f3sito de fazer cair e destruir as almas\u201d.<\/em><\/span><\/p>\r\n<p style=\"font-weight: 400; text-align: left;\"><span style=\"font-family: verdana, geneva, sans-serif; font-size: 16px;\">Jo\u00e3o Calvino disse:\u00a0<em>\u201cN\u00f3s chamamos ao pont\u00edfice romano, o anticristo\u201d.<\/em><\/span><\/p>\r\n<p style=\"font-weight: 400; text-align: left;\"><span style=\"font-family: verdana, geneva, sans-serif; font-size: 16px;\">Jo\u00e3o Wesley disse:<em>\u00a0\u201cEle \u00e9 o significado da express\u00e3o \u2018o homem do pecado\u2019 que aumenta toda maneira de pecado acima de qualquer medida\u201d.<\/em><\/span><\/p>\r\n<p style=\"font-weight: 400; text-align: left;\"><span style=\"font-family: verdana, geneva, sans-serif; font-size: 16px;\">Jo\u00e3o Knox disse:\u00a0<em>\u201cO papa deve ser conhecido como o verdadeiro anticristo\u201d.<\/em><\/span><\/p>\r\n<p style=\"font-weight: 400; text-align: left;\"><span style=\"font-family: verdana, geneva, sans-serif; font-size: 16px;\"><strong>Os reformadores estava t\u00e3o certos que o papado representava o anticristo das profecias, que n\u00e3o queriam que ningu\u00e9m se esquecesse disso. O que eles fizeram ent\u00e3o?<\/strong><\/span><\/p>\r\n<p style=\"font-weight: 400; text-align: left;\"><span style=\"font-family: verdana, geneva, sans-serif; font-size: 16px;\">Em Nuremberg-Alemanha, na\u00a0<strong>sede do protestantismo<\/strong>, na C\u00e2mara da cidade, eles mandaram fazer uma escultura simb\u00f3lica sobre suas portas. Veja as fotos abaixo:<\/span><\/p>\r\n<p style=\"text-align: center;\"><img decoding=\"async\" src=\"https:\/\/www.cyocaminho.org\/lev23.jpg\" class=\"alignnone\" \/><\/p>\r\n<p style=\"font-weight: 400; text-align: center;\"><span style=\"background-color: #fcfcfc; font-family: verdana, geneva, sans-serif; font-size: 16px; letter-spacing: 0.5px;\">Preste aten\u00e7\u00e3o no que representam as esculturas e encontrar\u00e1 as profecias que estamos tratando nessa s\u00e9rie de estudos sobre o anticristo.<\/span><\/p>\r\n<table width=\"100%\" border=\"1\" class=\"aligncenter\">\r\n<tbody>\r\n<tr>\r\n<td width=\"49%\">\r\n<p><span style=\"font-family: verdana, geneva, sans-serif; font-size: 16px;\"><img loading=\"lazy\" decoding=\"async\" src=\"https:\/\/www.cyocaminho.org\/lev24.png\" class=\"alignnone\" width=\"335\" height=\"222\" \/>De um lado voc\u00ea tem um Le\u00e3o com asas de \u00e1guia, representando Babil\u00f4nia. E um governante est\u00e1 perto do le\u00e3o: Nabucodonossor<\/span><\/p>\r\n<\/td>\r\n<td width=\"50%\">\r\n<p><span style=\"font-family: verdana, geneva, sans-serif; font-size: 16px;\"><img decoding=\"async\" src=\"https:\/\/www.cyocaminho.org\/lev24.jpg\" class=\"alignnone\" \/>Do outro lado vemos um urso com tr\u00eas costelas na boca e o rei dos Medo-Persas, Ciro, o grande:<\/span><\/p>\r\n<\/td>\r\n<\/tr>\r\n<\/tbody>\r\n<\/table>\r\n<p style=\"font-weight: 400; text-align: center;\"><span style=\"font-family: verdana, geneva, sans-serif; font-size: 16px; letter-spacing: 0.5px; background-color: #fcfcfc;\">Se voc\u00ea olhar o outro lado do pr\u00e9dio da C\u00e2mara de Nuremberg, acima da porta,\u00a0<\/span><span style=\"background-color: #fcfcfc; font-family: verdana, geneva, sans-serif; font-size: 16px; letter-spacing: 0.5px;\">encontrar\u00e1 mais duas est\u00e1tuas e seus respectivos animais:<\/span><\/p>\r\n<p style=\"text-align: center;\"><img decoding=\"async\" src=\"https:\/\/www.cyocaminho.org\/lev25.jpg\" class=\"alignnone\" \/><\/p>\r\n<table width=\"100%\" class=\" aligncenter\">\r\n<tbody>\r\n<tr>\r\n<td width=\"49%\">\r\n<p><span style=\"font-family: verdana, geneva, sans-serif; font-size: 16px;\"><img decoding=\"async\" src=\"https:\/\/www.cyocaminho.org\/lev26.jpg\" class=\"alignnone\" \/>L\u00e1 est\u00e1, um leopardo com quatro cabe\u00e7as e a est\u00e1tua de Alexandre, o grande, representando o terceiro animal da profecia de Dayan&#8217;ul 7:<\/span><\/p>\r\n<\/td>\r\n<td width=\"50%\">\r\n<p><span style=\"font-family: verdana, geneva, sans-serif; font-size: 16px;\"><img decoding=\"async\" src=\"https:\/\/www.cyocaminho.org\/lev27.jpg\" class=\"alignnone\" \/>E do outro lado, est\u00e1 uma besta terr\u00edvel com 10 chifres e um poderoso imperador do lado que \u00e9 J\u00falio C\u00e9sar, representando o Imp\u00e9rio Romano:<\/span><\/p>\r\n<\/td>\r\n<\/tr>\r\n<tr>\r\n<td width=\"49%\"><span style=\"font-family: verdana, geneva, sans-serif; font-size: 16px;\">\u00a0<\/span><\/td>\r\n<td width=\"50%\"><span style=\"font-family: verdana, geneva, sans-serif; font-size: 16px;\">\u00a0<\/span><\/td>\r\n<\/tr>\r\n<tr>\r\n<td width=\"49%\">\r\n<p><span style=\"font-family: verdana, geneva, sans-serif; font-size: 16px;\"><img decoding=\"async\" src=\"https:\/\/www.cyocaminho.org\/lev28.jpg\" class=\"alignnone\" \/>Agora veja melhor a besta pr\u00f3xima a est\u00e1tua de J\u00falio C\u00e9sar. Observe que entre os dez chifres, tem um chifre com cabe\u00e7a de homem e uma pequena coroa e n\u00e3o deixaram mist\u00e9rio sobre a identidade desta besta, pois afirmam ser Roma Papal:<\/span><\/p>\r\n<\/td>\r\n<td width=\"50%\">\r\n<p><span style=\"font-family: verdana, geneva, sans-serif; font-size: 16px;\">Os reformadores n\u00e3o se fizeram de rogados. Simples-mente estamparam claramente as profecias neste monumento em Nuremberg.<\/span><\/p>\r\n<p><span style=\"font-family: verdana, geneva, sans-serif; font-size: 16px;\"><strong>Pergunto:\u00a0<\/strong>Quem \u00e9 que ensina isso hoje em dia, caro leitor? Ningu\u00e9m ensina isso mais. Toda a cristandade est\u00e1 olhando para a dire\u00e7\u00e3o errada sobre esse assunto. E isso \u00e9 s\u00e9rio. Porque, admitindo isso ou n\u00e3o, TODAS as denomina\u00e7\u00f5es crist\u00e3s se uniram em um impl\u00edcito (ainda) movimento ecum\u00eanico, onde afirmam sem nem perceberem: \u201cVamos aceitar Roma como nosso l\u00edder espiritual. Vamos receber de volta as correntes.\u201d<\/span><\/p>\r\n<p><span style=\"font-family: verdana, geneva, sans-serif; font-size: 16px;\">O papa Francisco j\u00e1 est\u00e1 providenciando para que isso se torne um FATO. (<strong><a href=\"https:\/\/www.cyocaminho.org\/Ecumenismo.html\">Clique aqui<\/a><\/strong><strong>\u00a0<\/strong>e veja o artigo &#8211; editado por n\u00f3s &#8211; sobre o\u00a0<em>Ecumenismo<\/em>\u00a0proposto por Roma)<strong>.<\/strong><\/span><\/p>\r\n<p><span style=\"font-family: verdana, geneva, sans-serif; font-size: 16px;\"><strong>Veja tamb\u00e9m:\u00a0<em><a href=\"https:\/\/www.cyocaminho.org\/SeteReis.html\">A \u00faltima interpreta\u00e7\u00e3o da Profecia dos Sete Reis do Apocalipse<\/a><\/em><\/strong><\/span><\/p>\r\n<p>&nbsp;<\/p>\r\n<\/td>\r\n<\/tr>\r\n<\/tbody>\r\n<\/table>\r\n<p style=\"font-weight: 400; text-align: left;\"><span style=\"font-family: verdana, geneva, sans-serif; font-size: 16px;\"><strong>Quero que fique claro O QUE N\u00c3O est\u00e1 sendo afirmado neste estudo:<\/strong>\u00a0N\u00e3o est\u00e1 sendo dito que qualquer pessoa da Igreja Cat\u00f3lica que n\u00e3o est\u00e1 ciente de tudo isso que est\u00e1 na B\u00edblia \u00e9 o Anticristo. Est\u00e1 sendo afirmado que h\u00e1 um sistema. Este sistema \u00e9 o Anticristo. Roma Papal. H\u00e1 muitos bons cat\u00f3licos na igreja de Roma que adoram ao Eterno de acordo com o melhor do seu conhecimento e de acordo com a consci\u00eancia que tem. E o Pai, no julgamento, considerar\u00e1 o conhecimento que eles tem. Est\u00e1 sendo afirmado que h\u00e1 um sistema que enganou mesmo os seus pr\u00f3prios membros e que se coloca ACIMA DO ETERNO.\u00a0E a paganiza\u00e7\u00e3o desse sistema atingiu n\u00e3o s\u00f3 os cat\u00f3licos, mas TODAS as denomina\u00e7\u00f5es chamadas crist\u00e3s. Dentre elas existe um remanescente que est\u00e1 se DESCONTAMINANDO. Os verdadeiros adoradores sair\u00e3o da Grande Meretriz e suas filhas (assunto para um artigo em breve).<\/span><\/p>\r\n<p style=\"font-weight: 400; text-align: left;\"><span style=\"font-family: verdana, geneva, sans-serif; font-size: 16px;\"><em>\u201cNingu\u00e9m de maneira alguma vos engane; porque n\u00e3o ser\u00e1 assim sem que antes venha a apostasia, e se manifeste o homem do pecado, o filho da perdi\u00e7\u00e3o, O qual se op\u00f5e, e se levanta contra tudo o que se chama o CRIADOR, ou se adora; de sorte que se assentar\u00e1, como o CRIADOR, no templo do CRIADOR, querendo parecer o CRIADOR.\u201d (II Ts 2:3-4)<\/em><\/span><\/p>\r\n<p style=\"font-weight: 400; text-align: left;\"><span style=\"font-family: verdana, geneva, sans-serif; font-size: 16px;\">Isso est\u00e1 fazendo mais sentido pra voc\u00ea agora? Acredito que sim. A fantasia do Cristianismo \u00e9 t\u00e3o perfeita que n\u00f3s n\u00e3o percebemos o \u00e2mago do ocultismo por tr\u00e1s dela. Quem est\u00e1 de fato em controle aqui? Quem est\u00e1 por tr\u00e1s do que est\u00e1 acontecendo? Que poder \u00e9 exercitado em Roma? Que poder \u00e9 o papa Negro? Qual \u00e9 o seu papel no mundo? Se voc\u00ea quiser saber, n\u00e3o deixe de ler o pr\u00f3ximo artigo desta s\u00e9rie sobre o Anticristo.<\/span><\/p>\r\n<p style=\"font-weight: 400; text-align: left;\"><span style=\"font-family: verdana, geneva, sans-serif; font-size: 16px;\"><em>\u201cMas o ju\u00edzo ser\u00e1 estabelecido, e eles tirar\u00e3o o seu dom\u00ednio, para o destruir e para o desfazer at\u00e9 ao fim. E o reino, e o dom\u00ednio, e a majestade dos reinos debaixo de todo o c\u00e9u ser\u00e3o dados ao povo dos santos do Alt\u00edssimo; o seu reino ser\u00e1 um reino eterno, e todos os dom\u00ednios o servir\u00e3o, e lhe obedecer\u00e3o.\u201d (Dn 7:26-27)<\/em><\/span><\/p>\r\n<p style=\"font-weight: 400; text-align: left;\"><span style=\"font-family: verdana, geneva, sans-serif; font-size: 16px;\"><em>\u201cPorque o Filho do homem vir\u00e1 na gl\u00f3ria de seu Pai, com os seus anjos; e ent\u00e3o dar\u00e1 a cada um segundo as suas obras.\u201d (Mt 16:27)<\/em><\/span><\/p>\r\n<p style=\"font-weight: 400; text-align: left;\"><span style=\"font-family: verdana, geneva, sans-serif; font-size: 16px;\">O Alt\u00edssimo trar\u00e1 um fim a todas as coisas muito em breve e para descobrir a intriga que est\u00e1 por tr\u00e1s das INTRIGAS&#8230;<\/span><\/p>\r\n<p style=\"font-weight: 400; text-align: left;\"><strong>Quem tem ouvidos para ouvir, OU\u00c7A!<\/strong><\/p>\r\n<p style=\"font-weight: 400; text-align: left;\"><strong>by<span>\u00a0<\/span>evangelhoperdido.com.br<\/strong><\/p>\r\n<p style=\"font-weight: 400; text-align: left;\"><strong><a href=\"http:\/\/overboyaohushua.com\/index.php\/model-65-25\/\">SAIBA MAIS: As Bestas do Apocalipse<\/a><\/strong><\/p>\r\n<p style=\"text-align: left;\"><b><span style=\"color: #808080; font-family: Verdana;\"> <a href=\"http:\/\/overboyaohushua.com\/index.php\/principal-6\/\"><span style=\"color: #808080;\"> <marquee>Seja um Rosh (l\u00edder Congregacional); fa\u00e7a o CTA: Curso de Teologia Aplicada &#8211; CLIC!<\/marquee><\/span><\/a><\/span><\/b><\/p>\r\n\r\n<p style=\"text-align: left;\"><strong>D\u00favidas:<\/strong><\/p>\r\n\r\n\r\n\t\t\t<link rel=\"stylesheet\" property=\"stylesheet\" href=\"https:\/\/overboyaohushua.com\/wp-content\/plugins\/happyforms\/bundles\/css\/frontend.css\" \/>\n\t\t\t\t<!-- HappyForms CSS variables -->\n\t<style>\n\t#happyforms-54 {\n\t\t--happyforms-part-title-font-size: 16px;\n--happyforms-part-description-font-size: 14px;\n--happyforms-part-value-font-size: 16px;\n--happyforms-submit-button-font-size: 18px;\n--happyforms-color-primary: #000000;\n--happyforms-color-success-notice: #ebf9f0;\n--happyforms-color-success-notice-text: #1eb452;\n--happyforms-color-error: #ff7550;\n--happyforms-color-error-notice: #ffeeea;\n--happyforms-color-error-notice-text: #f23000;\n--happyforms-color-part-title: #000000;\n--happyforms-color-part-value: #000000;\n--happyforms-color-part-placeholder: #888888;\n--happyforms-color-part-description: #454545;\n--happyforms-color-part-border: #dbdbdb;\n--happyforms-color-part-border-focus: #407fff;\n--happyforms-color-part-background: #ffffff;\n--happyforms-color-part-background-focus: #ffffff;\n--happyforms-color-submit-background: #407fff;\n--happyforms-color-submit-background-hover: #3567cc;\n--happyforms-color-submit-border: transparent;\n--happyforms-color-submit-text: #ffffff;\n--happyforms-color-submit-text-hover: #ffffff;\n--happyforms-color-table-row-odd: #fcfcfc;\n--happyforms-color-table-row-even: #efefef;\n--happyforms-color-table-row-odd-text: #000000;\n--happyforms-color-table-row-even-text: #000000;\n--happyforms-color-dropdown-item-bg: #ffffff;\n--happyforms-color-dropdown-item-text: #000000;\n--happyforms-color-dropdown-item-bg-hover: #dbdbdb;\n--happyforms-color-dropdown-item-text-hover: #000000;\n--happyforms-color-divider-hr: #cccccc;\n--happyforms-color-choice-checkmark-bg: #ffffff;\n--happyforms-color-choice-checkmark-bg-focus: #000000;\n--happyforms-color-choice-checkmark-color: #ffffff;\n\t}\n\t<\/style>\n\t<!-- End of HappyForms CSS variables -->\n\t\t<!-- HappyForms Additional CSS -->\n\t<style data-happyforms-additional-css>\n\t\t<\/style>\n\t<!-- End of HappyForms Additional CSS -->\n\t\t\t<link rel=\"stylesheet\" type=\"text\/css\" href=\"https:\/\/overboyaohushua.com\/wp-content\/plugins\/happyforms\/core\/assets\/css\/no-interaction.css\">\n\t\t<div class=\"happyforms-form happyforms-styles\" id=\"happyforms-54\">\n\t\t\n\t<form action=\"\" id=\"happyforms-form-54\" method=\"post\" novalidate=\"true\" autocomplete=\"off\">\n\t\t\t\t<input type=\"hidden\" name=\"happyforms_random_seed\" value=\"2279065178\" \/>\n\t\t\n\t\t\t<input type=\"hidden\" name=\"action\" value=\"happyforms_message\">\n\t\t\t\t<input type=\"hidden\" name=\"client_referer\" value=\"\">\n\t\t\t\t<input type=\"hidden\" name=\"current_post_id\" value=\"\">\n\t\t\t\t<input type=\"hidden\" name=\"happyforms_form_id\" value=\"54\" \/>\n\t\t\t\t<input type=\"hidden\" name=\"happyforms_step\" value=\"0\" \/>\n\t\n\t\t<div class=\"happyforms-flex\">\n\t\t\t\t<input type=\"text\" name=\"54-single_line_text\" style=\"position:absolute;left:-5000px;\" tabindex=\"-1\" autocomplete=\"off\" aria-hidden=\"true\"> <span class=\"screen-reader-text\">Leave this field blank<\/span>\n\t\t\t\t\t\t\t\t\t\t<div class=\"happyforms-form__part happyforms-part happyforms-part--single_line_text happyforms-part--width-full happyforms-part--label-above\" id=\"happyforms-54_single_line_text_1-part\" data-happyforms-type=\"single_line_text\" data-happyforms-id=\"single_line_text_1\" data-happyforms-required=\"\">\n\t<div class=\"happyforms-part-wrap\">\n\t\t\n\t\t\t\t\t\t<div class=\"happyforms-part__label-container\">\n\t\t\t\t<label for=\"happyforms-54_single_line_text_1\" class=\"happyforms-part__label\">\n\t\t\t<span class=\"label\">Nome<\/span>\n\t\t\t\t\t\t\t\t\t\t<span class=\"happyforms-required\"><\/span>\n\t\t\t\t\t\t\t\t\t\t<span class=\"happyforms-optional\">(optional)<\/span>\n\t\t\t\t\t<\/label>\n\t\t\t<\/div>\n\t\t\t\n\t\t\n\t\t<div class=\"happyforms-part__el\">\n\t\t\t\n\t\t\t\n\t\t\t<div class=\"happyforms-input\">\n\t\t\t\t\n\t\t\t\t<input id=\"happyforms-54_single_line_text_1\" type=\"text\" name=\"54_single_line_text_1\" value=\"\" placeholder=\"\" autocomplete=\"off\" spellcheck=\"false\"  autocorrect=\"off\" \/>\n\t\t\t\t\t\t\t<\/div>\n\n\t\t\t\n\t\t\t\n\t\t\t\t\t<\/div>\n\t<\/div>\n<\/div>\n<div class=\"happyforms-part--with-autocomplete happyforms-form__part happyforms-part happyforms-part--email happyforms-part--width-full happyforms-part--label-above\" id=\"happyforms-54_email_7-part\" data-happyforms-type=\"email\" data-happyforms-id=\"email_7\" data-happyforms-required=\"\">\n\t\t<div class=\"happyforms-part-wrap\">\n\t\t\t\t\t\t<div class=\"happyforms-part__label-container\">\n\t\t\t\t<label for=\"happyforms-54_email_7\" class=\"happyforms-part__label\">\n\t\t\t<span class=\"label\">Email<\/span>\n\t\t\t\t\t\t\t\t\t\t<span class=\"happyforms-required\"><\/span>\n\t\t\t\t\t\t\t\t\t\t<span class=\"happyforms-optional\">(optional)<\/span>\n\t\t\t\t\t<\/label>\n\t\t\t<\/div>\n\t\t\t\n\t\t\n\t\t<div class=\"happyforms-part__el\">\n\t\t\t\n\t\t\t\n\t\t\t<div class=\"happyforms-input\">\n\t\t\t\t<input type=\"email\" name=\"54_email_7\" id=\"happyforms-54_email_7\" value=\"\" placeholder=\"\" autocomplete=\"off\" spellcheck=\"false\"  autocorrect=\"off\" \/>\n\t\t\t\t\t\t\t<\/div>\n\n\t\t\t\n\t\t\t\n\t\t\t\t\t<\/div>\n\t<\/div>\n<\/div>\n<div class=\"happyforms-form__part happyforms-part happyforms-part--single_line_text happyforms-part--width-full happyforms-part--label-above\" id=\"happyforms-54_single_line_text_2-part\" data-happyforms-type=\"single_line_text\" data-happyforms-id=\"single_line_text_2\" data-happyforms-required=\"\">\n\t<div class=\"happyforms-part-wrap\">\n\t\t\n\t\t\t\t\t\t<div class=\"happyforms-part__label-container\">\n\t\t\t\t<label for=\"happyforms-54_single_line_text_2\" class=\"happyforms-part__label\">\n\t\t\t<span class=\"label\">Cidade+ Estado<\/span>\n\t\t\t\t\t\t\t\t\t\t<span class=\"happyforms-required\"><\/span>\n\t\t\t\t\t\t\t\t\t\t<span class=\"happyforms-optional\">(optional)<\/span>\n\t\t\t\t\t<\/label>\n\t\t\t<\/div>\n\t\t\t\n\t\t\n\t\t<div class=\"happyforms-part__el\">\n\t\t\t\n\t\t\t\n\t\t\t<div class=\"happyforms-input\">\n\t\t\t\t\n\t\t\t\t<input id=\"happyforms-54_single_line_text_2\" type=\"text\" name=\"54_single_line_text_2\" value=\"\" placeholder=\"\" autocomplete=\"off\" spellcheck=\"false\"  autocorrect=\"off\" \/>\n\t\t\t\t\t\t\t<\/div>\n\n\t\t\t\n\t\t\t\n\t\t\t\t\t<\/div>\n\t<\/div>\n<\/div>\n<div class=\"happyforms-form__part happyforms-part happyforms-part--multi_line_text happyforms-part--width-full happyforms-part--label-above\" id=\"happyforms-54_multi_line_text_6-part\" data-happyforms-type=\"multi_line_text\" data-happyforms-id=\"multi_line_text_6\" data-happyforms-required=\"\">\n\t<div class=\"happyforms-part-wrap\">\n\t\t\t\t\t\t<div class=\"happyforms-part__label-container\">\n\t\t\t\t<label for=\"happyforms-54_multi_line_text_6\" class=\"happyforms-part__label\">\n\t\t\t<span class=\"label\">Mensagem<\/span>\n\t\t\t\t\t\t\t\t\t\t<span class=\"happyforms-required\"><\/span>\n\t\t\t\t\t\t\t\t\t\t<span class=\"happyforms-optional\">(optional)<\/span>\n\t\t\t\t\t<\/label>\n\t\t\t<\/div>\n\t\t\t\n\t\t\n\t\t<div class=\"happyforms-part__el\">\n\t\t\t\n\t\t\t\t\t\t<textarea id=\"happyforms-54_multi_line_text_6\" name=\"54_multi_line_text_6\" rows=\"5\" placeholder=\"\" autocomplete=\"off\" spellcheck=\"false\" autocorrect=\"off\" ><\/textarea>\n\t\t\t\n\t\t\t\n\t\t\t\t\t<\/div>\n\t<\/div>\n<\/div>\n\t\t\t\t\t\t<div class=\"happyforms-form__part happyforms-part happyforms-part--submit\">\n\t\t<button type=\"submit\" class=\"happyforms-submit happyforms-button--submit \">ENVIAR<\/button>\n\t<\/div>\t\t<\/div>\n\n\t\t\t<\/form>\n\n\t<\/div>\n\n<div style='text-align:left' class='yasr-auto-insert-overall'><\/div><div style='text-align:left' class='yasr-auto-insert-visitor'><\/div>","protected":false},"excerpt":{"rendered":"<p>Desmascarando o Anticristo! V\u00e1rios irm\u00e3os tem solicitado artigos sobre as Profecias do Tempo do Fim. PRECIS\u00c1VAMOS antes checar cada uma das diversas interpreta\u00e7\u00f5es atuais sobre elas para entender e encontrar onde cada interpreta\u00e7\u00e3o teve in\u00edcio e assim identificar o que era ensinado NO PRINC\u00cdPIO, pelos seguidores do Messias antes do mundo ser assolado pelo engano [&hellip;]<\/p>\n","protected":false},"author":1,"featured_media":0,"parent":0,"menu_order":0,"comment_status":"closed","ping_status":"closed","template":"","meta":{"yasr_overall_rating":0,"yasr_post_is_review":"","yasr_auto_insert_disabled":"","yasr_review_type":"","footnotes":""},"class_list":["post-1416","page","type-page","status-publish","hentry"],"yasr_visitor_votes":{"stars_attributes":{"read_only":false,"span_bottom":false},"number_of_votes":0,"sum_votes":0},"_links":{"self":[{"href":"https:\/\/overboyaohushua.com\/index.php\/wp-json\/wp\/v2\/pages\/1416","targetHints":{"allow":["GET"]}}],"collection":[{"href":"https:\/\/overboyaohushua.com\/index.php\/wp-json\/wp\/v2\/pages"}],"about":[{"href":"https:\/\/overboyaohushua.com\/index.php\/wp-json\/wp\/v2\/types\/page"}],"author":[{"embeddable":true,"href":"https:\/\/overboyaohushua.com\/index.php\/wp-json\/wp\/v2\/users\/1"}],"replies":[{"embeddable":true,"href":"https:\/\/overboyaohushua.com\/index.php\/wp-json\/wp\/v2\/comments?post=1416"}],"version-history":[{"count":4,"href":"https:\/\/overboyaohushua.com\/index.php\/wp-json\/wp\/v2\/pages\/1416\/revisions"}],"predecessor-version":[{"id":1560,"href":"https:\/\/overboyaohushua.com\/index.php\/wp-json\/wp\/v2\/pages\/1416\/revisions\/1560"}],"wp:attachment":[{"href":"https:\/\/overboyaohushua.com\/index.php\/wp-json\/wp\/v2\/media?parent=1416"}],"curies":[{"name":"wp","href":"https:\/\/api.w.org\/{rel}","templated":true}]}}