{"id":901,"date":"2019-03-12T15:28:51","date_gmt":"2019-03-12T18:28:51","guid":{"rendered":"http:\/\/wp.cyocaminho.com\/?page_id=901"},"modified":"2019-03-18T20:20:02","modified_gmt":"2019-03-18T18:20:02","slug":"model-46","status":"publish","type":"page","link":"https:\/\/overboyaohushua.com\/index.php\/model-46\/","title":{"rendered":"Santa Ceia Anual&#8230;"},"content":{"rendered":"\r\n<div class=\"wp-block-image\">\r\n<figure class=\"aligncenter\"><img decoding=\"async\" src=\"http:\/\/wp.cyocaminho.org\/wp-content\/uploads\/2019\/02\/CYCLog-1024x83.png\" alt=\"\" class=\"wp-image-25\" \/>\r\n<figcaption><a href=\"https:\/\/www.cyocaminho.org\">www.cyocaminho.org<\/a><\/figcaption>\r\n<\/figure>\r\n<\/div>\r\n\r\n<p style=\"text-align: center;\"><em><span style=\"font-size: 28px;\"><b><span style=\"font-family: Verdana;\">Santa Ceia Anual, Mensal ou Di\u00e1ria?<\/span><\/b><\/span><\/em><\/p>\r\n<blockquote>\r\n<p><span>Existe realmente uma data espec\u00edfica para a celebra\u00e7\u00e3o da Ceia do Mestre Yaohu&#8217;shua? Esta \u00e9 uma das principais quest\u00f5es, relacionadas na Celebra\u00e7\u00e3o da Santa Ceia.<\/span><\/p>\r\n<\/blockquote>\r\n<p style=\"text-align: center;\"><img decoding=\"async\" src=\"https:\/\/www.cyocaminho.org\/SCeia.jpg\" class=\"alignnone\" \/><\/p>\r\n<p style=\"text-align: center;\"><span style=\"font-family: verdana, geneva, sans-serif; font-size: 10px;\"><strong>\u00a0<b>By\u00a0 David Pereira Tiburcio Filho\u00a0<\/b><\/strong><\/span><\/p>\r\n<p style=\"text-align: center;\"><strong><span style=\"font-family: verdana, geneva, sans-serif; font-size: 12px;\">Edi\u00e7\u00e3o de oCaminho<\/span><\/strong><\/p>\r\n<p style=\"font-weight: 400;\"><span style=\"font-family: verdana, geneva, sans-serif;\">No segundo s\u00e9culo d.Y. e posteriormente, houve consider\u00e1vel diversidade e debate sobre a data em que deve ser observada a Ceia do Mestre Yaohu&#8217;shua, a P\u00e1scoa yaoshorul\u2019ita (b\u00edblica). Mas nunca em rela\u00e7\u00e3o \u00e0 \u201cquantidades de ceias\u201d! A Kehil\u00e1h do Messias que estava na \u00c1sia Menor, durante muito tempo seguiu a computa\u00e7\u00e3o quarto d\u00e9cima, mediante a qual a P\u00e1scoa judaica era regularmente observada a 14 de Nisan (mar\u00e7o\/abril). Por\u00e9m n\u00e3o se sabe, precisamente a partir de quando a Kehil\u00e1h que estava em Roma e em outros lugares passaram a seguir um calend\u00e1rio paganizado [n\u00e3o antes do V s\u00e9culo] que comemorava a Paix\u00e3o numa sexta-feira, e a ressurrei\u00e7\u00e3o num domingo. Por\u00e9m, sempre anualmente&#8230;<\/span><\/p>\r\n<p style=\"font-weight: 400;\"><span style=\"font-family: verdana, geneva, sans-serif;\">Atualmente \u2013 muito recentemente, ou seja, com o advento da doutrina esp\u00faria do pentecostalismo [espiritismo] &#8211; existem diversos pensamentos sobre a data correta de celebrar a Santa Ceia.<\/span><\/p>\r\n<ul style=\"font-weight: 400;\">\r\n<li><span style=\"font-family: verdana, geneva, sans-serif;\">Os evang\u00e9licos pentecostais [i.e. esp\u00edritas], por exemplo; celebram a Ceia em todos os meses do ano, ou seja, \u00ab<em>uma vez em cada m\u00eas<\/em>\u00bb, uns no segundo s\u00e1bado, outros no terceiro s\u00e1bado, outros no quarto s\u00e1bado de cada m\u00eas ou no domingo; em fim, nem todos seguem o mesmo padr\u00e3o do dia da semana, pois o que importa para eles \u00e9 seguir a celebra\u00e7\u00e3o de m\u00eas a m\u00eas.<\/span><\/li>\r\n<li><span style=\"font-family: verdana, geneva, sans-serif;\">Outros uma vez em cada ano civil, por\u00e9m, com data vari\u00e1vel, isto \u00e9, podendo ocorrer, por exemplo; no m\u00eas de outubro num determinado ano e, depois ocorrer no m\u00eas de maio no ano seguinte. Sendo assim, a quest\u00e3o do m\u00eas n\u00e3o importa, para eles, na celebra\u00e7\u00e3o da ceia.<\/span><\/li>\r\n<li><span style=\"font-family: verdana, geneva, sans-serif;\">Outros ainda, seguem a computa\u00e7\u00e3o quarto d\u00e9cima (14 de nisan), isto \u00e9, quase que em conformidade com data da P\u00e1scoa judaica, por\u00e9m seguindo o calend\u00e1rio imposto pela ICAR.<\/span><\/li>\r\n<\/ul>\r\n<p style=\"font-weight: 400;\"><span style=\"font-family: verdana, geneva, sans-serif;\"><u>NOTA<\/u>: Existem ainda os que a comemoram DUAS vezes ao ano, fazendo a primeira segundo o calend\u00e1rio da ICAR e a segunda segundo um calend\u00e1rio judaico, por ocasi\u00e3o do Yon Kipur. E tem aqueles que almejando &#8220;mais ofertas&#8221; para a sua igreja, comemora at\u00e9 mesmo duas vezes ao m\u00eas&#8230;<\/span><\/p>\r\n<p><span style=\"font-family: verdana, geneva, sans-serif;\">Estes s\u00e3o alguns dos exemplos, que mostram-nos os diferentes pensamentos a respeito da data da celebra\u00e7\u00e3o da Santa Ceia. Cada um destes ap\u00f3ia seu pensamento ou a sua id\u00e9ia, por certo em algum fato. Cada um se justifica da maneira que \u201cacha\u201d correto. Contudo, \u00e9 preciso examinar a B\u00edblia [At 17:11] para se chegar a uma certa conclus\u00e3o, que possa definir qual \u00e9 a data correta para celebrar a Santa Ceia. Pois, todos na verdade se consideram corretos, ou n\u00e3o se preocupam com o assunto. \u2013 Se a data correta da celebra\u00e7\u00e3o da Santa Ceia \u00e9 um dos seus pontos relevantes, por que a maioria das pessoas chega a pensar que n\u00e3o existe uma data determinada para celebrar a Santa Ceia? Alguns consideram que o importante \u00e9 celebr\u00e1-la, sem se importar com a data; como fazem com o dia de &#8220;guarda&#8221;.<\/span><\/p>\r\n<p><span style=\"font-family: verdana, geneva, sans-serif;\">Compreender biblicamente que a Santa Ceia \u00e9 anual [anivers\u00e1rios s\u00f3 se comemoram uma vez ao ano] \u00e9 muito f\u00e1cil; por\u00e9m, o mesmo n\u00e3o ocorre com as justificativas \u2013 enraizadas como qualquer outro erro doutrinal, implantado por satan\u00e1s \u2013 de datas semanais ou mensais e para isto recorrem-se a aut\u00eanticos malabarismos escritur\u00edsticos para tal.<\/span><\/p>\r\n<p><span style=\"font-family: verdana, geneva, sans-serif;\">NOTA: Pergunta-se, porque n\u00e3o di\u00e1rias e sim semanais e ou mensais? Cuidado, muitos usam At 2:46 para justificar uma &#8220;santa ceia&#8221; di\u00e1ria &#8211; como nas missas e a h\u00f3stia&#8230;<\/span><\/p>\r\n<p><span style=\"font-family: verdana, geneva, sans-serif;\">Mas, basta dizermos antecipadamente que, aqueles que n\u00e3o fazem caso da data da observ\u00e2ncia da Ceia do Mestre Yaohu&#8217;shua, est\u00e3o desconsiderando e perdendo de vista o prop\u00f3sito\u00a0<strong>memorial<\/strong>\u00a0deste ato sagrado (I Co 11:4,25). Muitos dizem que celebram a Ceia todos os meses, apontando como justificativa os doze frutos da \u00e1rvore da vida de (Ap 22:2). Por\u00e9m, isto n\u00e3o passa de um puro ato de ignor\u00e2ncia hermen\u00eautica; ou seja, celebrar a Santa Ceia doze vezes no ano, apoiado nos doze frutos da \u00e1rvore da vida, veja:<\/span><\/p>\r\n<p><span style=\"font-family: verdana, geneva, sans-serif;\"><strong>Primeiro<\/strong>: Quando Jo\u00e3o\/Yao&#8217;khanan teve a vis\u00e3o sobre a \u2018\u00c1rvore da Vida\u2019, a Kehil\u00e1h de Yaohu&#8217;shua j\u00e1 vinha celebrando a Santa Ceia h\u00e1 v\u00e1rios anos antes. Para ser ter uma id\u00e9ia, o Apocalipse foi escrito entre 90 e 96 d.Y. (embora alguns pensam em uma data anterior), ou seja, mais de 60 anos depois do Pentecostes. Se esta revela\u00e7\u00e3o a Jo\u00e3o\/Yao&#8217;khanan, foi mais ou menos de 60 anos depois que a Kehil\u00e1h havia celebrado pela primeira vez a Santa Ceia; como que a Kehil\u00e1h celebrou todos estes anos a Santa Ceia, de m\u00eas a m\u00eas?<\/span><\/p>\r\n<p><span style=\"font-family: verdana, geneva, sans-serif;\"><strong>Segundo<\/strong>: Jo\u00e3o\/Yao&#8217;khanan teve uma revela\u00e7\u00e3o, isto \u00e9, daquilo que iria se suceder futuramente e, n\u00e3o o que\u00a0<strong>j\u00e1<\/strong>\u00a0estava acontecendo naqueles dias. A prop\u00f3sito, \u2018a \u00e1rvore da vida com os seus doze frutos\u2019 que Jo\u00e3o viu, n\u00e3o foi uma \u00e1rvore literal, mas, simb\u00f3lica, confira Apocalipse 22.<\/span><\/p>\r\n<p><span style=\"font-family: verdana, geneva, sans-serif;\">NOTA: A linguagem apocal\u00edptica [revela\u00e7\u00e3o], como o pr\u00f3prio nome esta dizendo, \u00e9 simb\u00f3lica, isto \u00e9, s\u00edmbolos de uma realidade&#8230;<\/span><\/p>\r\n<p><span style=\"font-family: verdana, geneva, sans-serif;\"><strong>Terceiro<\/strong>\u00a0[e pior]: Jo\u00e3o\/Yao&#8217;khanan n\u00e3o disse que a vis\u00e3o dos doze frutos, constitui como uma regra para celebra\u00e7\u00e3o da Santa Ceia 12 vezes em cada ano.<\/span><\/p>\r\n<p><span style=\"font-family: verdana, geneva, sans-serif;\">Como vimos, apontar os doze frutos da \u00e1rvore da vida como justificativa para celebrar a Santa Ceia todos os meses, \u00e9 uma falsa interpreta\u00e7\u00e3o b\u00edblica; \u00e9 querer dizer aquilo que a B\u00edblica n\u00e3o diz \u2013 Ap 22:19.<\/span><\/p>\r\n<p><span style=\"font-family: verdana, geneva, sans-serif;\">Ainda levantam outra justificativa para dar apoio \u00e0 Ceia mensal, considerando as seguintes palavras: \u201d<em>Porque, todas as vezes que comerdes este p\u00e3o e beberdes deste c\u00e1lice, anunciais a morte do Mestre, at\u00e9 que venha<\/em>\u201d (I Cor 11:26). Dizem que a express\u00e3o \u00ab&#8230;<em>todas as vezes&#8230;\u00bb<\/em>indica que a Ceia deve ser de m\u00eas a m\u00eas. Isto, evidente, n\u00e3o significa uma Santa Ceia di\u00e1ria ou mensal; mas est\u00e1 em foco\u00a0<u>todas as vezes que a comemora\u00e7\u00e3o for levada a efeito<\/u>, com o prop\u00f3sito de relembrar a pessoa do Messias. Sinceramente, o que tem a ver a express\u00e3o em foco com a Santa Ceia de m\u00eas em m\u00eas? Esta \u00e9 uma interpreta\u00e7\u00e3o bastante infantil.<\/span><\/p>\r\n<p><span style=\"font-family: verdana, geneva, sans-serif;\">\u00c9 preciso que a Kehil\u00e1h do Messias respeite o limite imposto sobre a data de celebra\u00e7\u00e3o da Ceia do Mestre Yaohu&#8217;shua. Ele n\u00e3o deixou a n\u00f3s o direito de escolher a data da celebra\u00e7\u00e3o da Sua Ceia, como assim desejarmos. H\u00e1 uma data espec\u00edfica para a celebra\u00e7\u00e3o da Santa Ceia, estabelecida na B\u00edblia e, \u00e9 isto que vamos\u00a0<strong>rever<\/strong>\u00a0abaixo\u2013 o que n\u00e3o seria necess\u00e1rio, j\u00e1 que todo crente tem a obriga\u00e7\u00e3o de conhecer as Escrituras:<\/span><\/p>\r\n<ol>\r\n<li><span style=\"font-family: verdana, geneva, sans-serif;\">\u00a0A P\u00e1scoa judaica era um \u00abmemorial\u00bb: O dia da P\u00e1scoa era o anivers\u00e1rio da reden\u00e7\u00e3o dos filhos de Israel\/Yaoshor\u2019ul daescravid\u00e3o eg\u00edpcia e do livramento de seus primog\u00eanitos, quando UL feriu os primog\u00eanitos dos eg\u00edpcios (Ex 12:14,25-27).<\/span><\/li>\r\n<li><span style=\"font-family: verdana, geneva, sans-serif;\">\u00a0A P\u00e1scoa era celebrada anualmente: Desde a primeira P\u00e1scoa realizada no Egito, UL determinou que ela fosse celebrada anualmente (Ex 12:14,17).<\/span><\/li>\r\n<li><span style=\"font-family: verdana, geneva, sans-serif;\">\u00a0A celebra\u00e7\u00e3o da P\u00e1scoa segue uma data fixa no Calend\u00e1rio Sagrado Judaico, ou seja, b\u00edblico: A ordem para imolar os cordeiros era \u00abentre as duas partes do dia\u00bb do dia 14 de Abibe ou Nisan (marco\/abril), enquanto, que a Ceia pascal era realmente comida na noite do dia 15, ou seja, depois do p\u00f4r-do-sol do dia 14 (Ex 12:6; Lv 23:5,6; Nm 9:5; Dt 16:6). Sendo que esta data era regulada pela lua Cheia, que \u00e0s vezes cai em nossos meses de mar\u00e7o ou de abril &#8211; lembre-se, o calend\u00e1rio b\u00edblico \u00e9 luni-solar (Gn 1:14).<\/span><\/li>\r\n<\/ol>\r\n<p><span style=\"font-family: verdana, geneva, sans-serif;\">Estas ordenan\u00e7as da P\u00e1scoa judaica (b\u00edblica) que acabamos de ver \u00e9 a base que exemplificam os mesmos prop\u00f3sitos para a celebra\u00e7\u00e3o da Santa Ceia \u2013 seguida \u00e0 risca por Yaohu&#8217;shua; se bem que, devido aos eventos que se seguiriam (sua cruxifi\u00e7\u00e3o na p\u00e1scoa, como o Cordeiro), Ele a fez no dia anterior, excepcionalmente. Com rela\u00e7\u00e3o ao ato \u00abmemorial\u00bb, a Santa Ceia [yaoshorul\u2019ita] tamb\u00e9m \u00e9 um ato \u00abmemorial\u00bb (I Co 11:26). Pois, assim como a P\u00e1scoa judaica era o anivers\u00e1rio do \u00eaxodo de Israel\/Yaoshor\u2019ul do\u00a0Egito, semelhantemente, a Ceia do Mestre Yaohu&#8217;shua, a P\u00e1scoa da Renova\u00e7\u00e3o da Alian\u00e7a [Pacto], tamb\u00e9m \u00e9\u00a0<strong>um \u00abmemorial\u00bb da morte<\/strong>\u00a0do Messias; morto por n\u00f3s. Pois t\u00eam o prop\u00f3sito de\u00a0<strong>lembrar\u00a0<\/strong>a nossa salva\u00e7\u00e3o em Yaohu&#8217;shua hol&#8217;Mehushkyah e da nossa reden\u00e7\u00e3o do pecado e da escravid\u00e3o de satan\u00e1s (Lc 22:19; I Co 11:24,25. A P\u00e1scoa judaica, portanto, era a sombra da Ceia do Mestre Yaohu&#8217;shua (Hb 10:1)!<\/span><\/p>\r\n<p><span style=\"font-family: verdana, geneva, sans-serif;\">Portanto, a Santa Ceia \u00e9 o \u00abanivers\u00e1rio\u00bb da morte de Yaohu&#8217;shua hol\u2019Mehushkyah, do Seu Sacrif\u00edcio por n\u00f3s. O \u00abp\u00e3o asmo\u00bb [miolo de p\u00e3o pulman, n\u00e3o vale] e o \u00absuco sem fermento\u00bb [vinho kasher, judaico, n\u00e3o vale; pois, de qualquer forma, tamb\u00e9m provem de fermenta\u00e7\u00e3o] representam respectivamente o Corpo e o Sangue do Messias. Como a Santa Ceia \u00e9 o \u00abmemorial\u00bb da morte do Messias, ent\u00e3o, \u00e9 claramente incontest\u00e1vel que a mesma deve ser celebrada \u00abanualmente\u00bb e, com uma data determinada, seguindo o &#8220;molde&#8221; da P\u00e1scoa judaica. Pois, Yaohu&#8217;shua expirou na cruz no mesmo dia em que no templo eram imolados os cordeiros pascais; isto \u00e9, Yaohu&#8217;shua morreu no dia 14 de Nisan, certamente em 30 d.Y.; por isso o regulamento que determina a data correta da celebra\u00e7\u00e3o da Santa Ceia, \u00e9 a data da P\u00e1scoa judaica, que cai na \u00e9poca da lua Cheia entre os nossos meses de mar\u00e7o e abril &#8211; os atuais &#8220;judeus&#8221; s\u00e3o zelosos pelo calend\u00e1rio b\u00edblico.<\/span><\/p>\r\n<p style=\"font-weight: 400;\"><span style=\"font-family: verdana, geneva, sans-serif;\">Como se sabe, o &#8220;anivers\u00e1rio&#8221; de uma pessoa, cidade, pa\u00eds, etc., n\u00e3o se comemora e n\u00e3o se repete por duas, tr\u00eas ou doze vezes ao ano, mas somente uma \u00fanica vez, no ano. Por exemplo; a independ\u00eancia do Brasil somente \u00e9 comemorada anualmente, ou seja, em todos os anos no dia 7 de Setembro e, n\u00e3o em outros dias ou meses do ano. Por isso, visto que a Ceia do Mestre Yaohu&#8217;shua \u00e9 o\u00a0<em>anivers\u00e1rio<\/em>\u00a0de Seu Sacrif\u00edcio [<em>fazei isto&#8230;<\/em>\u00a0Lc 22:19], precisa biblicamente e logicamente ser celebrada \u00abuma vez por ano\u00bb. Fugir disso, \u00e9 desconhecer o prop\u00f3sito comemorativo da Santa Ceia e o que est\u00e1 escrito [.<em>..em mem\u00f3ria de Mim<\/em>]!<\/span><\/p>\r\n<p style=\"font-weight: 400;\"><\/p>\r\n<p style=\"font-weight: 400;\"><span style=\"font-family: verdana, geneva, sans-serif;\"><strong>A Ceia \u00c1gape e a Santa Ceia<\/strong><\/span><\/p>\r\n<p><span style=\"font-family: verdana, geneva, sans-serif;\">Muitos alegam que n\u00e3o h\u00e1 nenhum problema celebrar a Santa Ceia todos os meses, ou at\u00e9 mesmo se for poss\u00edvel todos os dias, baseando suas id\u00e9ias em Atos 2:42,46. Por\u00e9m, nestes textos b\u00edblicos, as express\u00f5es \u00abpartir do p\u00e3o e nas ora\u00e7\u00f5es\u00bb,\u00a0<strong>n\u00e3o h\u00e1 nenhum ind\u00edcio<\/strong>\u00a0que sugira ser uma men\u00e7\u00e3o \u00e0 Ceia do Mestre Yaohu&#8217;shua. N\u00e3o podemos confundir a Santa Ceia do Messias, com aquela costumeira \u00ab<strong>refei\u00e7\u00e3o comum<\/strong>\u00bb &#8211; repartir o p\u00e3o &#8211; existente entre os primeiros yaoshorul\u2019itas. Entre os judaicos, eram comuns as refei\u00e7\u00f5es para comunh\u00e3o, fraternidade e SOLIDARIEDADE! E quando isto n\u00e3o acontecia, gerava algum tipo de constrangimento \u2013 leia Atos 6:1. \u00a0Tais ocasi\u00f5es tornou-se conhecidas como \u00abFesta de Amor\u00bb (grego Agape).<\/span><\/p>\r\n<p><span style=\"font-family: verdana, geneva, sans-serif;\">Em Corinto, depois de uma \u00abrefei\u00e7\u00e3o em comum\u00bb, foi celebrada a Ceia do Mestre Yaohu&#8217;shua (I Cor 11:17-34 ver Judas 12). Outra passagem similar sobre o \u00abpartir do p\u00e3o\u00bb est\u00e1 em Atos 20:7, aqui como em outras passagens b\u00edblicas, n\u00e3o h\u00e1 nenhuma evid\u00eancia sobre a Santa Ceia. Como se nota, s\u00f3 se menciona o p\u00e3o e nada se fala sobre o vinho. A Ceia do Mestre Yaohu&#8217;shua era (\u00e9) o anivers\u00e1rio da morte do Messias e era comemorada uma vez ao ano por ocasi\u00e3o da\u00a0P\u00e1scoa\/P\u00f3sqayao, ao passo que, os \u00e1gapes parecem ter ocorridos com frequ\u00eancia ou mesmo diariamente, uma vez que diariamente necessitamos de alimentos s\u00f3lidos. Eles partiam \u00abo p\u00e3o\u00bb (singular), n\u00e3o no Templo, \u00ab&#8230;e partindo o p\u00e3o em casa\u00bb (Atos 2:46), certamente cada dia eles se ajuntavam na casa de um dos crist\u00e3os e partiam o p\u00e3o, isto \u00e9, todos os presentes comiam de um mesmo p\u00e3o ou alimento. Da\u00ed, literalmente REPARTIAM entre si suas propriedades e ou alimentos e assim todos estavam literalmente sendo saciados, materialmente, de modo a estarem espiritualmente abertos para a Verdade&#8230; Leia Atos 4:33-37.<\/span><\/p>\r\n<p style=\"font-weight: 400;\"><span style=\"font-family: verdana, geneva, sans-serif;\">Portanto, a id\u00e9ia de que os primeiros crist\u00e3os celebravam a Santa Ceia todos os dias n\u00e3o faz sentido e n\u00e3o h\u00e1 como provar isso. \u00c9 necess\u00e1rio n\u00e3o esquecer o significado da Santa Ceia!!!<\/span><\/p>\r\n<p style=\"font-weight: 400;\"><\/p>\r\n<p style=\"font-weight: 400;\"><span style=\"font-family: verdana, geneva, sans-serif;\"><strong>O Dia!<\/strong><\/span><\/p>\r\n<p><span style=\"font-family: verdana, geneva, sans-serif;\">Atualmente n\u00e3o temos dificuldades para se saber em qual dia do ano ca\u00ed o tradicional dia da p\u00e1scoa, crist\u00e3, bem como o in\u00edcio das fases da lua, pois contamos com um calend\u00e1rio anual [gregoriano] que facilita essa observa\u00e7\u00e3o. Pois \u00e9 deste evento (o dia da p\u00e1scoa) que precisamos para celebrar a Santa Ceia, na data correta. Por\u00e9m, \u00e9 necess\u00e1rio salientar, que a data da P\u00e1scoa seguida pelos evang\u00e9licos, n\u00e3o esta em conformidade com o verdadeiro dia da P\u00e1scoa judaica (b\u00edblica); j\u00e1 que esta [a falsa] sempre \u00e9 calculada e imposta pela ICAR, de forma a cair SEMPRE em um domingo (o dia mor dos pag\u00e3os). Podendo haver uma varia\u00e7\u00e3o de dias ou semanas entre ambas, isto \u00e9, a P\u00e1scoa celebrada pelos judaicos ocorre sempre antes (h\u00e1 alguma exce\u00e7\u00e3o, como no ano de 2005, quando a p\u00e1scoa judaica foi celebrada no dia 24 de abril) que a p\u00e1scoa [da ICAR] apontada em nossos calend\u00e1rios anuais&#8230;<\/span><\/p>\r\n<p><span style=\"font-family: verdana, geneva, sans-serif;\">Isto porque o tradicional dia da P\u00e1scoa [imposto pela ICAR], cai todos os anos no\u00a0<strong>1\u00ba domingo\u00a0<\/strong>da lua cheia (entre 22 de mar\u00e7o e 25 de abril) ap\u00f3s o equin\u00f3cio do outono (alinhamento do sol com o Equador que marca o fim do ver\u00e3o no hemisf\u00e9rio Sul, onde se localiza o Brasil), enquanto, que o Dia da P\u00e1scoa dos judaicos [b\u00edblica] pode cair em qualquer dia da semana, isto \u00e9, \u00e0s vezes cai no s\u00e1bado, \u00e0s vezes no domingo ou qualquer outro dia em nosso calend\u00e1rio; pois ela \u00e9 regulada pelo aparecimento da lua Cheia, entre os nossos meses de mar\u00e7o ou abril. Portanto, por ser regulamentada pelo aparecimento da lua cheia, a P\u00e1scoa judaica n\u00e3o cai todos os anos no mesmo dia e m\u00eas em nosso calend\u00e1rio, sendo assim ela pode cair no m\u00eas de mar\u00e7o e ou abril; veja os exemplos mais abaixo. Apesar da P\u00e1scoa judaica n\u00e3o ter um dia fixo em nosso calend\u00e1rio, tanto o dia como o m\u00eas da sua celebra\u00e7\u00e3o, obedecem a uma data fixa, ou seja, na noite ou in\u00edcio do dia 15 de Nisan (e n\u00e3o \u00e0 tarde do dia 14 de Nisan; n\u00e3o confundir o termo \u201ctarde\u201d em nossa cultura com o termo \u201ctarde\u201d nas Escrituras \u2013 Gn 1:5), o primeiro m\u00eas religioso dos judaicos, na Lua Cheia.<\/span><\/p>\r\n<p><span style=\"font-family: verdana, geneva, sans-serif;\">Enquanto, que a tradicional P\u00e1scoa dos crist\u00e3os, ocorre todos os anos no domingo imediato depois da Lua Cheia, de mar\u00e7o ou abril; neste caso, ela segue de perto o dia da celebra\u00e7\u00e3o da P\u00e1scoa judaica, mas n\u00e3o o dia exato dela. O domingo foi tomado por ser supostamente o dia da ressurrei\u00e7\u00e3o de Yaohu&#8217;shua<strong>*<\/strong>, segundo a ICAR [seguido pelos crentes], todavia, a P\u00e1scoa n\u00e3o foi celerada, na ocasi\u00e3o, no domingo, mas na noite da quarta-feira que antecedeu \u00e0 Sua morte. Portanto, o dia da p\u00e1scoa que se tem por costume celebrar [os evang\u00e9licos], est\u00e1 incorreto! Mudaram para o pretenso dia da ressurrei\u00e7\u00e3o, por conta pr\u00f3pria!<\/span><\/p>\r\n<p><span style=\"font-family: verdana, geneva, sans-serif;\"><u>Notas<\/u>\u00a0<u>Importantes<\/u>: A data da celebra\u00e7\u00e3o da Ceia do Mestre Yaohu&#8217;shua \u00abn\u00e3o pode ser mudada\u00bb ou prolongada para outro dia e, tamb\u00e9m s\u00f3 deve ser celebrada no tempo determinado. Al\u00e9m do mais, como \u00e9 uma Ceia, isto \u00e9, refei\u00e7\u00e3o noturna, ent\u00e3o, deve e t\u00eam que ser celebrada no per\u00edodo noturno (vede sobre \u00aba Defini\u00e7\u00e3o da palavra \u00abCeia\u00bb\u00bb). Como dissemos acima, a data da celebra\u00e7\u00e3o da Ceia do Mestre Yaohu&#8217;shua, n\u00e3o pode ser mudada em hip\u00f3tese alguma; ela n\u00e3o pode ser mudada para satisfazer os nossos desejos e caprichos. Atualmente, deparamos com tamanho desrespeito e desonra para com a Santa Ceia, por parte de alguns l\u00edderes, os quais pensam que s\u00e3o os senhores [baal] do mundo.<\/span><\/p>\r\n<p><span style=\"font-family: verdana, geneva, sans-serif;\">Muito destes l\u00edderes, tem nas muitas vezes mudado a data da celebra\u00e7\u00e3o da Ceia (ainda que na verdade tal data esteja totalmente incorreta), para dar lugar ao culto de a\u00e7\u00e3o de gra\u00e7as (assim dizem), ou melhor, culto ao &#8220;pastor&#8221; \u2013 a voz de sat\u00e3 (que se tornou em uma grande idolatria) &#8211; fazendo na data de seu anivers\u00e1rio (do &#8220;pastor&#8221; da igreja), uma Santa Ceia. Tais l\u00edderes, consideram o seu anivers\u00e1rio mais importante e acima do anivers\u00e1rio do Sacrif\u00edcio de Yaohu&#8217;shua hol\u2019Mehushkyah, o Nosso Salvador, que se entregou por n\u00f3s. Este tem sido o perfil daqueles que se dizem ser ministros do Messias; que n\u00e3o passam na realidade de ministros de si mesmos [de sat\u00e3?] e da injusti\u00e7a (Is 56:8-12; Fl 3:2&#8230;; Ap 22:15). Ent\u00e3o \u00e9 manifesto que estes tais obreiros nada sabem a respeito da Ceia do Mestre Yaohu&#8217;shua e muito menos do sacrif\u00edcio do Messias; se sabem, ent\u00e3o est\u00e3o se eximindo da Verdade.<\/span><\/p>\r\n<p style=\"font-weight: 400;\"><span style=\"font-family: verdana, geneva, sans-serif;\">Tamb\u00e9m, quando algu\u00e9m n\u00e3o estiver em condi\u00e7\u00f5es de celebrar a Santa Ceia no dia determinado, ent\u00e3o, uma outra oportunidade \u00e9 lhes concedido para o seguinte m\u00eas da celebra\u00e7\u00e3o oficial \u2013 Nm 9:10-11. Contudo, que a sua n\u00e3o participa\u00e7\u00e3o no dia determinado, seja por motivos justos. Quem n\u00e3o celebrar a Santa Ceia no dia correto por desprezo, descaso, por impureza ou por quaisquer motivos f\u00fateis, somente poder\u00e3o participar dela, no ano seguinte: se Yaohu&#8217;shua assim o permitir. Por exemplo, a celebra\u00e7\u00e3o da Santa Ceia em 2004, facultada para \u00e0queles que, porventura, n\u00e3o pudessem participar no dia 05 de abril, seria o dia 05 de maio!\u00a0<u>Advert\u00eancia<\/u>: Portanto, fica bem patente que a Ceia de Yaohu&#8217;shua hol\u2019Mehushkyah, somente deve e t\u00eam que ser celebrada em uma \u00ab\u00fanica vez, a cada ano\u00bb; aqueles que n\u00e3o fizerem caso desta ordenan\u00e7a que Yaohu&#8217;shua ordenou [Jo 13:1-17], n\u00e3o est\u00e3o celebrando a Sua morte e, nem t\u00e3o pouco \u00e9 a Ceia de Yaohu&#8217;shua hol\u2019Mehushkyah, pois n\u00e3o discernem a Sua morte \u2013 como faz a ICAR com a transubstancia\u00e7\u00e3o da h\u00f3stia; \u201cmatando\u201d o cristo, diariamente. Portanto, nada tendo a ver com a comemora\u00e7\u00e3o da Sua morte sacrificial. Amnao!<\/span><\/p>\r\n<p style=\"font-weight: 400;\"><\/p>\r\n<p style=\"font-weight: 400;\"><span style=\"font-family: verdana, geneva, sans-serif;\"><strong><a href=\"https:\/\/www.cyocaminho.org\/Cal2018.doc\">CLIC AQUI E BAIXE UM CALEND\u00c1RIO ATUALIZADO [2018] DAS DATAS PARA AS FESTAS B\u00cdBLICAS<\/a><\/strong><\/span><\/p>\r\n<p style=\"font-weight: 400;\"><\/p>\r\n<p style=\"font-weight: 400; text-align: center;\"><span style=\"font-family: verdana, geneva, sans-serif; font-size: 16px;\"><strong>O Lava-p\u00e9s!<\/strong><\/span><\/p>\r\n<p><span style=\"font-family: verdana, geneva, sans-serif;\"><strong>Yao&#8217;khanan 13<\/strong><\/span><\/p>\r\n<p><span style=\"font-family: verdana, geneva, sans-serif;\"><em>Yaohu\u2019shua lava os p\u00e9s aos disc\u00edpulos&#8230;<\/em><\/span><\/p>\r\n<p style=\"font-weight: 400;\"><span style=\"font-family: verdana, geneva, sans-serif;\"><sup><strong>14<\/strong><\/sup>E uma vez que eu, Maoro\u2019eh e Rabbi, vos lavei os p\u00e9s, tamb\u00e9m devem lavar os p\u00e9s uns aos outros.<sup> <strong>15<\/strong><\/sup>Dei-vos um exemplo; fa\u00e7am como eu vos fiz.<sup> <strong>16<\/strong>&#8211;<strong>17<\/strong><\/sup>\u00c9 bem verdade que o criado n\u00e3o \u00e9 mais do que o seu patr\u00e3o, nem o mensageiro mais importante do que aquele que o enviou! Agora que sabem estas coisas, ser\u00e3o felizes se as praticarem.<\/span><\/p>\r\n<p style=\"font-weight: 400;\"><span style=\"font-family: verdana, geneva, sans-serif;\">A Santa Ceia simboliza nossa aceita\u00e7\u00e3o do corpo e do sangue de Yaohu&#8217;shua, partido e derramado por n\u00f3s. Examinando nosso cora\u00e7\u00e3o, lavamos os p\u00e9s uns dos outros, lembrando-nos do humilde exemplo de servi\u00e7o de Yaohu&#8217;shua.<\/span><br \/><span style=\"font-family: verdana, geneva, sans-serif;\">A Ceia do Senhor e\u0301 uma participac\u0327a\u0303o nos emblemas do corpo e do sangue de Yaohu&#8217;shua, como expressa\u0303o de fe\u0301 nEle, nosso Criador e Salvador. Nesta experie\u0302ncia de comunha\u0303o, Cristo esta\u0301 presente para encontrar-Se com Seu povo e fortalece\u0302-lo. Participando da Ceia, proclamamos alegremente a morte do Messias ate\u0301 que Ele volte. A preparac\u0327a\u0303o envolve o exame de conscie\u0302ncia, o arrependimento e a confissa\u0303o. O Mestre instituiu a cerimo\u0302nia do\u00a0<strong>lava-pe\u0301s<\/strong>\u00a0para representar renovada purificac\u0327a\u0303o, para expressar a disposic\u0327a\u0303o de servir um ao outro em humildade semelhante a\u0300 Ele, e para unir nossos corac\u0327o\u0303es em amor. O Servic\u0327o da Comunha\u0303o e\u0301 franqueado a\u00a0<strong>todos<\/strong>\u00a0os crentes crista\u0303os.<\/span><\/p>\r\n<p style=\"font-weight: 400;\"><span style=\"font-family: verdana, geneva, sans-serif;\">(II Co 10:16, 17; 11:23-30; Mt 26:17-30; Ap 3:20; Jo 6:48-63; 13:1-17.)<\/span><\/p>\r\n<p style=\"font-weight: 400;\"><\/p>\r\n<p style=\"font-weight: 400; text-align: center;\"><span style=\"font-family: verdana, geneva, sans-serif;\"><b>A ORDENAN\u00c7A DO LAVA-P\u00c9S &#8211; UM MANDAMENTO DADO PELO CRIADOR<\/b><\/span><\/p>\r\n<ol>\r\n<li><span style=\"font-family: verdana, geneva, sans-serif;\">No cen\u00e1culo Yaohu&#8217;shua deu um novo mandamento \u00e0 Kehil\u00e1h&#8230;<\/span><\/li>\r\n<li><span style=\"font-family: verdana, geneva, sans-serif;\">&#8220;<em>V\u00f3s deveis lavar os p\u00e9s uns dos outros<\/em>&#8221; ordenou o Mestre&#8230;<\/span><\/li>\r\n<li><span style=\"font-family: verdana, geneva, sans-serif;\">E para tornar a ordem mais enf\u00e1tica, Ele acrescentou: &#8220;<em>Porque Eu vos dei o exemplo, para que, como Eu voz fiz fa\u00e7ais v\u00f3s tamb\u00e9m<\/em>&#8221; (Jo. 13:14,15).<\/span><\/li>\r\n<li><span style=\"font-family: verdana, geneva, sans-serif;\">Foi muito humilhante para os disc\u00edpulos verem o Mestre tomar a posi\u00e7\u00e3o de um servo ao lavar-lhes os p\u00e9s&#8230;<\/span><\/li>\r\n<li><span style=\"font-family: verdana, geneva, sans-serif;\">Por\u00e9m, fazendo isto, Yaohu&#8217;shua estava-lhes ensinando algumas li\u00e7\u00f5es muito importantes.<\/span><\/li>\r\n<li><span style=\"font-family: verdana, geneva, sans-serif;\">Li\u00e7\u00f5es que deveriam ser memorizadas e vividas por todos os seguidores de Cristo atrav\u00e9s dos s\u00e9culos por vir.<\/span><\/li>\r\n<li><span style=\"font-family: verdana, geneva, sans-serif;\">Nesta ocasi\u00e3o Yaohu&#8217;shua estava estabelecendo a pr\u00e1tica da cerim\u00f4nia do lava-p\u00e9s como um servi\u00e7o religioso.<\/span><\/li>\r\n<li><span style=\"font-family: verdana, geneva, sans-serif;\">Atrav\u00e9s de Seu ato &#8220;esta cerim\u00f4nia tornou-se uma ordenan\u00e7a consagrada&#8230;&#8221;<\/span><\/li>\r\n<li><span style=\"font-family: verdana, geneva, sans-serif;\">E esta ordenan\u00e7a &#8220;devia ser observada pelos disc\u00edpulos, a fim de poderem conservar sempre em mente&#8221; as &#8220;li\u00e7\u00f5es de humildade e servi\u00e7o&#8221; ensinadas pelo Mestre.<\/span><\/li>\r\n<li><span style=\"font-family: verdana, geneva, sans-serif;\">Aos olhos de Yaohu&#8217;shua a verdadeira grandeza \u00e9 a grandeza da humildade!<\/span><\/li>\r\n<li><span style=\"font-family: verdana, geneva, sans-serif;\">A pessoa humilde coloca a sua inteira depend\u00eancia no ETERNO&#8230;<\/span><\/li>\r\n<li><span style=\"font-family: verdana, geneva, sans-serif;\">Esta \u00e9 a raiz de toda virtude.<\/span><\/li>\r\n<li><span style=\"font-family: verdana, geneva, sans-serif;\">Por\u00e9m, a perda da humildade conduz ao orgulho, que \u00e9 a raiz de todo o ma; de todo pecado&#8230;<\/span><\/li>\r\n<li><span style=\"font-family: verdana, geneva, sans-serif;\">Foi atrav\u00e9s do orgulho que o pecado manchou o universo!<\/span><\/li>\r\n<li><span style=\"font-family: verdana, geneva, sans-serif;\">Foi o orgulho que tornou a reden\u00e7\u00e3o necess\u00e1ria.<\/span><\/li>\r\n<li><span style=\"font-family: verdana, geneva, sans-serif;\">\u00c9 justamente por causa do orgulho, al\u00e9m de outras coisas que precisamos de um Redentor&#8230;<\/span><\/li>\r\n<\/ol>\r\n<p><span style=\"font-family: verdana, geneva, sans-serif;\"><strong>Nota de o Caminho<\/strong>: O ORGULHO \u00e9 um companheiro insepar\u00e1vel do EGO\u00cdSMO!!!<\/span><\/p>\r\n<ol>\r\n<li><span style=\"font-family: verdana, geneva, sans-serif;\">Ser humilde significa confiar no ETERNO durante todo o tempo de nossas vidas.<\/span><\/li>\r\n<li><span style=\"font-family: verdana, geneva, sans-serif;\">Esta confian\u00e7a n\u00e3o pode existir onde h\u00e1 orgulho.<\/span><\/li>\r\n<li><span style=\"font-family: verdana, geneva, sans-serif;\">Poucos conseguem ver que a humildade e a f\u00e9 est\u00e3o muito ligadas nas Escrituras.<\/span><\/li>\r\n<li><span style=\"font-family: verdana, geneva, sans-serif;\">Yaohu&#8217;shua deixou isso bem claro!<\/span><\/li>\r\n<li><span style=\"font-family: verdana, geneva, sans-serif;\">Em duas ocasi\u00f5es Ele mencionou que a humildade \u00e9 uma aliada da f\u00e9 verdadeira&#8230;<\/span><\/li>\r\n<li><span style=\"font-family: verdana, geneva, sans-serif;\">Uma, foi quando curou o criado do centuri\u00e3o.<\/span><\/li>\r\n<li><span style=\"font-family: verdana, geneva, sans-serif;\">O centuri\u00e3o declarou: &#8220;<em>Mestre, n\u00e3o sou digno de que entres em minha casa<\/em>&#8221; (Mt 8:8).<\/span><\/li>\r\n<li><span style=\"font-family: verdana, geneva, sans-serif;\">Outra vez ocorreu com a mulher siro-fen\u00edcia&#8230;<\/span><\/li>\r\n<li><span style=\"font-family: verdana, geneva, sans-serif;\">Ela, humildemente, se compara \u00e0 um cachorro dizendo: &#8220;Sim, Mestre mas os cachorrinhos, debaixo da mesa, comem das migalhas das crian\u00e7as&#8221; (Mc 7:28).<\/span><\/li>\r\n<li><span style=\"font-family: verdana, geneva, sans-serif;\">Como resultado de sua atitude, Yaohu&#8217;shua lhe respondeu: &#8220;Por causa desta palavra, podes ir; o dem\u00f4nio j\u00e1 saiu de tua filha&#8221; (Mc 7:29).<\/span><\/li>\r\n<li><span style=\"font-family: verdana, geneva, sans-serif;\">A humildade leva a pessoa a reconhecer que n\u00e3o \u00e9 nada diante do ETERNO.<\/span><\/li>\r\n<li><span style=\"font-family: verdana, geneva, sans-serif;\">Ela remove as dificuldades que prejudicam a f\u00e9 e produz plena confian\u00e7a no ETERNO.<\/span><\/li>\r\n<li><span style=\"font-family: verdana, geneva, sans-serif;\">A falta de humildade, por\u00e9m, impede-nos de ter uma &#8220;f\u00e9 que opera&#8221;&#8230;<\/span><\/li>\r\n<li><span style=\"font-family: verdana, geneva, sans-serif;\">A primeira coisa a ser aprendida por todos os que desejam, tornar-se coobreiros do ETERNO \u00e9 a desconfian\u00e7a de si mesmos&#8230;<\/span><\/li>\r\n<li><span style=\"font-family: verdana, geneva, sans-serif;\">As pessoas que aceitam este conselho acham-se ent\u00e3o preparadas para receberem o car\u00e1ter de Cristo.<\/span><\/li>\r\n<li><span style=\"font-family: verdana, geneva, sans-serif;\">A ordenan\u00e7a do lava-p\u00e9s \u00e9 designada para manter-nos em nosso devido lugar.<\/span><\/li>\r\n<li><span style=\"font-family: verdana, geneva, sans-serif;\">Temos a tend\u00eancia de nos achar mais importante que nosso irm\u00e3o, de pensar apenas em n\u00f3s mesmos, de procurar o lugar mais alto.<\/span><\/li>\r\n<li><span style=\"font-family: verdana, geneva, sans-serif;\">Muitas vezes isto causa sentimentos de suspeita e amargura de esp\u00edrito&#8230;<\/span><\/li>\r\n<li><span style=\"font-family: verdana, geneva, sans-serif;\">A cerim\u00f4nia do lava-p\u00e9s deve remover estes sentimentos.<\/span><\/li>\r\n<li><span style=\"font-family: verdana, geneva, sans-serif;\">Deve tirar-nos de nosso ego\u00edsmo.<\/span><\/li>\r\n<li><span style=\"font-family: verdana, geneva, sans-serif;\">Deve levar-nos a abandonar o desejo de exalta\u00e7\u00e3o pr\u00f3pria.<\/span><\/li>\r\n<li><span style=\"font-family: verdana, geneva, sans-serif;\">Deve levar-nos \u00e0 humildade de cora\u00e7\u00e3o conduzindo-nos a servir nosso irm\u00e3o.<\/span><\/li>\r\n<li><span style=\"font-family: verdana, geneva, sans-serif;\">Encontramos, por\u00e9m, um outro resultado da humildade.<\/span><\/li>\r\n<li><span style=\"font-family: verdana, geneva, sans-serif;\">O Mestre poderia fazer muito mais por Seu povo, se este acalentasse a verdadeira humildade&#8230;<\/span><\/li>\r\n<li><span style=\"font-family: verdana, geneva, sans-serif;\">Portanto, o orgulho nos leva a perder grandes b\u00ean\u00e7\u00e3os&#8230;<\/span><\/li>\r\n<li><span style=\"font-family: verdana, geneva, sans-serif;\">A cerim\u00f4nia do lava-p\u00e9s realizada no verdadeiro esp\u00edrito de humildade, desenvolve em nossa vida um sentimento de comunidade&#8230;<\/span><\/li>\r\n<li><span style=\"font-family: verdana, geneva, sans-serif;\">Sua constante li\u00e7\u00e3o ser\u00e1: &#8216;servi-vos uns aos outros pela caridade&#8217; (Gl 5:13)&#8230;<\/span><\/li>\r\n<li><span style=\"font-family: verdana, geneva, sans-serif;\">Sempre que esta ordenan\u00e7a \u00e9 devidamente celebrada, os filhos do ETERNO s\u00e3o levados a uma santa rela\u00e7\u00e3o uns para com os outros, para se ajudar e beneficiar-se mutuamente.<\/span><\/li>\r\n<li><span style=\"font-family: verdana, geneva, sans-serif;\">Chegamos, portanto, \u00e0 conclus\u00e3o de que participar desta cerim\u00f4nia representa muito mais do que imaginamos&#8230;<\/span><\/li>\r\n<li><span style=\"font-family: verdana, geneva, sans-serif;\">Ela \u00e9 um servi\u00e7o de limpeza.<\/span><\/li>\r\n<li><span style=\"font-family: verdana, geneva, sans-serif;\">Ao participar dela devemos saber que as sujeiras do pecado s\u00e3o lavadas e nos tornamos limpos&#8230;<\/span><\/li>\r\n<li><span style=\"font-family: verdana, geneva, sans-serif;\">Parar para lavar os p\u00e9s de nosso irm\u00e3o tamb\u00e9m significa que aceitamos o conselho: &#8220;preferindo-vos em honra uns aos outros [&#8230;ponham os outros sempre em primeiro lugar]&#8221; (Rm 12:10).<\/span><\/li>\r\n<li><span style=\"font-family: verdana, geneva, sans-serif;\">Nossa humildade diante de nosso semelhante demonstra nossa humildade diante do Criador!<\/span><\/li>\r\n<li><span style=\"font-family: verdana, geneva, sans-serif;\">Finalmente, esta cerim\u00f4nia tamb\u00e9m \u00e9 uma demonstra\u00e7\u00e3o de nosso desejo de servir ao nosso pr\u00f3ximo.<\/span><\/li>\r\n<li><span style=\"font-family: verdana, geneva, sans-serif;\">Ela demonstra que estamos dispostos a dar de n\u00f3s mesmos pelos outros.<\/span><\/li>\r\n<li><span style=\"font-family: verdana, geneva, sans-serif;\">Agindo assim, estaremos seguindo os passos do Mestre, que andou fazendo o bem; sendo uma b\u00ean\u00e7\u00e3o aonde quer que fosse&#8230;<\/span><\/li>\r\n<li><span style=\"font-family: verdana, geneva, sans-serif;\">Aquele que era servido por todos na gl\u00f3ria celestial, veio e tornou-Se servo de todos&#8230;<\/span><\/li>\r\n<li><span style=\"font-family: verdana, geneva, sans-serif;\">Se quisermos imit\u00e1-lo e sentir a alegria de ver almas redimidas, precisamos seguir-lhe o exemplo de abnega\u00e7\u00e3o e humildade.<\/span><\/li>\r\n<\/ol>\r\n<p>&nbsp;<\/p>\r\n<p style=\"text-align: center;\"><span style=\"font-family: verdana, geneva, sans-serif;\"><strong>Refutando \u201crefuta\u00e7\u00f5es\u201d<\/strong><\/span><\/p>\r\n<p style=\"text-align: center;\"><span style=\"font-family: verdana, geneva, sans-serif;\"><b>POR QUE O LAVA P\u00c9S N\u00c3O \u00c9 UMA ORDENAN\u00c7A DA IGREJA?<\/b><\/span><\/p>\r\n<p><span style=\"font-family: verdana, geneva, sans-serif;\">Damos seis raz\u00f5es [refuta\u00e7\u00e3o em it\u00e1lico]:<\/span><\/p>\r\n<ol>\r\n<li><span style=\"font-family: verdana, geneva, sans-serif;\">CRISTO N\u00c3O O INSTITUIU COMO UMA ORDENAN\u00c7A DA IGREJA<\/span><\/li>\r\n<\/ol>\r\n<p><span style=\"font-family: verdana, geneva, sans-serif;\">\u00c9 verdade que Cristo lavou os p\u00e9s aos Seus disc\u00edpulos na mesma noite em que Ele instituiu o memorial da Ceia. E \u00e9 verdade que Ele mandou Seus disc\u00edpulos lavarem os p\u00e9s uns dos outros; mas tanto no exemplo como na ordem\u00a0<strong>n\u00e3o h\u00e1 nada<\/strong>\u00a0que indique que a lavagem dos p\u00e9s seja ordenada tamb\u00e9m para a igreja. Tinha ha ver com o dever do hospedeiro ou hospedaria para com o h\u00f3spede, judaico.<\/span><\/p>\r\n<p><span style=\"font-family: verdana, geneva, sans-serif;\"><em>Se assim o fosse, a passagem n\u00e3o terminaria com &#8230;\u201dfa\u00e7am como Eu voz fiz; Agora que sabem estas coisas, ser\u00e3o felizes se as praticarem\u201d \u2013 Jo 13:14-17. Perguntamos: O Messias, na Cria\u00e7\u00e3o, tinha necessidade de \u201cdescansar\u201d? Era necess\u00e1rio que o Messias descesse \u00e0s \u00e1guas (imers\u00e3o)? N\u00c3O!!! Cada vez que Ele fez semelhantes coisas, o FEZ para nos dar exemplo, assim como nesta passagem&#8230;<\/em><\/span><\/p>\r\n<ol>\r\n<li><span style=\"font-family: verdana, geneva, sans-serif;\">AS EP\u00cdSTOLAS DO NOVO TESTAMENTO N\u00c3O O APRESENTAM COMO ORDENAN\u00c7A DA IGREJA<\/span><\/li>\r\n<\/ol>\r\n<p><span style=\"font-family: verdana, geneva, sans-serif;\">Nessas ep\u00edstolas temos amplas instru\u00e7\u00f5es a respeito do batismo e da Ceia do Messias, mas nenhuma palavra sobre o lava p\u00e9s como uma ordenan\u00e7a \u00e0 igreja. Isto \u00e9 prova t\u00e3o certa que as igrejas do Novo Testamento n\u00e3o praticam o lava p\u00e9s na capacidade de igrejas como um sil\u00eancio correspondente \u00e9 prova que elas n\u00e3o reconheceram um Papa, nem adoraram imagens, nem oraram a Maria, nem confessaram os seus pecados a um sacerdote, nem praticaram a extrema un\u00e7\u00e3o.<\/span><\/p>\r\n<p><span style=\"font-family: verdana, geneva, sans-serif;\"><em>&#8230; Nem imergiram em Nome de uma trindade; nem guardaram o domingo; nem comemoraram o natal em 25 de dezembro; como fazem os evang\u00e9licos de hoje! Tudo isto TAMB\u00c9M n\u00e3o est\u00e1 escrito no chamado NT e os evang\u00e9licos o fazem, seguindo seus\u00a0 l\u00edderes que insistem em determinar \u201cdoutrinas de homens\u201d.<\/em><\/span><\/p>\r\n<p><span style=\"font-family: verdana, geneva, sans-serif;\">III. O LAVA P\u00c9S MODERNO N\u00c3O \u00c9 UM ATO TAL COMO O QUE CRISTO EXECUTOU<\/span><\/p>\r\n<p><span style=\"font-family: verdana, geneva, sans-serif;\">Cristo realizou e mandou um ato de servi\u00e7o, mas a lavagem dos p\u00e9s de uns aos outros n\u00e3o \u00e9 mais um ato de servi\u00e7o. Todos aqueles que est\u00e3o mesmo remotamente familiarizados com os costumes dos tempos quando Yaohu&#8217;shua andou por este mundo, sabem que o povo naquela \u00e9poca usava sand\u00e1lias soltas comuns. Isto causava a lavagem dos p\u00e9s muito frequentes, necess\u00e1ria por causa tanto do conforto como da limpeza. Um dos primeiros deveres do hospedeiro ou da hospedeira, \u00e0 chegada de um hospede, era pelo menos prover \u00e1gua para a lavagem dos p\u00e9s, porque era muito desconfort\u00e1vel e desagrad\u00e1vel sentar-se com a poeira e a areia apanhadas nos p\u00e9s e nas sand\u00e1lias ao palmilhar o h\u00f3spede a caminhada. Cristo mandou aos Seus seguidores fazerem mais que prover \u00e1gua: mandou-os lavarem atualmente os p\u00e9s uns aos outros. Era para realizarem assim um ato de servi\u00e7o humilde. Mas, por causa da mudan\u00e7a de cal\u00e7ado, o lava p\u00e9s de uns para com os outros hoje (salvo nos casos de enfermidade, morte, ou alguma emerg\u00eancia) n\u00e3o \u00e9 mais um ato de servi\u00e7o; nada mais que uma pe\u00e7a de formalidade desnecess\u00e1ria e sem sentido. Seria tido como um insulto (e justamente assim) oferecer-se algu\u00e9m hoje para lavar os p\u00e9s de um h\u00f3spede, pois tal implicaria que o hospede era muito desmazelado com a higiene corporal. Insistir que o mandamento de Cristo ainda est\u00e1 vigente literalmente, quando n\u00e3o h\u00e1 mais necessidade do ato \u00e9 perder o verdadeiro sentido do Seu mandamento. \u00c9 exaltar a letra \u00e0 custa do esp\u00edrito. Para seguirmos o esp\u00edrito do mandamento de Cristo realizemos atos reais de servi\u00e7o uns pelos outros.<\/span><\/p>\r\n<p><span style=\"font-family: verdana, geneva, sans-serif;\"><em>Jo 13:10 \u2013 \u201cRespondeu-lhe Yaohu&#8217;shua: Aquele que se banhou n\u00e3o necessita de lavar sen\u00e3o os p\u00e9s, pois no mais est\u00e1 todo limpo;\u00a0<strong>e v\u00f3s estais limpos, mas n\u00e3o todos\u201d<\/strong>. Evidente que Yaohu&#8217;shua n\u00e3o falava da \u201cpoeira dos p\u00e9s\u201d; mas estava atribuindo um valor espiritual, e isto, aplica-se \u00e0 Kehil\u00e1h!!!<\/em><\/span><\/p>\r\n<ol>\r\n<li><span style=\"font-family: verdana, geneva, sans-serif;\">OS CRENTES DO NOVO TESTAMENTO PRATICAVAM O LAVA P\u00c9S COMO UMA MAT\u00c9RIA INDIVIDUAL, NO LAR<\/span><\/li>\r\n<\/ol>\r\n<p><span style=\"font-family: verdana, geneva, sans-serif;\">Prova disto se acha em I Tm 5:10. Este\u00a0 verso d\u00e1 algumas das qualifica\u00e7\u00f5es de vi\u00favas que eram dignas de receber aux\u00edlio material da igreja. Cada uma dessas vi\u00favas deve &#8220;ter lavado os p\u00e9s dos santos&#8221;.\u00a0 Agora, se a igreja em \u00c9feso (a que Tim\u00f3teo estava ministrando ao tempo em que recebeu esta carta) tinha estado praticando o lava p\u00e9s \u201ccomo igreja\u201d, cada membro da igreja podia ter cumprido esta qualifica\u00e7\u00e3o e sua men\u00e7\u00e3o entre as qualifica\u00e7\u00f5es de vi\u00favas que estavam merecendo seria, portanto, desnecess\u00e1ria e sem sentido. A men\u00e7\u00e3o do lava p\u00e9s nesta conex\u00e3o mostra conclusivamente como os crentes do Novo Testamento consideravam o mandamento de Cristo. Eles o consideraram como mat\u00e9ria individual pertencente especialmente ao lar. Estava em n\u00edvel com a cria\u00e7\u00e3o de crian\u00e7as, alojamento de estrangeiros, al\u00edvio dos aflitos, etc.<\/span><\/p>\r\n<p><span style=\"font-family: verdana, geneva, sans-serif;\"><em>Perguntamos: porque Sha\u2019ul relembrou os passos da Ceia institu\u00edda por Yaohu&#8217;shua (I Co 11:22-26) e nada falou sobre o lava-p\u00e9s? Leia o vs. 22 &#8211; N\u00e3o tendes porventura casas onde comer e beber? Ou desprezais a igreja do Criador, e envergonhais os que nada t\u00eam? Que vos direi? Louvar-vos-ei? Nisto n\u00e3o vos louvo! Portanto, aqui percebemos que a dificuldade deles n\u00e3o era o lava-p\u00e9s (se fosse, certamente Sha\u2019ul tamb\u00e9m haveria de instru\u00ed-los neste ponto), mas sim de como proceder-se na Santa Ceia. A Santa Ceia n\u00e3o era praticada como uma ceia cujo objetivo \u00e9 alimentar-se [alimentos materiais], mas sim como um memorial da morte e ressurrei\u00e7\u00e3o do Messias. Portanto, S\u00d3 porque n\u00e3o falou sobre o lava-p\u00e9s, isto n\u00e3o significa que eles n\u00e3o o praticavam mais&#8230;<\/em><\/span><\/p>\r\n<ol>\r\n<li><span style=\"font-family: verdana, geneva, sans-serif;\">O LAVA P\u00c9S MODERNO N\u00c3O MOSTRA HUMILDADE<\/span><\/li>\r\n<\/ol>\r\n<p><span style=\"font-family: verdana, geneva, sans-serif;\">N\u00e3o obstante tudo que temos dito, algu\u00e9m pode dizer: &#8220;Sim, mas quando lavamos os p\u00e9s uns dos outros, mostramos nossa humildade&#8221;.\u00a0 Isso traz \u00e0 mente uma hist\u00f3ria pertinente. Um homem veio ao seu pastor e disse: &#8220;Pastor, creio que sois um bom homem e pregais alguns excelentes serm\u00f5es; mas parece que faltais na humildade.&#8221; O pastor lhe disse: &#8220;Talvez esteja eu faltando em humildade. De fato, muitas vezes sinto que o estou; mas suponho que sois homem humilde.&#8221; O homem replicou:\u00a0 &#8220;por certo que sou e dou-me por mostr\u00e1-lo tamb\u00e9m.&#8221; Qual dos dois era mais humilde, o pastor que reconheceu sua falta ou o outro que se orgulhava e buscava exibir?\u00a0 Moral: A suposta humildade v\u00e3mente exibida \u00e9 uma esp\u00e9cie de orgulho [falsa mod\u00e9stia].<\/span><\/p>\r\n<p><span style=\"font-family: verdana, geneva, sans-serif;\"><em>E SOMENTE por causa desta pertinente \u2018est\u00f3ria\u2019, podemos JULGAR o car\u00e1ter de cada um que participa desta institui\u00e7\u00e3o? Podemos ent\u00e3o JULGAR se a pessoa que est\u00e1 participando da Santa Ceia, o faz de cora\u00e7\u00e3o ou apenas para cumprir uma celebra\u00e7\u00e3o perante a igreja?<\/em><\/span><\/p>\r\n<ol>\r\n<li><span style=\"font-family: verdana, geneva, sans-serif;\">O LAVA P\u00c9S MODERNO N\u00c3O SIMBOLIZA NENHUMA VERDADE ESPIRITUAL<\/span><\/li>\r\n<\/ol>\r\n<p><span style=\"font-family: verdana, geneva, sans-serif;\">Portanto, o lava p\u00e9s \u00e9 totalmente diverso do batismo e da Ceia do Messias e n\u00e3o merece lugar como uma ordenan\u00e7a da igreja.<\/span><\/p>\r\n<p><span style=\"font-family: verdana, geneva, sans-serif;\"><strong><em>&#8230;e v\u00f3s estais limpos, mas n\u00e3o todos.\u00a0<\/em><\/strong><em>(Jo 13:10). Se, Yaohu&#8217;shua estava falando de Yaohu\u2019d\u00e1h (Judas), fica evidente que sim; o lava-p\u00e9s tem um sentido espiritual e nada tem a ver com um ritual de limpeza f\u00edsica, como querem estes ab\u2019rogadores!<\/em><\/span><\/p>\r\n<p><span style=\"font-family: verdana, geneva, sans-serif;\">Cristo disse: &#8220;Se eu te n\u00e3o lavar, n\u00e3o tens parte comigo&#8221;. \u00c9 Cristo que nos lava a todos [portanto, se o \u201critual\u201d continua v\u00e1lido, cabe ao \u201cpastor\u201d da igreja lavar os p\u00e9s dos membros da oholy\u00e1o] e n\u00e3o n\u00f3s que lavamos uns aos outros. Portanto, a lavagem rec\u00edproca dos p\u00e9s n\u00e3o pode ter significado espiritual.<\/span><\/p>\r\n<p><span style=\"font-family: verdana, geneva, sans-serif;\"><em>Por\u00e9m Ele disse: Ora, se eu, o Criador e Mestre, vos lavei os p\u00e9s, tamb\u00e9m v\u00f3s deveis lavar os p\u00e9s\u00a0<strong>uns aos outros (vs. 14)<\/strong>. Porque eu vos dei exemplo, para que, como eu vos fiz, fa\u00e7ais v\u00f3s tamb\u00e9m. Portanto, na B\u00edblia destes ab\u2019rogadores sat\u00e2nicos, aparentemente n\u00e3o tem este vs.<\/em><\/span><\/p>\r\n<p>&nbsp;<\/p>\r\n<p><span style=\"font-family: verdana, geneva, sans-serif;\"><strong>Conclus\u00e3o<\/strong>:<\/span><\/p>\r\n<ol>\r\n<li><span style=\"font-family: verdana, geneva, sans-serif;\">A ordenan\u00e7a do lava-p\u00e9s foi institu\u00edda por Yaohu&#8217;shua como uma ajuda na prepara\u00e7\u00e3o espiritual para a Santa Ceia. Sha\u2019ul nos alertou que dever\u00edamos estar aptos a participar da Santa Ceia (I Co 11:28); e, certamente o Lava-p\u00e9s nos ajuda nesta reflex\u00e3o&#8230; Aplique antes, Mt 18:15-17 em sua vida!<\/span><\/li>\r\n<li><span style=\"font-family: verdana, geneva, sans-serif;\">Ela \u00e9 uma ocasi\u00e3o muito especial para um exame pr\u00f3prio, para recome\u00e7ar a vida com Cristo&#8230;<\/span><\/li>\r\n<li><span style=\"font-family: verdana, geneva, sans-serif;\">Ela \u00e9 um tempo para renova\u00e7\u00e3o do voto batismal&#8230;<\/span><\/li>\r\n<li><span style=\"font-family: verdana, geneva, sans-serif;\">Qu\u00e3o facilmente escorregamos de volta aos velhos h\u00e1bitos e nos tornamos descuidosos na vida crist\u00e3&#8230;<\/span><\/li>\r\n<li><span style=\"font-family: verdana, geneva, sans-serif;\">Precisamos fazer estes exames pessoais periodicamente a fim de avaliarmos se estamos crescendo na gra\u00e7a, se estamos abandonando o orgulho&#8230;<\/span><\/li>\r\n<li><span style=\"font-family: verdana, geneva, sans-serif;\">Quando lavamos os p\u00e9s uns dos outros devemos sentir o amor de Cristo prevalecendo&#8230;<\/span><\/li>\r\n<li><span style=\"font-family: verdana, geneva, sans-serif;\">Humildemente nos unimos uns aos outros e ao nosso Pai Celestial&#8230;<\/span><\/li>\r\n<li><span style=\"font-family: verdana, geneva, sans-serif;\">Assim, o alto e o baixo, o rico e o pobre, o branco e o negro, o servo e o mestre, o erudito e o n\u00e3o-alfabetizado, todos somos iguais diante do ETERNO&#8230;<\/span><\/li>\r\n<li><span style=\"font-family: verdana, geneva, sans-serif;\">Todos s\u00e3o pecadores salvos pela gra\u00e7a, n\u00e3o tendo nada que nos possa recomendar diante do Criador, a n\u00e3o ser nossas grandes necessidades&#8230;<\/span><\/li>\r\n<\/ol>\r\n<p><span style=\"font-family: verdana, geneva, sans-serif;\"><strong>Nota Final de oCaminho<\/strong>: Quando descemos \u00e0s \u00e1guas (imers\u00e3o) estamos aptos \u00e0 Vida Eterna; por\u00e9m, ao sairmos da \u00e1gua, voltamos a pisar no mundo (Egito) e \u00e9 por isto que antes da Santa Ceia, lavamos os nossos p\u00e9s&#8230; e, ao fazermos um pelos outros, estamos seguindo o exemplo do nosso humilde Messias. Amnao!<\/span><\/p>\r\n<p><span style=\"font-family: verdana, geneva, sans-serif;\"><strong>Saiba Mais:<\/strong><\/span><\/p>\r\n<p><span style=\"font-family: verdana, geneva, sans-serif;\"><strong><em><a href=\"http:\/\/wp.cyocaminho.org\/index.php\/model-47\/\">A verdadeira P\u00e1scoa crist\u00e3<\/a><\/em><\/strong><\/span><\/p>\r\n<p><span style=\"font-family: verdana, geneva, sans-serif;\"><strong><em><a href=\"http:\/\/wp.cyocaminho.org\/index.php\/model-53\/\">Santa Ceia: Quem pode participar?<\/a><\/em><\/strong><\/span><\/p>\r\n<p><span style=\"font-family: verdana, geneva, sans-serif;\"><strong><em><a href=\"http:\/\/wp.cyocaminho.org\/index.php\/model-54\/\">S\u00e1bado ou Domingo?<\/a><\/em><\/strong><\/span><\/p>\r\n<p><span style=\"font-family: verdana, geneva, sans-serif;\"><strong><em><a href=\"http:\/\/wp.cyocaminho.org\/index.php\/model-56\/\">Perdeu-se no tempo, o S\u00e1bado?<\/a><\/em><\/strong><\/span><\/p>\r\n<p><span style=\"font-family: verdana, geneva, sans-serif;\"><strong><em><a href=\"http:\/\/wp.cyocaminho.org\/index.php\/model-57\/\">S\u00e1bado Semanal ou S\u00e1bado Lunar?<\/a><\/em><\/strong><\/span><\/p>\r\n<p><span style=\"font-family: verdana, geneva, sans-serif;\"><strong><em><a href=\"http:\/\/wp.cyocaminho.org\/index.php\/model-58\/\">As Festas Escritur\u00edsticas continuam v\u00e1lidas?<\/a><\/em><\/strong><\/span><\/p>\r\n<p><span style=\"font-family: verdana, geneva, sans-serif;\"><strong><i><a href=\"http:\/\/wp.cyocaminho.org\/index.php\/model-39\/\">Natal em 25 de dezembro?<\/a><\/i><\/strong><\/span><\/p>\r\n<p><span style=\"font-family: verdana, geneva, sans-serif;\"><strong><i><a href=\"http:\/\/wp.cyocaminho.org\/index.php\/model-40\/\">Em que \u00e9poca do ano Yaohushua nasceu?<\/a><\/i><\/strong><\/span><\/p>\r\n<p style=\"font-weight: 400;\"><span style=\"font-family: verdana, geneva, sans-serif;\"><strong><i><a href=\"http:\/\/wp.cyocaminho.org\/index.php\/model-6\/\">Quarta ou sexta-feira?<\/a><\/i><\/strong><\/span><\/p>\r\n<p style=\"text-align: center;\"><b><span style=\"color: #808080; font-family: Verdana;\"> <a href=\"http:\/\/wp.cyocaminho.org\/index.php\/principal-6\/\"><span style=\"color: #808080;\"> <marquee>Seja um Rosh (l\u00edder Congregacional); fa\u00e7a o CTA: Curso de Teologia Aplicada &#8211; CLIC!<\/marquee><\/span><\/a><\/span><\/b><\/p>\r\n<p><strong>D\u00favidas:<\/strong><\/p>\r\n<!-- \/wp:post-content -->\r\n\r\n<!-- wp:shortcode -->\r\n\t\t\t<link rel=\"stylesheet\" property=\"stylesheet\" href=\"https:\/\/overboyaohushua.com\/wp-content\/plugins\/happyforms\/bundles\/css\/frontend.css\" \/>\n\t\t\t\t<!-- HappyForms CSS variables -->\n\t<style>\n\t#happyforms-54 {\n\t\t--happyforms-part-title-font-size: 16px;\n--happyforms-part-description-font-size: 14px;\n--happyforms-part-value-font-size: 16px;\n--happyforms-submit-button-font-size: 18px;\n--happyforms-color-primary: #000000;\n--happyforms-color-success-notice: #ebf9f0;\n--happyforms-color-success-notice-text: #1eb452;\n--happyforms-color-error: #ff7550;\n--happyforms-color-error-notice: #ffeeea;\n--happyforms-color-error-notice-text: #f23000;\n--happyforms-color-part-title: #000000;\n--happyforms-color-part-value: #000000;\n--happyforms-color-part-placeholder: #888888;\n--happyforms-color-part-description: #454545;\n--happyforms-color-part-border: #dbdbdb;\n--happyforms-color-part-border-focus: #407fff;\n--happyforms-color-part-background: #ffffff;\n--happyforms-color-part-background-focus: #ffffff;\n--happyforms-color-submit-background: #407fff;\n--happyforms-color-submit-background-hover: #3567cc;\n--happyforms-color-submit-border: transparent;\n--happyforms-color-submit-text: #ffffff;\n--happyforms-color-submit-text-hover: #ffffff;\n--happyforms-color-table-row-odd: #fcfcfc;\n--happyforms-color-table-row-even: #efefef;\n--happyforms-color-table-row-odd-text: #000000;\n--happyforms-color-table-row-even-text: #000000;\n--happyforms-color-dropdown-item-bg: #ffffff;\n--happyforms-color-dropdown-item-text: #000000;\n--happyforms-color-dropdown-item-bg-hover: #dbdbdb;\n--happyforms-color-dropdown-item-text-hover: #000000;\n--happyforms-color-divider-hr: #cccccc;\n--happyforms-color-choice-checkmark-bg: #ffffff;\n--happyforms-color-choice-checkmark-bg-focus: #000000;\n--happyforms-color-choice-checkmark-color: #ffffff;\n\t}\n\t<\/style>\n\t<!-- End of HappyForms CSS variables -->\n\t\t<!-- HappyForms Additional CSS -->\n\t<style data-happyforms-additional-css>\n\t\t<\/style>\n\t<!-- End of HappyForms Additional CSS -->\n\t\t\t<link rel=\"stylesheet\" type=\"text\/css\" href=\"https:\/\/overboyaohushua.com\/wp-content\/plugins\/happyforms\/core\/assets\/css\/no-interaction.css\">\n\t\t<div class=\"happyforms-form happyforms-styles\" id=\"happyforms-54\">\n\t\t\n\t<form action=\"\" id=\"happyforms-form-54\" method=\"post\" novalidate=\"true\" autocomplete=\"off\">\n\t\t\t\t<input type=\"hidden\" name=\"happyforms_random_seed\" value=\"3142285327\" \/>\n\t\t\n\t\t\t<input type=\"hidden\" name=\"action\" value=\"happyforms_message\">\n\t\t\t\t<input type=\"hidden\" name=\"client_referer\" value=\"\">\n\t\t\t\t<input type=\"hidden\" name=\"current_post_id\" value=\"\">\n\t\t\t\t<input type=\"hidden\" name=\"happyforms_form_id\" value=\"54\" \/>\n\t\t\t\t<input type=\"hidden\" name=\"happyforms_step\" value=\"0\" \/>\n\t\n\t\t<div class=\"happyforms-flex\">\n\t\t\t\t<input type=\"text\" name=\"54-number\" style=\"position:absolute;left:-5000px;\" tabindex=\"-1\" autocomplete=\"off\" aria-hidden=\"true\"> <span class=\"screen-reader-text\">Leave this field blank<\/span>\n\t\t\t\t\t\t\t\t\t\t<div class=\"happyforms-form__part happyforms-part happyforms-part--single_line_text happyforms-part--width-full happyforms-part--label-above\" id=\"happyforms-54_single_line_text_1-part\" data-happyforms-type=\"single_line_text\" data-happyforms-id=\"single_line_text_1\" data-happyforms-required=\"\">\n\t<div class=\"happyforms-part-wrap\">\n\t\t\n\t\t\t\t\t\t<div class=\"happyforms-part__label-container\">\n\t\t\t\t<label for=\"happyforms-54_single_line_text_1\" class=\"happyforms-part__label\">\n\t\t\t<span class=\"label\">Nome<\/span>\n\t\t\t\t\t\t\t\t\t\t<span class=\"happyforms-required\"><\/span>\n\t\t\t\t\t\t\t\t\t\t<span class=\"happyforms-optional\">(optional)<\/span>\n\t\t\t\t\t<\/label>\n\t\t\t<\/div>\n\t\t\t\n\t\t\n\t\t<div class=\"happyforms-part__el\">\n\t\t\t\n\t\t\t\n\t\t\t<div class=\"happyforms-input\">\n\t\t\t\t\n\t\t\t\t<input id=\"happyforms-54_single_line_text_1\" type=\"text\" name=\"54_single_line_text_1\" value=\"\" placeholder=\"\" autocomplete=\"off\" spellcheck=\"false\"  autocorrect=\"off\" \/>\n\t\t\t\t\t\t\t<\/div>\n\n\t\t\t\n\t\t\t\n\t\t\t\t\t<\/div>\n\t<\/div>\n<\/div>\n<div class=\"happyforms-part--with-autocomplete happyforms-form__part happyforms-part happyforms-part--email happyforms-part--width-full happyforms-part--label-above\" id=\"happyforms-54_email_7-part\" data-happyforms-type=\"email\" data-happyforms-id=\"email_7\" data-happyforms-required=\"\">\n\t\t<div class=\"happyforms-part-wrap\">\n\t\t\t\t\t\t<div class=\"happyforms-part__label-container\">\n\t\t\t\t<label for=\"happyforms-54_email_7\" class=\"happyforms-part__label\">\n\t\t\t<span class=\"label\">Email<\/span>\n\t\t\t\t\t\t\t\t\t\t<span class=\"happyforms-required\"><\/span>\n\t\t\t\t\t\t\t\t\t\t<span class=\"happyforms-optional\">(optional)<\/span>\n\t\t\t\t\t<\/label>\n\t\t\t<\/div>\n\t\t\t\n\t\t\n\t\t<div class=\"happyforms-part__el\">\n\t\t\t\n\t\t\t\n\t\t\t<div class=\"happyforms-input\">\n\t\t\t\t<input type=\"email\" name=\"54_email_7\" id=\"happyforms-54_email_7\" value=\"\" placeholder=\"\" autocomplete=\"off\" spellcheck=\"false\"  autocorrect=\"off\" \/>\n\t\t\t\t\t\t\t<\/div>\n\n\t\t\t\n\t\t\t\n\t\t\t\t\t<\/div>\n\t<\/div>\n<\/div>\n<div class=\"happyforms-form__part happyforms-part happyforms-part--single_line_text happyforms-part--width-full happyforms-part--label-above\" id=\"happyforms-54_single_line_text_2-part\" data-happyforms-type=\"single_line_text\" data-happyforms-id=\"single_line_text_2\" data-happyforms-required=\"\">\n\t<div class=\"happyforms-part-wrap\">\n\t\t\n\t\t\t\t\t\t<div class=\"happyforms-part__label-container\">\n\t\t\t\t<label for=\"happyforms-54_single_line_text_2\" class=\"happyforms-part__label\">\n\t\t\t<span class=\"label\">Cidade+ Estado<\/span>\n\t\t\t\t\t\t\t\t\t\t<span class=\"happyforms-required\"><\/span>\n\t\t\t\t\t\t\t\t\t\t<span class=\"happyforms-optional\">(optional)<\/span>\n\t\t\t\t\t<\/label>\n\t\t\t<\/div>\n\t\t\t\n\t\t\n\t\t<div class=\"happyforms-part__el\">\n\t\t\t\n\t\t\t\n\t\t\t<div class=\"happyforms-input\">\n\t\t\t\t\n\t\t\t\t<input id=\"happyforms-54_single_line_text_2\" type=\"text\" name=\"54_single_line_text_2\" value=\"\" placeholder=\"\" autocomplete=\"off\" spellcheck=\"false\"  autocorrect=\"off\" \/>\n\t\t\t\t\t\t\t<\/div>\n\n\t\t\t\n\t\t\t\n\t\t\t\t\t<\/div>\n\t<\/div>\n<\/div>\n<div class=\"happyforms-form__part happyforms-part happyforms-part--multi_line_text happyforms-part--width-full happyforms-part--label-above\" id=\"happyforms-54_multi_line_text_6-part\" data-happyforms-type=\"multi_line_text\" data-happyforms-id=\"multi_line_text_6\" data-happyforms-required=\"\">\n\t<div class=\"happyforms-part-wrap\">\n\t\t\t\t\t\t<div class=\"happyforms-part__label-container\">\n\t\t\t\t<label for=\"happyforms-54_multi_line_text_6\" class=\"happyforms-part__label\">\n\t\t\t<span class=\"label\">Mensagem<\/span>\n\t\t\t\t\t\t\t\t\t\t<span class=\"happyforms-required\"><\/span>\n\t\t\t\t\t\t\t\t\t\t<span class=\"happyforms-optional\">(optional)<\/span>\n\t\t\t\t\t<\/label>\n\t\t\t<\/div>\n\t\t\t\n\t\t\n\t\t<div class=\"happyforms-part__el\">\n\t\t\t\n\t\t\t\t\t\t<textarea id=\"happyforms-54_multi_line_text_6\" name=\"54_multi_line_text_6\" rows=\"5\" placeholder=\"\" autocomplete=\"off\" spellcheck=\"false\" autocorrect=\"off\" ><\/textarea>\n\t\t\t\n\t\t\t\n\t\t\t\t\t<\/div>\n\t<\/div>\n<\/div>\n\t\t\t\t\t\t<div class=\"happyforms-form__part happyforms-part happyforms-part--submit\">\n\t\t<button type=\"submit\" class=\"happyforms-submit happyforms-button--submit \">ENVIAR<\/button>\n\t<\/div>\t\t<\/div>\n\n\t\t\t<\/form>\n\n\t<\/div>\n\r\n<!-- \/wp:shortcode --><div style='text-align:left' class='yasr-auto-insert-overall'><\/div><div style='text-align:left' class='yasr-auto-insert-visitor'><\/div>","protected":false},"excerpt":{"rendered":"<p>Santa Ceia Anual, Mensal ou Di\u00e1ria? Existe realmente uma data espec\u00edfica para a celebra\u00e7\u00e3o da Ceia do Mestre Yaohu&#8217;shua? Esta \u00e9 uma das principais quest\u00f5es, relacionadas na Celebra\u00e7\u00e3o da Santa Ceia. \u00a0By\u00a0 David Pereira Tiburcio Filho\u00a0 Edi\u00e7\u00e3o de oCaminho No segundo s\u00e9culo d.Y. e posteriormente, houve consider\u00e1vel diversidade e debate sobre a data em que [&hellip;]<\/p>\n","protected":false},"author":1,"featured_media":0,"parent":0,"menu_order":0,"comment_status":"closed","ping_status":"closed","template":"","meta":{"yasr_overall_rating":0,"yasr_post_is_review":"","yasr_auto_insert_disabled":"","yasr_review_type":"","footnotes":""},"class_list":["post-901","page","type-page","status-publish","hentry"],"yasr_visitor_votes":{"stars_attributes":{"read_only":false,"span_bottom":false},"number_of_votes":0,"sum_votes":0},"_links":{"self":[{"href":"https:\/\/overboyaohushua.com\/index.php\/wp-json\/wp\/v2\/pages\/901","targetHints":{"allow":["GET"]}}],"collection":[{"href":"https:\/\/overboyaohushua.com\/index.php\/wp-json\/wp\/v2\/pages"}],"about":[{"href":"https:\/\/overboyaohushua.com\/index.php\/wp-json\/wp\/v2\/types\/page"}],"author":[{"embeddable":true,"href":"https:\/\/overboyaohushua.com\/index.php\/wp-json\/wp\/v2\/users\/1"}],"replies":[{"embeddable":true,"href":"https:\/\/overboyaohushua.com\/index.php\/wp-json\/wp\/v2\/comments?post=901"}],"version-history":[{"count":0,"href":"https:\/\/overboyaohushua.com\/index.php\/wp-json\/wp\/v2\/pages\/901\/revisions"}],"wp:attachment":[{"href":"https:\/\/overboyaohushua.com\/index.php\/wp-json\/wp\/v2\/media?parent=901"}],"curies":[{"name":"wp","href":"https:\/\/api.w.org\/{rel}","templated":true}]}}